{"id":2177627,"date":"2024-08-28T08:34:12","date_gmt":"2024-08-28T06:34:12","guid":{"rendered":"https:\/\/www.niemibil.se\/?page_id=2177627"},"modified":"2026-09-02T12:21:50","modified_gmt":"2026-09-02T10:21:50","slug":"uppsala","status":"publish","type":"page","link":"https:\/\/www.niemibil.se\/en\/used-cars\/uppsala\/","title":{"rendered":"Used cars in Uppsala"},"content":{"rendered":"<div class=\"builder-reset\">\n\t<section class=\"grid md:grid-cols-2 gap-8 lg:gap-12 text-ink antialiased\">\n\t\t<div class=\"space-y-4\">\n\t\t\t\t\t\t\t<h2 class=\"font-aller font-bold text-2xl lg:text-3xl tracking-tight text-ink\">Hemleverans<\/h2>\n\t\t\t\t\t\t\t\t\t\t<div class=\"space-y-4 text-base text-mute leading-relaxed\"><p>Har du hittat din dr\u00f6mbil p\u00e5 en av v\u00e5ra anl\u00e4ggningar l\u00e4ngre bort fr\u00e5n dig? Var bara lugn, alla bilar p\u00e5 v\u00e5r hemsida kan levereras hem till din d\u00f6rr kring Uppsala \u2013 eller annan plats i Sverige! Du kan \u00e4ven f\u00e5 en digital visning av bilen om det \u00e4r lite f\u00f6r l\u00e5ngt bort f\u00f6r att titta f\u00f6rbi bilhallen.<\/p>\n<\/div>\n\t\t\t\t\t<\/div>\n\t\t\t\t\t<ul class=\"list-none space-y-3 self-center\">\n\t\t\t\t\t\t\t\t\t\t\t\t\t\t<li class=\"flex items-start gap-3 font-semibold text-base\">\n\t\t\t\t\t\t<!-- @license lucide-static v1.16.0 - ISC -->\n<svg class=\"size-5 text-success shrink-0 mt-0.5\" aria-hidden=\"true\" focusable=\"false\"\n  xmlns=\"http:\/\/www.w3.org\/2000\/svg\"\n  width=\"24\"\n  height=\"24\"\n  viewBox=\"0 0 24 24\"\n  fill=\"none\"\n  stroke=\"currentColor\"\n  stroke-width=\"2\"\n  stroke-linecap=\"round\"\n  stroke-linejoin=\"round\"\n>\n  <path d=\"M20 6 9 17l-5-5\" \/>\n<\/svg>\t\t\t\t\t\t<span>Hitta din dr\u00f6mbil p\u00e5 v\u00e5r hemisda<\/span>\n\t\t\t\t\t<\/li>\n\t\t\t\t\t\t\t\t\t\t\t\t\t\t<li class=\"flex items-start gap-3 font-semibold text-base\">\n\t\t\t\t\t\t<!-- @license lucide-static v1.16.0 - ISC -->\n<svg class=\"size-5 text-success shrink-0 mt-0.5\" aria-hidden=\"true\" focusable=\"false\"\n  xmlns=\"http:\/\/www.w3.org\/2000\/svg\"\n  width=\"24\"\n  height=\"24\"\n  viewBox=\"0 0 24 24\"\n  fill=\"none\"\n  stroke=\"currentColor\"\n  stroke-width=\"2\"\n  stroke-linecap=\"round\"\n  stroke-linejoin=\"round\"\n>\n  <path d=\"M20 6 9 17l-5-5\" \/>\n<\/svg>\t\t\t\t\t\t<span>Kontakta oss f\u00f6r digital visning<\/span>\n\t\t\t\t\t<\/li>\n\t\t\t\t\t\t\t\t\t\t\t\t\t\t<li class=\"flex items-start gap-3 font-semibold text-base\">\n\t\t\t\t\t\t<!-- @license lucide-static v1.16.0 - ISC -->\n<svg class=\"size-5 text-success shrink-0 mt-0.5\" aria-hidden=\"true\" focusable=\"false\"\n  xmlns=\"http:\/\/www.w3.org\/2000\/svg\"\n  width=\"24\"\n  height=\"24\"\n  viewBox=\"0 0 24 24\"\n  fill=\"none\"\n  stroke=\"currentColor\"\n  stroke-width=\"2\"\n  stroke-linecap=\"round\"\n  stroke-linejoin=\"round\"\n>\n  <path d=\"M20 6 9 17l-5-5\" \/>\n<\/svg>\t\t\t\t\t\t<span>Vi g\u00e5r tillsammans igenom avtal och finansiering, samt v\u00e4rderar eventuell inbytesbil<\/span>\n\t\t\t\t\t<\/li>\n\t\t\t\t\t\t\t\t\t\t\t\t\t\t<li class=\"flex items-start gap-3 font-semibold text-base\">\n\t\t\t\t\t\t<!-- @license lucide-static v1.16.0 - ISC -->\n<svg class=\"size-5 text-success shrink-0 mt-0.5\" aria-hidden=\"true\" focusable=\"false\"\n  xmlns=\"http:\/\/www.w3.org\/2000\/svg\"\n  width=\"24\"\n  height=\"24\"\n  viewBox=\"0 0 24 24\"\n  fill=\"none\"\n  stroke=\"currentColor\"\n  stroke-width=\"2\"\n  stroke-linecap=\"round\"\n  stroke-linejoin=\"round\"\n>\n  <path d=\"M20 6 9 17l-5-5\" \/>\n<\/svg>\t\t\t\t\t\t<span>Vi signerar tillsammans det digitala k\u00f6peavtalet, f\u00f6r extra trygghet och s\u00e4kerhet<\/span>\n\t\t\t\t\t<\/li>\n\t\t\t\t\t\t\t\t\t\t\t\t\t\t<li class=\"flex items-start gap-3 font-semibold text-base\">\n\t\t\t\t\t\t<!-- @license lucide-static v1.16.0 - ISC -->\n<svg class=\"size-5 text-success shrink-0 mt-0.5\" aria-hidden=\"true\" focusable=\"false\"\n  xmlns=\"http:\/\/www.w3.org\/2000\/svg\"\n  width=\"24\"\n  height=\"24\"\n  viewBox=\"0 0 24 24\"\n  fill=\"none\"\n  stroke=\"currentColor\"\n  stroke-width=\"2\"\n  stroke-linecap=\"round\"\n  stroke-linejoin=\"round\"\n>\n  <path d=\"M20 6 9 17l-5-5\" \/>\n<\/svg>\t\t\t\t\t\t<span>Bilen kontrolleras och levereras hem till din d\u00f6rr!<\/span>\n\t\t\t\t\t<\/li>\n\t\t\t\t\t\t\t<\/ul>\n\t\t\t<\/section>\n<\/div>\n\n\n<div class=\"builder-reset\">\n\t<section class=\"grid md:grid-cols-2 gap-8 lg:gap-12 items-center text-ink antialiased\">\n\t\t<div class=\"space-y-4\">\n\t\t\t\t\t\t\t<h2 class=\"font-aller font-bold text-2xl lg:text-3xl tracking-tight text-ink\">Kvalitet och trygghet<\/h2>\n\t\t\t\t\t\t\t\t\t\t<div class=\"space-y-4 text-base text-mute leading-relaxed [&#038;_a]:underline [&#038;_a]:underline-offset-4 [&#038;_ul]:pl-5 [&#038;_ul]:list-disc [&#038;_strong]:text-ink\"><p>V\u00e5ra begagnade bilar genomg\u00e5r noggranna tester och \u00e5tg\u00e4rder innan de kommer ut till f\u00f6rs\u00e4ljning. V\u00e5r ambition \u00e4r att varje bil \u00e4r i b\u00e4sta m\u00f6jliga skick innan den n\u00e5r bilhallen eller blir tillg\u00e4nglig online. Detta inneb\u00e4r att du kan k\u00e4nna dig trygg med ditt k\u00f6p. Ut\u00f6ver det ing\u00e5r alltid garanti som kan f\u00f6rl\u00e4ngas i upp till fem \u00e5r p\u00e5 en begagnad bil.<\/p>\n<p>Grundl\u00e4ggande trafiks\u00e4kerhetsgaranti ing\u00e5r alltid, och du kan v\u00e4lja till upp till fem \u00e5rs garanti p\u00e5 begagnade bilar.<\/p>\n<\/div>\n\t\t\t\t\t\t\t\t\t\t\t<\/div>\n\t\t\t\t\t<img loading=\"lazy\" decoding=\"async\" width=\"1024\" height=\"768\" src=\"https:\/\/www.niemibil.se\/wp-content\/uploads\/2024\/05\/Tord-Hawsang-1-1024x768.webp\" class=\"w-full h-auto rounded-box\" alt=\"Tord Lundh, Platschef Niemi Bil Uppsala\" srcset=\"https:\/\/www.niemibil.se\/wp-content\/uploads\/2024\/05\/Tord-Hawsang-1-1024x768.webp 1024w, https:\/\/www.niemibil.se\/wp-content\/uploads\/2024\/05\/Tord-Hawsang-1-300x225.webp 300w, https:\/\/www.niemibil.se\/wp-content\/uploads\/2024\/05\/Tord-Hawsang-1-768x576.webp 768w, https:\/\/www.niemibil.se\/wp-content\/uploads\/2024\/05\/Tord-Hawsang-1-1536x1152.webp 1536w, https:\/\/www.niemibil.se\/wp-content\/uploads\/2024\/05\/Tord-Hawsang-1-2048x1536.webp 2048w, https:\/\/www.niemibil.se\/wp-content\/uploads\/2024\/05\/Tord-Hawsang-1-16x12.webp 16w\" sizes=\"auto, (max-width: 1024px) 100vw, 1024px\" \/>\t\t\t<\/section>\n<\/div>\n\n\n<div class=\"builder-reset\">\n\t<section class=\"grid md:grid-cols-2 gap-8 lg:gap-12 text-ink antialiased\">\n\t\t<div class=\"space-y-4\">\n\t\t\t\t\t\t\t<h2 class=\"font-aller font-bold text-2xl lg:text-3xl tracking-tight text-ink\"> Bilverkstad i Uppsala<\/h2>\n\t\t\t\t\t\t\t\t\t\t<div class=\"space-y-4 text-base text-mute leading-relaxed\"><div class=\"elementor-element elementor-element-6d55773 elementor-widget elementor-widget-text-editor\" data-id=\"6d55773\" data-element_type=\"widget\" data-e-type=\"widget\" data-widget_type=\"text-editor.default\">\n<p>Precis intill v\u00e5r f\u00f6rs\u00e4ljningsanl\u00e4ggning finns \u00e4ven v\u00e5r verkstad. H\u00e4r kan vi hj\u00e4lpa till med service och reparationer p\u00e5 alla bilm\u00e4rken.<\/p>\n<p>Vill du l\u00e4gga till n\u00e5gon utrustning i samband med ditt bilk\u00f6p? Eller efter\u00e5t? Det l\u00f6ser vi s\u00e5klart ocks\u00e5!<\/p>\n<\/div>\n<\/div>\n\t\t\t\t\t<\/div>\n\t\t\t\t\t<ul class=\"list-none space-y-3 self-center\">\n\t\t\t\t\t\t\t\t\t\t\t\t\t\t<li class=\"flex items-start gap-3 font-semibold text-base\">\n\t\t\t\t\t\t<!-- @license lucide-static v1.16.0 - ISC -->\n<svg class=\"size-5 text-success shrink-0 mt-0.5\" aria-hidden=\"true\" focusable=\"false\"\n  xmlns=\"http:\/\/www.w3.org\/2000\/svg\"\n  width=\"24\"\n  height=\"24\"\n  viewBox=\"0 0 24 24\"\n  fill=\"none\"\n  stroke=\"currentColor\"\n  stroke-width=\"2\"\n  stroke-linecap=\"round\"\n  stroke-linejoin=\"round\"\n>\n  <path d=\"M20 6 9 17l-5-5\" \/>\n<\/svg>\t\t\t\t\t\t<span>Reparation och service p\u00e5 alla bilm\u00e4rken<\/span>\n\t\t\t\t\t<\/li>\n\t\t\t\t\t\t\t\t\t\t\t\t\t\t<li class=\"flex items-start gap-3 font-semibold text-base\">\n\t\t\t\t\t\t<!-- @license lucide-static v1.16.0 - ISC -->\n<svg class=\"size-5 text-success shrink-0 mt-0.5\" aria-hidden=\"true\" focusable=\"false\"\n  xmlns=\"http:\/\/www.w3.org\/2000\/svg\"\n  width=\"24\"\n  height=\"24\"\n  viewBox=\"0 0 24 24\"\n  fill=\"none\"\n  stroke=\"currentColor\"\n  stroke-width=\"2\"\n  stroke-linecap=\"round\"\n  stroke-linejoin=\"round\"\n>\n  <path d=\"M20 6 9 17l-5-5\" \/>\n<\/svg>\t\t\t\t\t\t<span>D\u00e4ck och d\u00e4ckskiften<\/span>\n\t\t\t\t\t<\/li>\n\t\t\t\t\t\t\t\t\t\t\t\t\t\t<li class=\"flex items-start gap-3 font-semibold text-base\">\n\t\t\t\t\t\t<!-- @license lucide-static v1.16.0 - ISC -->\n<svg class=\"size-5 text-success shrink-0 mt-0.5\" aria-hidden=\"true\" focusable=\"false\"\n  xmlns=\"http:\/\/www.w3.org\/2000\/svg\"\n  width=\"24\"\n  height=\"24\"\n  viewBox=\"0 0 24 24\"\n  fill=\"none\"\n  stroke=\"currentColor\"\n  stroke-width=\"2\"\n  stroke-linecap=\"round\"\n  stroke-linejoin=\"round\"\n>\n  <path d=\"M20 6 9 17l-5-5\" \/>\n<\/svg>\t\t\t\t\t\t<span>D\u00e4ckhotell<\/span>\n\t\t\t\t\t<\/li>\n\t\t\t\t\t\t\t\t\t\t\t\t\t\t<li class=\"flex items-start gap-3 font-semibold text-base\">\n\t\t\t\t\t\t<!-- @license lucide-static v1.16.0 - ISC -->\n<svg class=\"size-5 text-success shrink-0 mt-0.5\" aria-hidden=\"true\" focusable=\"false\"\n  xmlns=\"http:\/\/www.w3.org\/2000\/svg\"\n  width=\"24\"\n  height=\"24\"\n  viewBox=\"0 0 24 24\"\n  fill=\"none\"\n  stroke=\"currentColor\"\n  stroke-width=\"2\"\n  stroke-linecap=\"round\"\n  stroke-linejoin=\"round\"\n>\n  <path d=\"M20 6 9 17l-5-5\" \/>\n<\/svg>\t\t\t\t\t\t<span>Extrautrustning: Backkamera, dragkrok, motor- &amp; kup\u00e9v\u00e4rmare m.m<\/span>\n\t\t\t\t\t<\/li>\n\t\t\t\t\t\t\t<\/ul>\n\t\t\t<\/section>\n<\/div>\n\n\n<div class=\"builder-reset\">\n\t<section class=\"grid md:grid-cols-2 gap-8 lg:gap-12 items-center text-ink antialiased\">\n\t\t<div class=\"space-y-4\">\n\t\t\t\t\t\t\t<h2 class=\"font-aller font-bold text-2xl lg:text-3xl tracking-tight text-ink\">V\u00e5r anl\u00e4ggning i Uppsala<\/h2>\n\t\t\t\t\t\t\t\t\t\t<div class=\"space-y-4 text-base text-mute leading-relaxed [&#038;_a]:underline [&#038;_a]:underline-offset-4 [&#038;_ul]:pl-5 [&#038;_ul]:list-disc [&#038;_strong]:text-ink\"><p>Vi finns i Fyrislund i Uppsala. Vi h\u00e5ller \u00f6ppet alla dagar i veckan s\u00e5 varmt v\u00e4lkommen f\u00f6rbi n\u00e4r som \u00e4n det passar dig.<\/p>\n<\/div>\n\t\t\t\t\t\t\t\t\t\t<ul class=\"list-none space-y-2 text-base\">\n\t\t\t\t\t\t\t\t\t\t\t\t\t\t\t\t\t<li class=\"flex items-center gap-2\">\n\t\t\t\t\t\t\t\t\t\t\t\t\t\t\t<!-- @license lucide-static v1.16.0 - ISC -->\n<svg class=\"size-5 text-primary shrink-0\" aria-hidden=\"true\" focusable=\"false\"\n  xmlns=\"http:\/\/www.w3.org\/2000\/svg\"\n  width=\"24\"\n  height=\"24\"\n  viewBox=\"0 0 24 24\"\n  fill=\"none\"\n  stroke=\"currentColor\"\n  stroke-width=\"2\"\n  stroke-linecap=\"round\"\n  stroke-linejoin=\"round\"\n>\n  <path d=\"M20 10c0 4.993-5.539 10.193-7.399 11.799a1 1 0 0 1-1.202 0C9.539 20.193 4 14.993 4 10a8 8 0 0 1 16 0\" \/>\n  <circle cx=\"12\" cy=\"10\" r=\"3\" \/>\n<\/svg>Fyrislundsgatan 76\t\t\t\t\t\t\t\t\t\t\t\t\t<\/li>\n\t\t\t\t\t\t\t\t\t\t\t\t\t\t\t\t\t<li class=\"flex items-center gap-2\">\n\t\t\t\t\t\t\t\t\t\t\t\t\t\t\t<!-- @license lucide-static v1.16.0 - ISC -->\n<svg class=\"size-5 text-primary shrink-0\" aria-hidden=\"true\" focusable=\"false\"\n  xmlns=\"http:\/\/www.w3.org\/2000\/svg\"\n  width=\"24\"\n  height=\"24\"\n  viewBox=\"0 0 24 24\"\n  fill=\"none\"\n  stroke=\"currentColor\"\n  stroke-width=\"2\"\n  stroke-linecap=\"round\"\n  stroke-linejoin=\"round\"\n>\n  <path d=\"M13.832 16.568a1 1 0 0 0 1.213-.303l.355-.465A2 2 0 0 1 17 15h3a2 2 0 0 1 2 2v3a2 2 0 0 1-2 2A18 18 0 0 1 2 4a2 2 0 0 1 2-2h3a2 2 0 0 1 2 2v3a2 2 0 0 1-.8 1.6l-.468.351a1 1 0 0 0-.292 1.233 14 14 0 0 0 6.392 6.384\" \/>\n<\/svg>\t\t\t\t\t\t\t\t<a href=\"tel:018696800\" class=\"text-ink underline underline-offset-4 decoration-hairline hover:decoration-ink\">018 69 68 00<\/a>\n\t\t\t\t\t\t\t\t\t\t\t\t\t<\/li>\n\t\t\t\t\t\t\t\t\t<\/ul>\n\t\t\t\t\t\t\t\t\t\t<div class=\"flex flex-wrap gap-2 pt-2\">\n\t\t\t\t\t\t\t\t\t\t\t\t\t\t\t\t\t<a href=\"https:\/\/www.niemibil.se\/anlaggning\/fyrislundsgatan-76-uppsala\/\" class=\"btn btn-primary\">Kontakta oss i Uppsala<\/a>\n\t\t\t\t\t\t\t\t\t\t\t\t\t\t\t<\/div>\n\t\t\t\t\t<\/div>\n\t\t\t\t\t<img loading=\"lazy\" decoding=\"async\" width=\"1024\" height=\"768\" src=\"https:\/\/www.niemibil.se\/wp-content\/uploads\/2024\/08\/cropped-1024x768.webp\" class=\"w-full h-auto rounded-box\" alt=\"Niemi Bil Uppsala Fyrislund\" srcset=\"https:\/\/www.niemibil.se\/wp-content\/uploads\/2024\/08\/cropped-1024x768.webp 1024w, https:\/\/www.niemibil.se\/wp-content\/uploads\/2024\/08\/cropped-300x225.webp 300w, https:\/\/www.niemibil.se\/wp-content\/uploads\/2024\/08\/cropped-768x576.webp 768w, https:\/\/www.niemibil.se\/wp-content\/uploads\/2024\/08\/cropped-16x12.webp 16w, https:\/\/www.niemibil.se\/wp-content\/uploads\/2024\/08\/cropped.webp 1440w\" sizes=\"auto, (max-width: 1024px) 100vw, 1024px\" \/>\t\t\t<\/section>\n<\/div>\n\n\n<div class=\"builder-reset\">\n\t<section class=\"grid md:grid-cols-2 gap-8 lg:gap-12 items-center text-ink antialiased\">\n\t\t\t\t\t<div class=\"order-first md:order-first\"><img loading=\"lazy\" decoding=\"async\" width=\"1024\" height=\"683\" src=\"https:\/\/www.niemibil.se\/wp-content\/uploads\/2025\/11\/Service-Husbil-uppsala.webp\" class=\"w-full h-auto rounded-box aspect-[4\/3] object-cover\" alt=\"serva husbil verkstad i uppsala\" srcset=\"https:\/\/www.niemibil.se\/wp-content\/uploads\/2025\/11\/Service-Husbil-uppsala.webp 1024w, https:\/\/www.niemibil.se\/wp-content\/uploads\/2025\/11\/Service-Husbil-uppsala-300x200.webp 300w, https:\/\/www.niemibil.se\/wp-content\/uploads\/2025\/11\/Service-Husbil-uppsala-768x512.webp 768w, https:\/\/www.niemibil.se\/wp-content\/uploads\/2025\/11\/Service-Husbil-uppsala-18x12.webp 18w\" sizes=\"auto, (max-width: 1024px) 100vw, 1024px\" \/><\/div>\n\t\t\t\t<div class=\"space-y-4\">\n\t\t\t\t\t\t\t<h2 class=\"font-aller font-bold text-2xl lg:text-3xl tracking-tight text-ink\">Personlig service<\/h2>\n\t\t\t\t\t\t\t\t\t\t<div class=\"space-y-4 text-base text-mute leading-relaxed [&#038;_a]:underline [&#038;_a]:underline-offset-4 [&#038;_ul]:pl-5 [&#038;_ul]:list-disc [&#038;_ol]:pl-5 [&#038;_ol]:list-decimal [&#038;_strong]:text-ink\"><p>Vi \u00e4r en personlig bilhandlare i Uppsala. F\u00f6r dig som f\u00f6redrar att se och provk\u00f6ra bilen innan du fattar ditt beslut, \u00e4r du varmt v\u00e4lkommen till v\u00e5ra bilhallar. H\u00e4r m\u00f6ts du av v\u00e5r kunniga personal som g\u00e4rna hj\u00e4lper dig med r\u00e5dgivning och svarar p\u00e5 alla dina fr\u00e5gor. Ber\u00e4tta f\u00f6r oss om dina behov s\u00e5 ser vi till att g\u00f6ra v\u00e5rt b\u00e4sta f\u00f6r att tillgodose dem.<\/p>\n<p>Grundl\u00e4ggande trafiks\u00e4kerhetsgaranti ing\u00e5r alltid, och du kan v\u00e4lja till upp till fem \u00e5rs garanti p\u00e5 begagnade bilar.<\/p>\n<\/div>\n\t\t\t\t\t\t\t\t\t\t\t\t\t\t<\/div>\n\t<\/section>\n<\/div>\n\n\n<div class=\"builder-reset\">\n\t<section class=\"grid md:grid-cols-2 gap-8 lg:gap-12 items-center text-ink antialiased\">\n\t\t\t\t\t<div class=\"order-first md:order-last\"><img loading=\"lazy\" decoding=\"async\" width=\"1024\" height=\"576\" src=\"https:\/\/www.niemibil.se\/wp-content\/uploads\/2025\/06\/Bilder-Saljare-Skelleftea-07-1024x576.webp\" class=\"w-full h-auto rounded-box aspect-[4\/3] object-cover\" alt=\"\" srcset=\"https:\/\/www.niemibil.se\/wp-content\/uploads\/2025\/06\/Bilder-Saljare-Skelleftea-07-1024x576.webp 1024w, https:\/\/www.niemibil.se\/wp-content\/uploads\/2025\/06\/Bilder-Saljare-Skelleftea-07-300x169.webp 300w, https:\/\/www.niemibil.se\/wp-content\/uploads\/2025\/06\/Bilder-Saljare-Skelleftea-07-768x432.webp 768w, https:\/\/www.niemibil.se\/wp-content\/uploads\/2025\/06\/Bilder-Saljare-Skelleftea-07-1536x864.webp 1536w, https:\/\/www.niemibil.se\/wp-content\/uploads\/2025\/06\/Bilder-Saljare-Skelleftea-07-2048x1152.webp 2048w, https:\/\/www.niemibil.se\/wp-content\/uploads\/2025\/06\/Bilder-Saljare-Skelleftea-07-18x10.webp 18w\" sizes=\"auto, (max-width: 1024px) 100vw, 1024px\"><\/div>\n\t\t\t\t<div class=\"space-y-4\">\n\t\t\t\t\t\t\t<h2 class=\"font-aller font-bold text-2xl lg:text-3xl tracking-tight text-ink\">Finansieringsalternativ och garantier<\/h2>\n\t\t\t\t\t\t\t\t\t\t<div class=\"space-y-4 text-base text-mute leading-relaxed [&#038;_a]:underline [&#038;_a]:underline-offset-4 [&#038;_ul]:pl-5 [&#038;_ul]:list-disc [&#038;_ol]:pl-5 [&#038;_ol]:list-decimal [&#038;_strong]:text-ink\"><div class=\"elementor-element elementor-element-b4d0510 elementor-widget-mobile__width-inherit elementor-widget__width-inherit elementor-widget elementor-widget-text-editor\" data-id=\"b4d0510\" data-element_type=\"widget\" data-e-type=\"widget\" data-widget_type=\"text-editor.default\">\n<div class=\"elementor-element elementor-element-b4d0510 elementor-widget-mobile__width-inherit elementor-widget__width-inherit elementor-widget elementor-widget-text-editor\" data-id=\"b4d0510\" data-element_type=\"widget\" data-e-type=\"widget\" data-widget_type=\"text-editor.default\">\n<p>Vi erbjuder flexibla finansieringsalternativ f\u00f6r att du ska kunna g\u00f6ra ett k\u00f6p som passar din budget och dina ekonomiska f\u00f6ruts\u00e4ttningar. Dessutom erbjuder vi omfattande garantier p\u00e5 v\u00e5ra begagnade bilar, s\u00e5 att du ska f\u00e5 den extra tryggheten.<\/p>\n<p>Vi ser fram emot att hj\u00e4lpa dig p\u00e5 v\u00e4gen mot ditt nya bil\u00e4gande.<\/p>\n<\/div>\n<\/div>\n<\/div>\n\t\t\t\t\t\t\t\t\t\t\t\t\t\t<\/div>\n\t<\/section>\n<\/div>\n","protected":false},"excerpt":{"rendered":"","protected":false},"author":18,"featured_media":2180468,"parent":2146,"menu_order":0,"comment_status":"closed","ping_status":"closed","template":"template-kategorisida.php","meta":{"_acf_changed":false,"footnotes":""},"class_list":["post-2177627","page","type-page","status-publish","has-post-thumbnail","hentry"],"acf":[],"_links":{"self":[{"href":"https:\/\/www.niemibil.se\/en\/wp-json\/wp\/v2\/pages\/2177627","targetHints":{"allow":["GET"]}}],"collection":[{"href":"https:\/\/www.niemibil.se\/en\/wp-json\/wp\/v2\/pages"}],"about":[{"href":"https:\/\/www.niemibil.se\/en\/wp-json\/wp\/v2\/types\/page"}],"author":[{"embeddable":true,"href":"https:\/\/www.niemibil.se\/en\/wp-json\/wp\/v2\/users\/18"}],"replies":[{"embeddable":true,"href":"https:\/\/www.niemibil.se\/en\/wp-json\/wp\/v2\/comments?post=2177627"}],"version-history":[{"count":30,"href":"https:\/\/www.niemibil.se\/en\/wp-json\/wp\/v2\/pages\/2177627\/revisions"}],"predecessor-version":[{"id":2662030,"href":"https:\/\/www.niemibil.se\/en\/wp-json\/wp\/v2\/pages\/2177627\/revisions\/2662030"}],"up":[{"embeddable":true,"href":"https:\/\/www.niemibil.se\/en\/wp-json\/wp\/v2\/pages\/2146"}],"wp:featuredmedia":[{"embeddable":true,"href":"https:\/\/www.niemibil.se\/en\/wp-json\/wp\/v2\/media\/2180468"}],"wp:attachment":[{"href":"https:\/\/www.niemibil.se\/en\/wp-json\/wp\/v2\/media?parent=2177627"}],"curies":[{"name":"wp","href":"https:\/\/api.w.org\/{rel}","templated":true}]}}