{"id":2058824,"date":"2023-06-12T14:32:59","date_gmt":"2023-06-12T12:32:59","guid":{"rendered":"https:\/\/www.niemibil.se\/?page_id=2058824"},"modified":"2023-06-21T11:51:00","modified_gmt":"2023-06-21T09:51:00","slug":"umea","status":"publish","type":"page","link":"https:\/\/www.niemibil.se\/en\/used-cars\/umea\/","title":{"rendered":"Used cars Ume\u00e5"},"content":{"rendered":"<div data-elementor-type=\"wp-page\" data-elementor-id=\"2058824\" class=\"elementor elementor-2058824\" data-elementor-post-type=\"page\">\n\t\t\t\t<div class=\"elementor-element elementor-element-69f4a8c3 e-con-full e-flex e-con e-parent\" data-id=\"69f4a8c3\" data-element_type=\"container\" data-e-type=\"container\" data-settings=\"{&quot;background_background&quot;:&quot;classic&quot;}\">\n\t\t\t\t<div class=\"elementor-element elementor-element-237fb8cb elementor-widget elementor-widget-heading\" data-id=\"237fb8cb\" data-element_type=\"widget\" data-e-type=\"widget\" data-widget_type=\"heading.default\">\n\t\t\t\t\t<h1 class=\"elementor-heading-title elementor-size-default\">Used cars Ume\u00e5 - Current availability<\/h1>\t\t\t\t<\/div>\n\t\t\t\t<\/div>\n\t\t<div class=\"elementor-element elementor-element-3bdca6b8 e-flex e-con-boxed e-con e-parent\" data-id=\"3bdca6b8\" data-element_type=\"container\" data-e-type=\"container\" data-settings=\"{&quot;background_background&quot;:&quot;classic&quot;}\">\n\t\t\t\t\t<div class=\"e-con-inner\">\n\t\t\t\t<div class=\"elementor-element elementor-element-2faf951e elementor-widget elementor-widget-heading\" data-id=\"2faf951e\" data-element_type=\"widget\" data-e-type=\"widget\" data-widget_type=\"heading.default\">\n\t\t\t\t\t<h2 class=\"elementor-heading-title elementor-size-medium\">Welcome to Niemi Bil in Ume\u00e5 - Your local expert in used cars<\/h2>\t\t\t\t<\/div>\n\t\t\t\t<div class=\"elementor-element elementor-element-41a3a565 elementor-widget__width-initial elementor-widget-mobile__width-inherit elementor-widget elementor-widget-text-editor\" data-id=\"41a3a565\" data-element_type=\"widget\" data-e-type=\"widget\" data-widget_type=\"text-editor.default\">\n\t\t\t\t\t\t\t\t\t<p style=\"text-align: center;\">Here you will find all our used cars in <strong>Umea<\/strong> which is in stock right now. Feel free to stop by us at Ersboda and we will tell you more.<\/p><p style=\"text-align: center;\">Would you like to explore the full range from all facilities? Here you can find all our <a href=\"https:\/\/www.niemibil.se\/en\/used-cars\/\"><span style=\"text-decoration: underline;\">used cars.<\/span><\/a><\/p>\t\t\t\t\t\t\t\t<\/div>\n\t\t\t\t<div class=\"elementor-element elementor-element-74828e6c elementor-widget elementor-widget-spacer\" data-id=\"74828e6c\" data-element_type=\"widget\" data-e-type=\"widget\" data-widget_type=\"spacer.default\">\n\t\t\t\t\t\t\t<div class=\"elementor-spacer\">\n\t\t\t<div class=\"elementor-spacer-inner\"><\/div>\n\t\t<\/div>\n\t\t\t\t\t\t<\/div>\n\t\t\t\t<div class=\"elementor-element elementor-element-3716cc84 elementor-widget elementor-widget-heading\" data-id=\"3716cc84\" data-element_type=\"widget\" data-e-type=\"widget\" data-widget_type=\"heading.default\">\n\t\t\t\t\t<h3 class=\"elementor-heading-title elementor-size-large\">All our used cars in Ume\u00e5<\/h3>\t\t\t\t<\/div>\n\t\t\t\t\t<\/div>\n\t\t\t\t<\/div>\n\t\t<div class=\"elementor-element elementor-element-79b2bc3c e-flex e-con-boxed e-con e-parent\" data-id=\"79b2bc3c\" data-element_type=\"container\" data-e-type=\"container\">\n\t\t\t\t\t<div class=\"e-con-inner\">\n\t\t\t\t<div class=\"elementor-element elementor-element-3b854ef elementor-grid-4 elementor-grid-tablet-2 elementor-grid-mobile-1 elementor-posts--thumbnail-top load-more-align-center elementor-widget elementor-widget-posts\" data-id=\"3b854ef\" data-element_type=\"widget\" data-e-type=\"widget\" data-settings=\"{&quot;classic_columns&quot;:&quot;4&quot;,&quot;pagination_type&quot;:&quot;load_more_on_click&quot;,&quot;classic_columns_tablet&quot;:&quot;2&quot;,&quot;classic_columns_mobile&quot;:&quot;1&quot;,&quot;classic_row_gap&quot;:{&quot;unit&quot;:&quot;px&quot;,&quot;size&quot;:35,&quot;sizes&quot;:[]},&quot;classic_row_gap_tablet&quot;:{&quot;unit&quot;:&quot;px&quot;,&quot;size&quot;:&quot;&quot;,&quot;sizes&quot;:[]},&quot;classic_row_gap_mobile&quot;:{&quot;unit&quot;:&quot;px&quot;,&quot;size&quot;:&quot;&quot;,&quot;sizes&quot;:[]},&quot;load_more_spinner&quot;:{&quot;value&quot;:&quot;fas fa-spinner&quot;,&quot;library&quot;:&quot;fa-solid&quot;}}\" data-widget_type=\"posts.classic\">\n\t\t\t\t<div class=\"elementor-widget-container\">\n\t\t\t\t\t\t\t<div class=\"elementor-posts-container elementor-posts elementor-posts--skin-classic elementor-grid\" role=\"list\">\n\t\t\t\t<article class=\"elementor-post elementor-grid-item post-2650719 objekt type-objekt status-publish format-standard hentry fordonstyp-suv drivmedel-hybrid vaxellada-automatisk bilmarke-mercedes-benz farg-gra bilhall-umea-formvagen-8 egenskap-awd egenskap-dragkrok ort-umea\" role=\"listitem\">\n\t\t\t\t<div class=\"elementor-post__text\">\n\t\t\t\t<div class=\"elementor-post__excerpt\">\n\t\t\t<p><a class=\"loop-main-link\" href=\"https:\/\/www.niemibil.se\/en\/object\/mercedes-benz-glc-300-e-4m-9g-tronic-amg-drag-pvarm-kamera-gps-sov-moms\/\"><img decoding=\"async\" alt=\"Mercedes-Benz GLC 300 e 4M 9G-Tronic AMG Drag Pv\u00e4rm Kamera GPS SoV MOMS\" class=\"loop-main-image\" width=\"1024\" height=\"768\" src=\"https:\/\/www.niemibil.se\/wp-content\/uploads\/images\/ads\/2650719\/ddf71b11-a801-2b84-3d9e-00005d0e19aa\" loading=\"lazy\" data-no-translation><span class=\"loop-read-more\"> Read more \u203a\u203a <\/span><\/a><svg data-no-translation style=\"margin-bottom: 6px;\" xmlns=\"http:\/\/www.w3.org\/2000\/svg\" width=\"12.427\" height=\"16.72\" viewbox=\"0 0 12.427 16.72\">\n  <path id=\"Path_5\" data-name=\"Path 5\" d=\"M75.322,129.667a6.22,6.22,0,0,0-7.438,6.1,5.834,5.834,0,0,0,.205,1.57,6.144,6.144,0,0,0,.288.855l.723,1.249,3.413,5.916a1.83,1.83,0,0,0,3.17,0l3.387-5.867.773-1.34a5.527,5.527,0,0,0,.263-.814,5.676,5.676,0,0,0,.2-1.261A6.255,6.255,0,0,0,75.322,129.667Zm-1.223,8.68a2.583,2.583,0,1,1,2.59-2.583A2.584,2.584,0,0,1,74.1,138.346Z\" transform=\"translate(-67.884 -129.55)\" fill=\"#3d91d9\"\/>\n<\/svg><span class=\"car-location\" data-no-translation>UME\u00c5 \u2013 FORMV\u00c4GEN 8<\/span><a href=\"https:\/\/www.niemibil.se\/en\/object\/mercedes-benz-glc-300-e-4m-9g-tronic-amg-drag-pvarm-kamera-gps-sov-moms\/\"><\/p>\n<h3>Mercedes-Benz GLC 300 e 4M 9G-Tronic AMG Drag Pv\u00e4rm Kamera GPS SoV MOMS<\/h3>\n<p><\/a><span class=\"yearmodel\" data-no-translation=\"\">2022<\/span> | <span class=\"miles\" data-no-translation=\"\">11390 mil<\/span> | <span class=\"term-vaxellada\">Automatic<\/span> | <span class=\"term-drivmedel\">Hybrid<\/span><\/p>\n<div class=\"data-type-object data-type-object-id-2650719\" interest-rate=\"8.95\" data-price=\"389900\" data-wp-id=\"2650719\" data-no-translation><span class=\"price-sek price-large price-total price-total-large\" data-price=\"389900\">389 900 kr<\/span><span class=\"price-sek price-large price-monthly price-monthly-large\">6 498 kr\/m\u00e5n<\/span><span class=\"price-sek price-small price-total price-total-small\"><span>Kontant<\/span> 389 900 kr<\/span><span class=\"price-sek price-small price-monthly price-monthly-small\"><span>eller<\/span> 6 498 kr\/m\u00e5n<\/span><\/div>\n\t\t<\/div>\n\t\t\t\t<\/div>\n\t\t\t\t<\/article>\n\t\t\t\t<article class=\"elementor-post elementor-grid-item post-2650686 objekt type-objekt status-publish format-standard hentry fordonstyp-kombi drivmedel-diesel vaxellada-automatisk bilmarke-mercedes-benz farg-svart bilhall-umea-formvagen-8 egenskap-dragkrok egenskap-motorvarmare ort-umea\" role=\"listitem\">\n\t\t\t\t<div class=\"elementor-post__text\">\n\t\t\t\t<div class=\"elementor-post__excerpt\">\n\t\t\t<p><a class=\"loop-main-link\" href=\"https:\/\/www.niemibil.se\/en\/object\/mercedes-benz-c-220-t-d-9g-tronic-amg-line-drag-dvarm-psens-skinn-sov\/\"><img decoding=\"async\" alt=\"Mercedes-Benz C 220 T d 9G-Tronic AMG Line Drag Dv\u00e4rm Psens Skinn SoV\" class=\"loop-main-image\" width=\"1024\" height=\"768\" src=\"https:\/\/www.niemibil.se\/wp-content\/uploads\/images\/ads\/2650686\/c120b8d3-d2be-d573-f382-0000f4c3248e\" loading=\"lazy\" data-no-translation><img loading=\"lazy\" decoding=\"async\" alt=\"Mercedes-Benz C 220 T d 9G-Tronic AMG Line Drag Dv\u00e4rm Psens Skinn SoV bakifr\u00e5n\" class=\"loop-secondary-image\" width=\"1024\" height=\"768\" src=\"https:\/\/www.niemibil.se\/wp-content\/uploads\/images\/ads\/2650686\/a05de77e-834f-1dd9-b24b-00001ad7dbd1\"><span class=\"loop-read-more\"> Read more \u203a\u203a <\/span><\/a><svg data-no-translation style=\"margin-bottom: 6px;\" xmlns=\"http:\/\/www.w3.org\/2000\/svg\" width=\"12.427\" height=\"16.72\" viewbox=\"0 0 12.427 16.72\">\n  <path id=\"Path_5\" data-name=\"Path 5\" d=\"M75.322,129.667a6.22,6.22,0,0,0-7.438,6.1,5.834,5.834,0,0,0,.205,1.57,6.144,6.144,0,0,0,.288.855l.723,1.249,3.413,5.916a1.83,1.83,0,0,0,3.17,0l3.387-5.867.773-1.34a5.527,5.527,0,0,0,.263-.814,5.676,5.676,0,0,0,.2-1.261A6.255,6.255,0,0,0,75.322,129.667Zm-1.223,8.68a2.583,2.583,0,1,1,2.59-2.583A2.584,2.584,0,0,1,74.1,138.346Z\" transform=\"translate(-67.884 -129.55)\" fill=\"#3d91d9\"\/>\n<\/svg><span class=\"car-location\" data-no-translation>UME\u00c5 \u2013 FORMV\u00c4GEN 8<\/span><a href=\"https:\/\/www.niemibil.se\/en\/object\/mercedes-benz-c-220-t-d-9g-tronic-amg-line-drag-dvarm-psens-skinn-sov\/\"><\/p>\n<h3>Mercedes-Benz C 220 T d 9G-Tronic AMG Line Drag Dv\u00e4rm Psens Skinn SoV<\/h3>\n<p><\/a><span class=\"yearmodel\" data-no-translation=\"\">2017<\/span> | <span class=\"miles\" data-no-translation=\"\">14012 mil<\/span> | <span class=\"term-vaxellada\">Automatic<\/span> | <span class=\"term-drivmedel\">Diesel<\/span><\/p>\n<div class=\"data-type-object data-type-object-id-2650686\" interest-rate=\"8.95\" data-price=\"229900\" data-wp-id=\"2650686\" data-no-translation><span class=\"price-sek price-large price-total price-total-large\" data-price=\"229900\">229 900 kr<\/span><span class=\"price-sek price-large price-monthly price-monthly-large\">3 832 kr\/m\u00e5n<\/span><span class=\"price-sek price-small price-total price-total-small\"><span>Kontant<\/span> 229 900 kr<\/span><span class=\"price-sek price-small price-monthly price-monthly-small\"><span>eller<\/span> 3 832 kr\/m\u00e5n<\/span><\/div>\n\t\t<\/div>\n\t\t\t\t<\/div>\n\t\t\t\t<\/article>\n\t\t\t\t<article class=\"elementor-post elementor-grid-item post-2650698 objekt type-objekt status-publish format-standard hentry fordonstyp-kombi drivmedel-diesel vaxellada-automatisk bilmarke-peugeot farg-gra bilhall-umea-formvagen-8 egenskap-dragkrok ort-umea\" role=\"listitem\">\n\t\t\t\t<div class=\"elementor-post__text\">\n\t\t\t\t<div class=\"elementor-post__excerpt\">\n\t\t\t<p><a class=\"loop-main-link\" href=\"https:\/\/www.niemibil.se\/en\/object\/peugeot-2008-1-6-e-hdi-egs-dragkrok-mvarm-psens-kamrem-bytt-s-v-hjul\/\"><img decoding=\"async\" alt=\"Peugeot 2008 1.6 e-HDi EGS Dragkrok Mv\u00e4rm Psens Kamrem bytt S\/V-hjul\" class=\"loop-main-image\" width=\"1024\" height=\"768\" src=\"https:\/\/www.niemibil.se\/wp-content\/uploads\/images\/ads\/2650698\/73f12ff8-f868-6c38-2326-00002e3028f2\" loading=\"lazy\" data-no-translation><img loading=\"lazy\" decoding=\"async\" alt=\"Peugeot 2008 1.6 e-HDi EGS Dragkrok Mv\u00e4rm Psens Kamrem bytt S\/V-hjul bakifr\u00e5n\" class=\"loop-secondary-image\" width=\"1024\" height=\"768\" src=\"https:\/\/www.niemibil.se\/wp-content\/uploads\/images\/ads\/2650698\/f164fa53-f166-33a4-8819-00002f27687e\"><span class=\"loop-read-more\"> Read more \u203a\u203a <\/span><\/a><svg data-no-translation style=\"margin-bottom: 6px;\" xmlns=\"http:\/\/www.w3.org\/2000\/svg\" width=\"12.427\" height=\"16.72\" viewbox=\"0 0 12.427 16.72\">\n  <path id=\"Path_5\" data-name=\"Path 5\" d=\"M75.322,129.667a6.22,6.22,0,0,0-7.438,6.1,5.834,5.834,0,0,0,.205,1.57,6.144,6.144,0,0,0,.288.855l.723,1.249,3.413,5.916a1.83,1.83,0,0,0,3.17,0l3.387-5.867.773-1.34a5.527,5.527,0,0,0,.263-.814,5.676,5.676,0,0,0,.2-1.261A6.255,6.255,0,0,0,75.322,129.667Zm-1.223,8.68a2.583,2.583,0,1,1,2.59-2.583A2.584,2.584,0,0,1,74.1,138.346Z\" transform=\"translate(-67.884 -129.55)\" fill=\"#3d91d9\"\/>\n<\/svg><span class=\"car-location\" data-no-translation>UME\u00c5 \u2013 FORMV\u00c4GEN 8<\/span><a href=\"https:\/\/www.niemibil.se\/en\/object\/peugeot-2008-1-6-e-hdi-egs-dragkrok-mvarm-psens-kamrem-bytt-s-v-hjul\/\"><\/p>\n<h3>Peugeot 2008 1.6 e-HDi EGS Dragkrok Mv\u00e4rm Psens Kamrem bytt S\/V-hjul<\/h3>\n<p><\/a><span class=\"yearmodel\" data-no-translation=\"\">2014<\/span> | <span class=\"miles\" data-no-translation=\"\">11754 mil<\/span> | <span class=\"term-vaxellada\">Automatic<\/span> | <span class=\"term-drivmedel\">Diesel<\/span><\/p>\n<div class=\"data-type-object data-type-object-id-2650698\" interest-rate=\"8.95\" data-price=\"99900\" data-wp-id=\"2650698\" data-no-translation><span class=\"price-sek price-large price-total price-total-large\" data-price=\"99900\">99 900 kr<\/span><span class=\"price-sek price-large price-monthly price-monthly-large\">1 665 kr\/m\u00e5n<\/span><span class=\"price-sek price-small price-total price-total-small\"><span>Kontant<\/span> 99 900 kr<\/span><span class=\"price-sek price-small price-monthly price-monthly-small\"><span>eller<\/span> 1 665 kr\/m\u00e5n<\/span><\/div>\n\t\t<\/div>\n\t\t\t\t<\/div>\n\t\t\t\t<\/article>\n\t\t\t\t<article class=\"elementor-post elementor-grid-item post-2650668 objekt type-objekt status-publish format-standard hentry fordonstyp-suv drivmedel-hybrid vaxellada-automatisk bilmarke-toyota farg-vit bilhall-umea-formvagen-8 egenskap-awd ort-umea\" role=\"listitem\">\n\t\t\t\t<div class=\"elementor-post__text\">\n\t\t\t\t<div class=\"elementor-post__excerpt\">\n\t\t\t<p><a class=\"loop-main-link\" href=\"https:\/\/www.niemibil.se\/en\/object\/toyota-rav4-hybrid-awd-i-e-cvt-style-drag-mvarm-360-jbl-skinn-sov\/\"><img decoding=\"async\" alt=\"Toyota RAV4 Hybrid AWD-i E-CVT Style Drag Mv\u00e4rm 360\u00b0 JBL Skinn SoV\" class=\"loop-main-image\" width=\"1024\" height=\"768\" src=\"https:\/\/www.niemibil.se\/wp-content\/uploads\/images\/ads\/2650668\/0bb1396f-a85c-d739-83a6-0000b8084809\" loading=\"lazy\" data-no-translation><img loading=\"lazy\" decoding=\"async\" alt=\"Toyota RAV4 Hybrid AWD-i E-CVT Style Drag Mv\u00e4rm 360\u00b0 JBL Skinn SoV bakifr\u00e5n\" class=\"loop-secondary-image\" width=\"1024\" height=\"768\" src=\"https:\/\/www.niemibil.se\/wp-content\/uploads\/images\/ads\/2650668\/f94570d2-d372-030c-f033-00004ca13ddc\"><span class=\"loop-read-more\"> Read more \u203a\u203a <\/span><\/a><svg data-no-translation style=\"margin-bottom: 6px;\" xmlns=\"http:\/\/www.w3.org\/2000\/svg\" width=\"12.427\" height=\"16.72\" viewbox=\"0 0 12.427 16.72\">\n  <path id=\"Path_5\" data-name=\"Path 5\" d=\"M75.322,129.667a6.22,6.22,0,0,0-7.438,6.1,5.834,5.834,0,0,0,.205,1.57,6.144,6.144,0,0,0,.288.855l.723,1.249,3.413,5.916a1.83,1.83,0,0,0,3.17,0l3.387-5.867.773-1.34a5.527,5.527,0,0,0,.263-.814,5.676,5.676,0,0,0,.2-1.261A6.255,6.255,0,0,0,75.322,129.667Zm-1.223,8.68a2.583,2.583,0,1,1,2.59-2.583A2.584,2.584,0,0,1,74.1,138.346Z\" transform=\"translate(-67.884 -129.55)\" fill=\"#3d91d9\"\/>\n<\/svg><span class=\"car-location\" data-no-translation>UME\u00c5 \u2013 FORMV\u00c4GEN 8<\/span><a href=\"https:\/\/www.niemibil.se\/en\/object\/toyota-rav4-hybrid-awd-i-e-cvt-style-drag-mvarm-360-jbl-skinn-sov\/\"><\/p>\n<h3>Toyota RAV4 Hybrid AWD-i E-CVT Style Drag Mv\u00e4rm 360\u00b0 JBL Skinn SoV<\/h3>\n<p><\/a><span class=\"yearmodel\" data-no-translation=\"\">2019<\/span> | <span class=\"miles\" data-no-translation=\"\">13023 mil<\/span> | <span class=\"term-vaxellada\">Automatic<\/span> | <span class=\"term-drivmedel\">Hybrid<\/span><\/p>\n<div class=\"data-type-object data-type-object-id-2650668\" interest-rate=\"8.95\" data-price=\"309900\" data-wp-id=\"2650668\" data-no-translation><span class=\"price-sek price-large price-total price-total-large\" data-price=\"309900\">309 900 kr<\/span><span class=\"price-sek price-large price-monthly price-monthly-large\">5 165 kr\/m\u00e5n<\/span><span class=\"price-sek price-small price-total price-total-small\"><span>Kontant<\/span> 309 900 kr<\/span><span class=\"price-sek price-small price-monthly price-monthly-small\"><span>eller<\/span> 5 165 kr\/m\u00e5n<\/span><\/div>\n\t\t<\/div>\n\t\t\t\t<\/div>\n\t\t\t\t<\/article>\n\t\t\t\t<article class=\"elementor-post elementor-grid-item post-2650507 objekt type-objekt status-publish format-standard hentry fordonstyp-kombi drivmedel-bensin vaxellada-manuell bilmarke-volkswagen farg-rod bilhall-umea-formvagen-8 egenskap-dragkrok ort-umea\" role=\"listitem\">\n\t\t\t\t<div class=\"elementor-post__text\">\n\t\t\t\t<div class=\"elementor-post__excerpt\">\n\t\t\t<p><a class=\"loop-main-link\" href=\"https:\/\/www.niemibil.se\/en\/object\/volkswagen-golf-sportscombi-1-2-tsi-masters-drag-kamera-mvarm-s-v-hjul\/\"><img decoding=\"async\" alt=\"Volkswagen Golf Sportscombi 1.2 TSI Masters Drag Kamera Mv\u00e4rm S\/V-hjul\" class=\"loop-main-image\" width=\"1024\" height=\"768\" src=\"https:\/\/www.niemibil.se\/wp-content\/uploads\/images\/ads\/2650507\/3b71df70-8cdc-4e18-fe7c-0000ebf3e534\" loading=\"lazy\" data-no-translation><img loading=\"lazy\" decoding=\"async\" alt=\"Volkswagen Golf Sportscombi 1.2 TSI Masters Drag Kamera Mv\u00e4rm S\/V-hjul bakifr\u00e5n\" class=\"loop-secondary-image\" width=\"1024\" height=\"768\" src=\"https:\/\/www.niemibil.se\/wp-content\/uploads\/images\/ads\/2650507\/f7303c78-b53b-3dde-8435-0000f3e249b5\"><span class=\"loop-read-more\"> Read more \u203a\u203a <\/span><\/a><svg data-no-translation style=\"margin-bottom: 6px;\" xmlns=\"http:\/\/www.w3.org\/2000\/svg\" width=\"12.427\" height=\"16.72\" viewbox=\"0 0 12.427 16.72\">\n  <path id=\"Path_5\" data-name=\"Path 5\" d=\"M75.322,129.667a6.22,6.22,0,0,0-7.438,6.1,5.834,5.834,0,0,0,.205,1.57,6.144,6.144,0,0,0,.288.855l.723,1.249,3.413,5.916a1.83,1.83,0,0,0,3.17,0l3.387-5.867.773-1.34a5.527,5.527,0,0,0,.263-.814,5.676,5.676,0,0,0,.2-1.261A6.255,6.255,0,0,0,75.322,129.667Zm-1.223,8.68a2.583,2.583,0,1,1,2.59-2.583A2.584,2.584,0,0,1,74.1,138.346Z\" transform=\"translate(-67.884 -129.55)\" fill=\"#3d91d9\"\/>\n<\/svg><span class=\"car-location\" data-no-translation>UME\u00c5 \u2013 FORMV\u00c4GEN 8<\/span><a href=\"https:\/\/www.niemibil.se\/en\/object\/volkswagen-golf-sportscombi-1-2-tsi-masters-drag-kamera-mvarm-s-v-hjul\/\"><\/p>\n<h3><em style=\"color: #D81132 !important; display: inline;\">Reserved! <\/em> Volkswagen Golf Sportscombi 1.2 TSI Masters Drag Kamera Mv\u00e4rm S\/V-hjul<\/h3>\n<p><\/a><span class=\"yearmodel\" data-no-translation=\"\">2015<\/span> | <span class=\"miles\" data-no-translation=\"\">18673 mil<\/span> | <span class=\"term-vaxellada\">Manual<\/span> | <span class=\"term-drivmedel\">Petrol<\/span><\/p>\n<div class=\"data-type-object data-type-object-id-2650507\" interest-rate=\"8.95\" data-price=\"99900\" data-wp-id=\"2650507\" data-no-translation><span class=\"price-sek price-large price-total price-total-large\" data-price=\"99900\">99 900 kr<\/span><span class=\"price-sek price-large price-monthly price-monthly-large\">1 665 kr\/m\u00e5n<\/span><span class=\"price-sek price-small price-total price-total-small\"><span>Kontant<\/span> 99 900 kr<\/span><span class=\"price-sek price-small price-monthly price-monthly-small\"><span>eller<\/span> 1 665 kr\/m\u00e5n<\/span><\/div>\n\t\t<\/div>\n\t\t\t\t<\/div>\n\t\t\t\t<\/article>\n\t\t\t\t<article class=\"elementor-post elementor-grid-item post-2650490 objekt type-objekt status-publish format-standard hentry fordonstyp-suv drivmedel-diesel vaxellada-automatisk bilmarke-skoda farg-ljusbrun bilhall-umea-formvagen-8 egenskap-awd egenskap-dragkrok egenskap-motorvarmare ort-umea\" role=\"listitem\">\n\t\t\t\t<div class=\"elementor-post__text\">\n\t\t\t\t<div class=\"elementor-post__excerpt\">\n\t\t\t<p><a class=\"loop-main-link\" href=\"https:\/\/www.niemibil.se\/en\/object\/skoda-karoq-2-0-tdi-4x4-style-drag-canton-pvarm-gps-kamera-sov\/\"><img decoding=\"async\" alt=\"Skoda Karoq 2.0 TDI 4x4 Style Drag Canton Pv\u00e4rm GPS Kamera SoV\" class=\"loop-main-image\" width=\"1024\" height=\"768\" src=\"https:\/\/www.niemibil.se\/wp-content\/uploads\/images\/ads\/2650490\/dc074d69-2765-0d2c-5278-000058197bd2\" loading=\"lazy\" data-no-translation><img loading=\"lazy\" decoding=\"async\" alt=\"Skoda Karoq 2.0 TDI 4x4 Style Drag Canton Pv\u00e4rm GPS Kamera SoV bakifr\u00e5n\" class=\"loop-secondary-image\" width=\"1024\" height=\"768\" src=\"https:\/\/www.niemibil.se\/wp-content\/uploads\/images\/ads\/2650490\/8cf60e08-69bd-63e1-d512-0000befb2ab8\"><span class=\"loop-read-more\"> Read more \u203a\u203a <\/span><\/a><svg data-no-translation style=\"margin-bottom: 6px;\" xmlns=\"http:\/\/www.w3.org\/2000\/svg\" width=\"12.427\" height=\"16.72\" viewbox=\"0 0 12.427 16.72\">\n  <path id=\"Path_5\" data-name=\"Path 5\" d=\"M75.322,129.667a6.22,6.22,0,0,0-7.438,6.1,5.834,5.834,0,0,0,.205,1.57,6.144,6.144,0,0,0,.288.855l.723,1.249,3.413,5.916a1.83,1.83,0,0,0,3.17,0l3.387-5.867.773-1.34a5.527,5.527,0,0,0,.263-.814,5.676,5.676,0,0,0,.2-1.261A6.255,6.255,0,0,0,75.322,129.667Zm-1.223,8.68a2.583,2.583,0,1,1,2.59-2.583A2.584,2.584,0,0,1,74.1,138.346Z\" transform=\"translate(-67.884 -129.55)\" fill=\"#3d91d9\"\/>\n<\/svg><span class=\"car-location\" data-no-translation>UME\u00c5 \u2013 FORMV\u00c4GEN 8<\/span><a href=\"https:\/\/www.niemibil.se\/en\/object\/skoda-karoq-2-0-tdi-4x4-style-drag-canton-pvarm-gps-kamera-sov\/\"><\/p>\n<h3>Skoda Karoq 2.0 TDI 4&#215;4 Style Drag Canton Pv\u00e4rm GPS Kamera SoV<\/h3>\n<p><\/a><span class=\"yearmodel\" data-no-translation=\"\">2019<\/span> | <span class=\"miles\" data-no-translation=\"\">15933 mil<\/span> | <span class=\"term-vaxellada\">Automatic<\/span> | <span class=\"term-drivmedel\">Diesel<\/span><\/p>\n<div class=\"data-type-object data-type-object-id-2650490\" interest-rate=\"8.95\" data-price=\"214900\" data-wp-id=\"2650490\" data-no-translation><span class=\"price-sek price-large price-total price-total-large\" data-price=\"214900\">214 900 kr<\/span><span class=\"price-sek price-large price-monthly price-monthly-large\">3 582 kr\/m\u00e5n<\/span><span class=\"price-sek price-small price-total price-total-small\"><span>Kontant<\/span> 214 900 kr<\/span><span class=\"price-sek price-small price-monthly price-monthly-small\"><span>eller<\/span> 3 582 kr\/m\u00e5n<\/span><\/div>\n\t\t<\/div>\n\t\t\t\t<\/div>\n\t\t\t\t<\/article>\n\t\t\t\t<article class=\"elementor-post elementor-grid-item post-2650476 objekt type-objekt status-publish format-standard hentry fordonstyp-suv drivmedel-diesel vaxellada-automatisk bilmarke-mercedes-benz farg-gra bilhall-umea-formvagen-8 egenskap-awd egenskap-dragkrok egenskap-motorvarmare ort-umea\" role=\"listitem\">\n\t\t\t\t<div class=\"elementor-post__text\">\n\t\t\t\t<div class=\"elementor-post__excerpt\">\n\t\t\t<p><a class=\"loop-main-link\" href=\"https:\/\/www.niemibil.se\/en\/object\/mercedes-benz-glc-220-d-coupe-4matic-9g-burmester-360-pvarm-skinn-sov\/\"><img decoding=\"async\" alt=\"Mercedes-Benz GLC 220 d Coup\u00e9 4MATIC 9G Burmester 360\u00b0 Pv\u00e4rm Skinn SoV\" class=\"loop-main-image\" width=\"1024\" height=\"768\" src=\"https:\/\/www.niemibil.se\/wp-content\/uploads\/images\/ads\/2650476\/054eda71-95cc-34ef-b660-0000cbee287b\" loading=\"lazy\" data-no-translation><img loading=\"lazy\" decoding=\"async\" alt=\"Mercedes-Benz GLC 220 d Coup\u00e9 4MATIC 9G Burmester 360\u00b0 Pv\u00e4rm Skinn SoV bakifr\u00e5n\" class=\"loop-secondary-image\" width=\"1024\" height=\"768\" src=\"https:\/\/www.niemibil.se\/wp-content\/uploads\/images\/ads\/2650476\/f48c6dc3-64bd-4dc4-d612-0000db897692\"><span class=\"loop-read-more\"> Read more \u203a\u203a <\/span><\/a><svg data-no-translation style=\"margin-bottom: 6px;\" xmlns=\"http:\/\/www.w3.org\/2000\/svg\" width=\"12.427\" height=\"16.72\" viewbox=\"0 0 12.427 16.72\">\n  <path id=\"Path_5\" data-name=\"Path 5\" d=\"M75.322,129.667a6.22,6.22,0,0,0-7.438,6.1,5.834,5.834,0,0,0,.205,1.57,6.144,6.144,0,0,0,.288.855l.723,1.249,3.413,5.916a1.83,1.83,0,0,0,3.17,0l3.387-5.867.773-1.34a5.527,5.527,0,0,0,.263-.814,5.676,5.676,0,0,0,.2-1.261A6.255,6.255,0,0,0,75.322,129.667Zm-1.223,8.68a2.583,2.583,0,1,1,2.59-2.583A2.584,2.584,0,0,1,74.1,138.346Z\" transform=\"translate(-67.884 -129.55)\" fill=\"#3d91d9\"\/>\n<\/svg><span class=\"car-location\" data-no-translation>UME\u00c5 \u2013 FORMV\u00c4GEN 8<\/span><a href=\"https:\/\/www.niemibil.se\/en\/object\/mercedes-benz-glc-220-d-coupe-4matic-9g-burmester-360-pvarm-skinn-sov\/\"><\/p>\n<h3>Mercedes-Benz GLC 220 d Coup\u00e9 4MATIC 9G Burmester 360\u00b0 Pv\u00e4rm Skinn SoV<\/h3>\n<p><\/a><span class=\"yearmodel\" data-no-translation=\"\">2019<\/span> | <span class=\"miles\" data-no-translation=\"\">13506 mil<\/span> | <span class=\"term-vaxellada\">Automatic<\/span> | <span class=\"term-drivmedel\">Diesel<\/span><\/p>\n<div class=\"data-type-object data-type-object-id-2650476\" interest-rate=\"8.95\" data-price=\"349900\" data-wp-id=\"2650476\" data-no-translation><span class=\"price-sek price-large price-total price-total-large\" data-price=\"349900\">349 900 kr<\/span><span class=\"price-sek price-large price-monthly price-monthly-large\">5 832 kr\/m\u00e5n<\/span><span class=\"price-sek price-small price-total price-total-small\"><span>Kontant<\/span> 349 900 kr<\/span><span class=\"price-sek price-small price-monthly price-monthly-small\"><span>eller<\/span> 5 832 kr\/m\u00e5n<\/span><\/div>\n\t\t<\/div>\n\t\t\t\t<\/div>\n\t\t\t\t<\/article>\n\t\t\t\t<article class=\"elementor-post elementor-grid-item post-2650474 objekt type-objekt status-publish format-standard hentry fordonstyp-suv drivmedel-bensin vaxellada-automatisk bilmarke-ford farg-vit bilhall-umea-formvagen-8 egenskap-awd egenskap-dragkrok ort-umea\" role=\"listitem\">\n\t\t\t\t<div class=\"elementor-post__text\">\n\t\t\t\t<div class=\"elementor-post__excerpt\">\n\t\t\t<p><a class=\"loop-main-link\" href=\"https:\/\/www.niemibil.se\/en\/object\/ford-kuga-1-6-awd-titanium-x-drag-mok-psens-s-v-hjul\/\"><img decoding=\"async\" alt=\"Ford Kuga 1.6 AWD Titanium X Drag MoK Psens S\/V-hjul\" class=\"loop-main-image\" width=\"1024\" height=\"768\" src=\"https:\/\/www.niemibil.se\/wp-content\/uploads\/images\/ads\/2650474\/a88e2d64-b97e-56b7-a544-000007ad58ac\" loading=\"lazy\" data-no-translation><img loading=\"lazy\" decoding=\"async\" alt=\"Ford Kuga 1.6 AWD Titanium X Drag MoK Psens S\/V-hjul bakifr\u00e5n\" class=\"loop-secondary-image\" width=\"1024\" height=\"768\" src=\"https:\/\/www.niemibil.se\/wp-content\/uploads\/images\/ads\/2650474\/f236fe84-af8f-d360-6500-0000dd308689\"><span class=\"loop-read-more\"> Read more \u203a\u203a <\/span><\/a><svg data-no-translation style=\"margin-bottom: 6px;\" xmlns=\"http:\/\/www.w3.org\/2000\/svg\" width=\"12.427\" height=\"16.72\" viewbox=\"0 0 12.427 16.72\">\n  <path id=\"Path_5\" data-name=\"Path 5\" d=\"M75.322,129.667a6.22,6.22,0,0,0-7.438,6.1,5.834,5.834,0,0,0,.205,1.57,6.144,6.144,0,0,0,.288.855l.723,1.249,3.413,5.916a1.83,1.83,0,0,0,3.17,0l3.387-5.867.773-1.34a5.527,5.527,0,0,0,.263-.814,5.676,5.676,0,0,0,.2-1.261A6.255,6.255,0,0,0,75.322,129.667Zm-1.223,8.68a2.583,2.583,0,1,1,2.59-2.583A2.584,2.584,0,0,1,74.1,138.346Z\" transform=\"translate(-67.884 -129.55)\" fill=\"#3d91d9\"\/>\n<\/svg><span class=\"car-location\" data-no-translation>UME\u00c5 \u2013 FORMV\u00c4GEN 8<\/span><a href=\"https:\/\/www.niemibil.se\/en\/object\/ford-kuga-1-6-awd-titanium-x-drag-mok-psens-s-v-hjul\/\"><\/p>\n<h3>Ford Kuga 1.6 AWD Titanium X Drag MoK Psens S\/V-hjul<\/h3>\n<p><\/a><span class=\"yearmodel\" data-no-translation=\"\">2015<\/span> | <span class=\"miles\" data-no-translation=\"\">17031 mil<\/span> | <span class=\"term-vaxellada\">Automatic<\/span> | <span class=\"term-drivmedel\">Petrol<\/span><\/p>\n<div class=\"data-type-object data-type-object-id-2650474\" interest-rate=\"8.95\" data-price=\"149900\" data-wp-id=\"2650474\" data-no-translation><span class=\"price-sek price-large price-total price-total-large\" data-price=\"149900\">149 900 kr<\/span><span class=\"price-sek price-large price-monthly price-monthly-large\">2 498 kr\/m\u00e5n<\/span><span class=\"price-sek price-small price-total price-total-small\"><span>Kontant<\/span> 149 900 kr<\/span><span class=\"price-sek price-small price-monthly price-monthly-small\"><span>eller<\/span> 2 498 kr\/m\u00e5n<\/span><\/div>\n\t\t<\/div>\n\t\t\t\t<\/div>\n\t\t\t\t<\/article>\n\t\t\t\t<article class=\"elementor-post elementor-grid-item post-2650438 objekt type-objekt status-publish format-standard hentry fordonstyp-halvkombi drivmedel-diesel vaxellada-automatisk bilmarke-volvo farg-svart bilhall-umea-formvagen-8 egenskap-motorvarmare ort-umea\" role=\"listitem\">\n\t\t\t\t<div class=\"elementor-post__text\">\n\t\t\t\t<div class=\"elementor-post__excerpt\">\n\t\t\t<p><a class=\"loop-main-link\" href=\"https:\/\/www.niemibil.se\/en\/object\/volvo-v40-d3-geartronic-r-design-voc-dvarm-psens-s-v-hjul\/\"><img decoding=\"async\" alt=\"Volvo V40 D3 Geartronic R-Design VoC Dv\u00e4rm Psens S\/V-hjul\" class=\"loop-main-image\" width=\"1024\" height=\"768\" src=\"https:\/\/www.niemibil.se\/wp-content\/uploads\/images\/ads\/2650438\/71b88bd7-4122-03bb-ab7e-00005dcec4a1\" loading=\"lazy\" data-no-translation><img loading=\"lazy\" decoding=\"async\" alt=\"Volvo V40 D3 Geartronic R-Design VoC Dv\u00e4rm Psens S\/V-hjul bakifr\u00e5n\" class=\"loop-secondary-image\" width=\"1024\" height=\"768\" src=\"https:\/\/www.niemibil.se\/wp-content\/uploads\/images\/ads\/2650438\/64367ce8-bf1b-87d4-312f-0000842a529f\"><span class=\"loop-read-more\"> Read more \u203a\u203a <\/span><\/a><svg data-no-translation style=\"margin-bottom: 6px;\" xmlns=\"http:\/\/www.w3.org\/2000\/svg\" width=\"12.427\" height=\"16.72\" viewbox=\"0 0 12.427 16.72\">\n  <path id=\"Path_5\" data-name=\"Path 5\" d=\"M75.322,129.667a6.22,6.22,0,0,0-7.438,6.1,5.834,5.834,0,0,0,.205,1.57,6.144,6.144,0,0,0,.288.855l.723,1.249,3.413,5.916a1.83,1.83,0,0,0,3.17,0l3.387-5.867.773-1.34a5.527,5.527,0,0,0,.263-.814,5.676,5.676,0,0,0,.2-1.261A6.255,6.255,0,0,0,75.322,129.667Zm-1.223,8.68a2.583,2.583,0,1,1,2.59-2.583A2.584,2.584,0,0,1,74.1,138.346Z\" transform=\"translate(-67.884 -129.55)\" fill=\"#3d91d9\"\/>\n<\/svg><span class=\"car-location\" data-no-translation>UME\u00c5 \u2013 FORMV\u00c4GEN 8<\/span><a href=\"https:\/\/www.niemibil.se\/en\/object\/volvo-v40-d3-geartronic-r-design-voc-dvarm-psens-s-v-hjul\/\"><\/p>\n<h3>Volvo V40 D3 Geartronic R-Design VoC Dv\u00e4rm Psens S\/V-hjul<\/h3>\n<p><\/a><span class=\"yearmodel\" data-no-translation=\"\">2019<\/span> | <span class=\"miles\" data-no-translation=\"\">10075 mil<\/span> | <span class=\"term-vaxellada\">Automatic<\/span> | <span class=\"term-drivmedel\">Diesel<\/span><\/p>\n<div class=\"data-type-object data-type-object-id-2650438\" interest-rate=\"8.95\" data-price=\"214900\" data-wp-id=\"2650438\" data-no-translation><span class=\"price-sek price-large price-total price-total-large\" data-price=\"214900\">214 900 kr<\/span><span class=\"price-sek price-large price-monthly price-monthly-large\">3 582 kr\/m\u00e5n<\/span><span class=\"price-sek price-small price-total price-total-small\"><span>Kontant<\/span> 214 900 kr<\/span><span class=\"price-sek price-small price-monthly price-monthly-small\"><span>eller<\/span> 3 582 kr\/m\u00e5n<\/span><\/div>\n\t\t<\/div>\n\t\t\t\t<\/div>\n\t\t\t\t<\/article>\n\t\t\t\t<article class=\"elementor-post elementor-grid-item post-2650429 objekt type-objekt status-publish format-standard hentry fordonstyp-suv drivmedel-hybrid vaxellada-automatisk bilmarke-bmw farg-silver bilhall-umea-formvagen-8 egenskap-awd egenskap-dragkrok ort-umea\" role=\"listitem\">\n\t\t\t\t<div class=\"elementor-post__text\">\n\t\t\t\t<div class=\"elementor-post__excerpt\">\n\t\t\t<p><a class=\"loop-main-link\" href=\"https:\/\/www.niemibil.se\/en\/object\/bmw-x3-xdrive30e-m-sport-cockpit-drag-gps-kamera-pvarm-sov\/\"><img decoding=\"async\" alt=\"BMW X3 xDrive30e M Sport Cockpit Drag GPS Kamera Pv\u00e4rm SoV\" class=\"loop-main-image\" width=\"1024\" height=\"768\" src=\"https:\/\/www.niemibil.se\/wp-content\/uploads\/images\/ads\/2650429\/fa775e5b-f7d6-3d8e-a908-0000bcf006c8\" loading=\"lazy\" data-no-translation><img loading=\"lazy\" decoding=\"async\" alt=\"BMW X3 xDrive30e M Sport Cockpit Drag GPS Kamera Pv\u00e4rm SoV bakifr\u00e5n\" class=\"loop-secondary-image\" width=\"1024\" height=\"768\" src=\"https:\/\/www.niemibil.se\/wp-content\/uploads\/images\/ads\/2650429\/1186600c-b03a-4989-d5fc-000041f94bc9\"><span class=\"loop-read-more\"> Read more \u203a\u203a <\/span><\/a><svg data-no-translation style=\"margin-bottom: 6px;\" xmlns=\"http:\/\/www.w3.org\/2000\/svg\" width=\"12.427\" height=\"16.72\" viewbox=\"0 0 12.427 16.72\">\n  <path id=\"Path_5\" data-name=\"Path 5\" d=\"M75.322,129.667a6.22,6.22,0,0,0-7.438,6.1,5.834,5.834,0,0,0,.205,1.57,6.144,6.144,0,0,0,.288.855l.723,1.249,3.413,5.916a1.83,1.83,0,0,0,3.17,0l3.387-5.867.773-1.34a5.527,5.527,0,0,0,.263-.814,5.676,5.676,0,0,0,.2-1.261A6.255,6.255,0,0,0,75.322,129.667Zm-1.223,8.68a2.583,2.583,0,1,1,2.59-2.583A2.584,2.584,0,0,1,74.1,138.346Z\" transform=\"translate(-67.884 -129.55)\" fill=\"#3d91d9\"\/>\n<\/svg><span class=\"car-location\" data-no-translation>UME\u00c5 \u2013 FORMV\u00c4GEN 8<\/span><a href=\"https:\/\/www.niemibil.se\/en\/object\/bmw-x3-xdrive30e-m-sport-cockpit-drag-gps-kamera-pvarm-sov\/\"><\/p>\n<h3>BMW X3 xDrive30e M Sport Cockpit Drag GPS Kamera Pv\u00e4rm SoV<\/h3>\n<p><\/a><span class=\"yearmodel\" data-no-translation=\"\">2021<\/span> | <span class=\"miles\" data-no-translation=\"\">11127 mil<\/span> | <span class=\"term-vaxellada\">Automatic<\/span> | <span class=\"term-drivmedel\">Hybrid<\/span><\/p>\n<div class=\"data-type-object data-type-object-id-2650429\" interest-rate=\"8.95\" data-price=\"349900\" data-wp-id=\"2650429\" data-no-translation><span class=\"price-sek price-large price-total price-total-large\" data-price=\"349900\">349 900 kr<\/span><span class=\"price-sek price-large price-monthly price-monthly-large\">5 832 kr\/m\u00e5n<\/span><span class=\"price-sek price-small price-total price-total-small\"><span>Kontant<\/span> 349 900 kr<\/span><span class=\"price-sek price-small price-monthly price-monthly-small\"><span>eller<\/span> 5 832 kr\/m\u00e5n<\/span><\/div>\n\t\t<\/div>\n\t\t\t\t<\/div>\n\t\t\t\t<\/article>\n\t\t\t\t<article class=\"elementor-post elementor-grid-item post-2650363 objekt type-objekt status-publish format-standard hentry fordonstyp-suv drivmedel-diesel vaxellada-automatisk bilmarke-hyundai farg-vit bilhall-umea-formvagen-8 egenskap-awd ort-umea\" role=\"listitem\">\n\t\t\t\t<div class=\"elementor-post__text\">\n\t\t\t\t<div class=\"elementor-post__excerpt\">\n\t\t\t<p><a class=\"loop-main-link\" href=\"https:\/\/www.niemibil.se\/en\/object\/hyundai-ix35-2-0-crdi-4wd-business-premium-drag-pano-mok-kamera-sov\/\"><img decoding=\"async\" alt=\"Hyundai ix35 2.0 CRDi 4WD Business Premium Drag Pano MoK Skinn SoV\" class=\"loop-main-image\" width=\"1024\" height=\"768\" src=\"https:\/\/www.niemibil.se\/wp-content\/uploads\/images\/ads\/2650363\/ecad2be4-a670-55d7-bbdf-000040469045\" loading=\"lazy\" data-no-translation><img loading=\"lazy\" decoding=\"async\" alt=\"Hyundai ix35 2.0 CRDi 4WD Business Premium Drag Pano MoK Skinn SoV bakifr\u00e5n\" class=\"loop-secondary-image\" width=\"1024\" height=\"768\" src=\"https:\/\/www.niemibil.se\/wp-content\/uploads\/images\/ads\/2650363\/9f4ba25c-c696-d24b-c965-00006d862efb\"><span class=\"loop-read-more\"> Read more \u203a\u203a <\/span><\/a><svg data-no-translation style=\"margin-bottom: 6px;\" xmlns=\"http:\/\/www.w3.org\/2000\/svg\" width=\"12.427\" height=\"16.72\" viewbox=\"0 0 12.427 16.72\">\n  <path id=\"Path_5\" data-name=\"Path 5\" d=\"M75.322,129.667a6.22,6.22,0,0,0-7.438,6.1,5.834,5.834,0,0,0,.205,1.57,6.144,6.144,0,0,0,.288.855l.723,1.249,3.413,5.916a1.83,1.83,0,0,0,3.17,0l3.387-5.867.773-1.34a5.527,5.527,0,0,0,.263-.814,5.676,5.676,0,0,0,.2-1.261A6.255,6.255,0,0,0,75.322,129.667Zm-1.223,8.68a2.583,2.583,0,1,1,2.59-2.583A2.584,2.584,0,0,1,74.1,138.346Z\" transform=\"translate(-67.884 -129.55)\" fill=\"#3d91d9\"\/>\n<\/svg><span class=\"car-location\" data-no-translation>UME\u00c5 \u2013 FORMV\u00c4GEN 8<\/span><a href=\"https:\/\/www.niemibil.se\/en\/object\/hyundai-ix35-2-0-crdi-4wd-business-premium-drag-pano-mok-kamera-sov\/\"><\/p>\n<h3>Hyundai ix35 2.0 CRDi 4WD Business Premium Drag Pano MoK Skinn SoV<\/h3>\n<p><\/a><span class=\"yearmodel\" data-no-translation=\"\">2014<\/span> | <span class=\"miles\" data-no-translation=\"\">18958 mil<\/span> | <span class=\"term-vaxellada\">Automatic<\/span> | <span class=\"term-drivmedel\">Diesel<\/span><\/p>\n<div class=\"data-type-object data-type-object-id-2650363\" interest-rate=\"8.95\" data-price=\"109900\" data-wp-id=\"2650363\" data-no-translation><span class=\"price-sek price-large price-total price-total-large\" data-price=\"109900\">109 900 kr<\/span><span class=\"price-sek price-large price-monthly price-monthly-large\">1 832 kr\/m\u00e5n<\/span><span class=\"price-sek price-small price-total price-total-small\"><span>Kontant<\/span> 109 900 kr<\/span><span class=\"price-sek price-small price-monthly price-monthly-small\"><span>eller<\/span> 1 832 kr\/m\u00e5n<\/span><\/div>\n\t\t<\/div>\n\t\t\t\t<\/div>\n\t\t\t\t<\/article>\n\t\t\t\t<article class=\"elementor-post elementor-grid-item post-2650302 objekt type-objekt status-publish format-standard hentry fordonstyp-transportbil-skap drivmedel-diesel vaxellada-manuell bilmarke-fiat farg-vit bilhall-umea-formvagen-8 ort-umea\" role=\"listitem\">\n\t\t\t\t<div class=\"elementor-post__text\">\n\t\t\t\t<div class=\"elementor-post__excerpt\">\n\t\t\t<p><a class=\"loop-main-link\" href=\"https:\/\/www.niemibil.se\/en\/object\/fiat-doblo-van-maxi-1-6-multijet-drag-mvarm-kamera-sov-moms\/\"><img decoding=\"async\" alt=\"Fiat Dobl\u00f2 Van Maxi 1.6 Multijet Drag Mv\u00e4rm Psens Kamera SoV MOMS\" class=\"loop-main-image\" width=\"1024\" height=\"768\" src=\"https:\/\/www.niemibil.se\/wp-content\/uploads\/images\/ads\/2650302\/63afec2f-2b5c-7c85-8c38-0000423966b7\" loading=\"lazy\" data-no-translation><img loading=\"lazy\" decoding=\"async\" alt=\"Fiat Dobl\u00f2 Van Maxi 1.6 Multijet Drag Mv\u00e4rm Psens Kamera SoV MOMS bakifr\u00e5n\" class=\"loop-secondary-image\" width=\"1024\" height=\"768\" src=\"https:\/\/www.niemibil.se\/wp-content\/uploads\/images\/ads\/2650302\/da90f33b-1ba0-10d5-7e08-0000a66d6836\"><span class=\"loop-read-more\"> Read more \u203a\u203a <\/span><\/a><svg data-no-translation style=\"margin-bottom: 6px;\" xmlns=\"http:\/\/www.w3.org\/2000\/svg\" width=\"12.427\" height=\"16.72\" viewbox=\"0 0 12.427 16.72\">\n  <path id=\"Path_5\" data-name=\"Path 5\" d=\"M75.322,129.667a6.22,6.22,0,0,0-7.438,6.1,5.834,5.834,0,0,0,.205,1.57,6.144,6.144,0,0,0,.288.855l.723,1.249,3.413,5.916a1.83,1.83,0,0,0,3.17,0l3.387-5.867.773-1.34a5.527,5.527,0,0,0,.263-.814,5.676,5.676,0,0,0,.2-1.261A6.255,6.255,0,0,0,75.322,129.667Zm-1.223,8.68a2.583,2.583,0,1,1,2.59-2.583A2.584,2.584,0,0,1,74.1,138.346Z\" transform=\"translate(-67.884 -129.55)\" fill=\"#3d91d9\"\/>\n<\/svg><span class=\"car-location\" data-no-translation>UME\u00c5 \u2013 FORMV\u00c4GEN 8<\/span><a href=\"https:\/\/www.niemibil.se\/en\/object\/fiat-doblo-van-maxi-1-6-multijet-drag-mvarm-kamera-sov-moms\/\"><\/p>\n<h3>Fiat Dobl\u00f2 Van Maxi 1.6 Multijet Drag Mv\u00e4rm Psens Kamera SoV MOMS<\/h3>\n<p><\/a><span class=\"yearmodel\" data-no-translation=\"\">2020<\/span> | <span class=\"miles\" data-no-translation=\"\">4614 mil<\/span> | <span class=\"term-vaxellada\">Manual<\/span> | <span class=\"term-drivmedel\">Diesel<\/span><\/p>\n<div class=\"data-type-object data-type-object-id-2650302\" interest-rate=\"8.95\" data-price=\"139900\" data-wp-id=\"2650302\" data-no-translation><span class=\"price-sek price-large price-total price-total-large\" data-price=\"139900\">139 900 kr<\/span><span class=\"price-sek price-large price-monthly price-monthly-large\">2 332 kr\/m\u00e5n<\/span><span class=\"price-sek price-small price-total price-total-small\"><span>Kontant<\/span> 139 900 kr<\/span><span class=\"price-sek price-small price-monthly price-monthly-small\"><span>eller<\/span> 2 332 kr\/m\u00e5n<\/span><\/div>\n\t\t<\/div>\n\t\t\t\t<\/div>\n\t\t\t\t<\/article>\n\t\t\t\t<article class=\"elementor-post elementor-grid-item post-2650193 objekt type-objekt status-publish format-standard hentry fordonstyp-kombi drivmedel-diesel vaxellada-automatisk bilmarke-volvo farg-svart bilhall-umea-formvagen-8 egenskap-dragkrok egenskap-motorvarmare ort-umea\" role=\"listitem\">\n\t\t\t\t<div class=\"elementor-post__text\">\n\t\t\t\t<div class=\"elementor-post__excerpt\">\n\t\t\t<p><a class=\"loop-main-link\" href=\"https:\/\/www.niemibil.se\/en\/object\/volvo-v60-b4-momentum-advanced-edt-drag-dvarm-kamera-gps-h-k-sov\/\"><img decoding=\"async\" alt=\"Volvo V60 B4 Momentum Advanced Edt Drag Dv\u00e4rm Kamera GPS H\/K SoV\" class=\"loop-main-image\" width=\"1024\" height=\"768\" src=\"https:\/\/www.niemibil.se\/wp-content\/uploads\/images\/ads\/2650193\/ad71cc63-eaf6-64a5-2d23-000097e7a815\" loading=\"lazy\" data-no-translation><img loading=\"lazy\" decoding=\"async\" alt=\"Volvo V60 B4 Momentum Advanced Edt Drag Dv\u00e4rm Kamera GPS H\/K SoV bakifr\u00e5n\" class=\"loop-secondary-image\" width=\"1024\" height=\"768\" src=\"https:\/\/www.niemibil.se\/wp-content\/uploads\/images\/ads\/2650193\/da01824a-408b-667a-e913-0000dc12c051\"><span class=\"loop-read-more\"> Read more \u203a\u203a <\/span><\/a><svg data-no-translation style=\"margin-bottom: 6px;\" xmlns=\"http:\/\/www.w3.org\/2000\/svg\" width=\"12.427\" height=\"16.72\" viewbox=\"0 0 12.427 16.72\">\n  <path id=\"Path_5\" data-name=\"Path 5\" d=\"M75.322,129.667a6.22,6.22,0,0,0-7.438,6.1,5.834,5.834,0,0,0,.205,1.57,6.144,6.144,0,0,0,.288.855l.723,1.249,3.413,5.916a1.83,1.83,0,0,0,3.17,0l3.387-5.867.773-1.34a5.527,5.527,0,0,0,.263-.814,5.676,5.676,0,0,0,.2-1.261A6.255,6.255,0,0,0,75.322,129.667Zm-1.223,8.68a2.583,2.583,0,1,1,2.59-2.583A2.584,2.584,0,0,1,74.1,138.346Z\" transform=\"translate(-67.884 -129.55)\" fill=\"#3d91d9\"\/>\n<\/svg><span class=\"car-location\" data-no-translation>UME\u00c5 \u2013 FORMV\u00c4GEN 8<\/span><a href=\"https:\/\/www.niemibil.se\/en\/object\/volvo-v60-b4-momentum-advanced-edt-drag-dvarm-kamera-gps-h-k-sov\/\"><\/p>\n<h3>Volvo V60 B4 Momentum Advanced Edt Drag Dv\u00e4rm Kamera GPS H\/K SoV<\/h3>\n<p><\/a><span class=\"yearmodel\" data-no-translation=\"\">2021<\/span> | <span class=\"miles\" data-no-translation=\"\">9299 mil<\/span> | <span class=\"term-vaxellada\">Automatic<\/span> | <span class=\"term-drivmedel\">Diesel<\/span><\/p>\n<div class=\"data-type-object data-type-object-id-2650193\" interest-rate=\"8.95\" data-price=\"299900\" data-wp-id=\"2650193\" data-no-translation><span class=\"price-sek price-large price-total price-total-large\" data-price=\"299900\">299 900 kr<\/span><span class=\"price-sek price-large price-monthly price-monthly-large\">4 998 kr\/m\u00e5n<\/span><span class=\"price-sek price-small price-total price-total-small\"><span>Kontant<\/span> 299 900 kr<\/span><span class=\"price-sek price-small price-monthly price-monthly-small\"><span>eller<\/span> 4 998 kr\/m\u00e5n<\/span><\/div>\n\t\t<\/div>\n\t\t\t\t<\/div>\n\t\t\t\t<\/article>\n\t\t\t\t<article class=\"elementor-post elementor-grid-item post-2650170 objekt type-objekt status-publish format-standard hentry fordonstyp-halvkombi drivmedel-el vaxellada-automatisk bilmarke-mg farg-svart bilhall-umea-formvagen-8 ort-umea\" role=\"listitem\">\n\t\t\t\t<div class=\"elementor-post__text\">\n\t\t\t\t<div class=\"elementor-post__excerpt\">\n\t\t\t<p><a class=\"loop-main-link\" href=\"https:\/\/www.niemibil.se\/en\/object\/mg-4-electric-standard-range-51-kwh-pvarm-kamera-carplay\/\"><img decoding=\"async\" alt=\"MG 4 Electric Standard Range 51 kWh Pv\u00e4rm Kamera Carplay\" class=\"loop-main-image\" width=\"1024\" height=\"768\" src=\"https:\/\/www.niemibil.se\/wp-content\/uploads\/images\/ads\/2650170\/15e234b4-4103-25c4-3c52-000050877f51\" loading=\"lazy\" data-no-translation><img loading=\"lazy\" decoding=\"async\" alt=\"MG 4 Electric Standard Range 51 kWh Pv\u00e4rm Kamera Carplay bakifr\u00e5n\" class=\"loop-secondary-image\" width=\"1024\" height=\"768\" src=\"https:\/\/www.niemibil.se\/wp-content\/uploads\/images\/ads\/2650170\/7f117ddf-27e1-1f29-6b2b-000023696675\"><span class=\"loop-read-more\"> Read more \u203a\u203a <\/span><\/a><svg data-no-translation style=\"margin-bottom: 6px;\" xmlns=\"http:\/\/www.w3.org\/2000\/svg\" width=\"12.427\" height=\"16.72\" viewbox=\"0 0 12.427 16.72\">\n  <path id=\"Path_5\" data-name=\"Path 5\" d=\"M75.322,129.667a6.22,6.22,0,0,0-7.438,6.1,5.834,5.834,0,0,0,.205,1.57,6.144,6.144,0,0,0,.288.855l.723,1.249,3.413,5.916a1.83,1.83,0,0,0,3.17,0l3.387-5.867.773-1.34a5.527,5.527,0,0,0,.263-.814,5.676,5.676,0,0,0,.2-1.261A6.255,6.255,0,0,0,75.322,129.667Zm-1.223,8.68a2.583,2.583,0,1,1,2.59-2.583A2.584,2.584,0,0,1,74.1,138.346Z\" transform=\"translate(-67.884 -129.55)\" fill=\"#3d91d9\"\/>\n<\/svg><span class=\"car-location\" data-no-translation>UME\u00c5 \u2013 FORMV\u00c4GEN 8<\/span><a href=\"https:\/\/www.niemibil.se\/en\/object\/mg-4-electric-standard-range-51-kwh-pvarm-kamera-carplay\/\"><\/p>\n<h3>MG 4 Electric Standard Range 51 kWh Pv\u00e4rm Kamera Carplay<\/h3>\n<p><\/a><span class=\"new-badge\">NEW<\/span><span class=\"yearmodel\" data-no-translation=\"\">2024<\/span> | <span class=\"miles\" data-no-translation=\"\">0 mil<\/span> | <span class=\"term-vaxellada\">Automatic<\/span> | <span class=\"term-drivmedel\">El<\/span><\/p>\n<div class=\"data-type-object\" data-no-translation><span class=\"price-sek price-large\">fr. 2 995 kr\/m\u00e5n<\/span><span class=\"price-sek price-small\">vid privatleasing<\/span><\/div>\n\t\t<\/div>\n\t\t\t\t<\/div>\n\t\t\t\t<\/article>\n\t\t\t\t<article class=\"elementor-post elementor-grid-item post-2650137 objekt type-objekt status-publish format-standard hentry fordonstyp-suv drivmedel-el vaxellada-automatisk bilmarke-mg farg-vit bilhall-umea-formvagen-8 egenskap-awd egenskap-dragkrok ort-umea\" role=\"listitem\">\n\t\t\t\t<div class=\"elementor-post__text\">\n\t\t\t\t<div class=\"elementor-post__excerpt\">\n\t\t\t<p><a class=\"loop-main-link\" href=\"https:\/\/www.niemibil.se\/en\/object\/mg-marvel-r-performance-awd-360-bose-panorama-drag-skinn-s-v-hjul\/\"><img decoding=\"async\" alt=\"MG Marvel R Performance AWD 360\u00b0 BOSE Panorama Drag Skinn S\/V-hjul\" class=\"loop-main-image\" width=\"1024\" height=\"768\" src=\"https:\/\/www.niemibil.se\/wp-content\/uploads\/images\/ads\/2650137\/451d30c9-0246-c98a-451b-000052f66e59\" loading=\"lazy\" data-no-translation><img loading=\"lazy\" decoding=\"async\" alt=\"MG Marvel R Performance AWD 360\u00b0 BOSE Panorama Drag Skinn S\/V-hjul bakifr\u00e5n\" class=\"loop-secondary-image\" width=\"1024\" height=\"768\" src=\"https:\/\/www.niemibil.se\/wp-content\/uploads\/images\/ads\/2650137\/58cbf86f-e14c-0226-60fc-0000f7008c71\"><span class=\"loop-read-more\"> Read more \u203a\u203a <\/span><\/a><svg data-no-translation style=\"margin-bottom: 6px;\" xmlns=\"http:\/\/www.w3.org\/2000\/svg\" width=\"12.427\" height=\"16.72\" viewbox=\"0 0 12.427 16.72\">\n  <path id=\"Path_5\" data-name=\"Path 5\" d=\"M75.322,129.667a6.22,6.22,0,0,0-7.438,6.1,5.834,5.834,0,0,0,.205,1.57,6.144,6.144,0,0,0,.288.855l.723,1.249,3.413,5.916a1.83,1.83,0,0,0,3.17,0l3.387-5.867.773-1.34a5.527,5.527,0,0,0,.263-.814,5.676,5.676,0,0,0,.2-1.261A6.255,6.255,0,0,0,75.322,129.667Zm-1.223,8.68a2.583,2.583,0,1,1,2.59-2.583A2.584,2.584,0,0,1,74.1,138.346Z\" transform=\"translate(-67.884 -129.55)\" fill=\"#3d91d9\"\/>\n<\/svg><span class=\"car-location\" data-no-translation>UME\u00c5 \u2013 FORMV\u00c4GEN 8<\/span><a href=\"https:\/\/www.niemibil.se\/en\/object\/mg-marvel-r-performance-awd-360-bose-panorama-drag-skinn-s-v-hjul\/\"><\/p>\n<h3>MG Marvel R Performance AWD 360\u00b0 BOSE Panorama Drag Skinn S\/V-hjul<\/h3>\n<p><\/a><span class=\"yearmodel\" data-no-translation=\"\">2022<\/span> | <span class=\"miles\" data-no-translation=\"\">4136 mil<\/span> | <span class=\"term-vaxellada\">Automatic<\/span> | <span class=\"term-drivmedel\">El<\/span><\/p>\n<div class=\"data-type-object data-type-object-id-2650137\" interest-rate=\"8.95\" data-price=\"269900\" data-wp-id=\"2650137\" data-no-translation><span class=\"price-sek price-large price-total price-total-large\" data-price=\"269900\">269 900 kr<\/span><span class=\"price-sek price-large price-monthly price-monthly-large\">4 498 kr\/m\u00e5n<\/span><span class=\"price-sek price-small price-total price-total-small\"><span>Kontant<\/span> 269 900 kr<\/span><span class=\"price-sek price-small price-monthly price-monthly-small\"><span>eller<\/span> 4 498 kr\/m\u00e5n<\/span><\/div>\n\t\t<\/div>\n\t\t\t\t<\/div>\n\t\t\t\t<\/article>\n\t\t\t\t<article class=\"elementor-post elementor-grid-item post-2650136 objekt type-objekt status-publish format-standard hentry fordonstyp-kombi drivmedel-diesel vaxellada-automatisk bilmarke-peugeot farg-svart bilhall-umea-formvagen-8 ort-umea\" role=\"listitem\">\n\t\t\t\t<div class=\"elementor-post__text\">\n\t\t\t\t<div class=\"elementor-post__excerpt\">\n\t\t\t<p><a class=\"loop-main-link\" href=\"https:\/\/www.niemibil.se\/en\/object\/peugeot-508-sw-gt-paket-focal-ljud-drag-360-mvarm-gps-s-v-hjul\/\"><img decoding=\"async\" alt=\"Peugeot 508 SW GT-Paket Focal-ljud Drag 360\u00b0 Mv\u00e4rm GPS S\/V-hjul\" class=\"loop-main-image\" width=\"1024\" height=\"768\" src=\"https:\/\/www.niemibil.se\/wp-content\/uploads\/images\/ads\/2650136\/bb8ab993-8346-b5e0-3d8a-0000dd77d37f\" loading=\"lazy\" data-no-translation><img loading=\"lazy\" decoding=\"async\" alt=\"Peugeot 508 SW GT-Paket Focal-ljud Drag 360\u00b0 Mv\u00e4rm GPS S\/V-hjul bakifr\u00e5n\" class=\"loop-secondary-image\" width=\"1024\" height=\"768\" src=\"https:\/\/www.niemibil.se\/wp-content\/uploads\/images\/ads\/2650136\/0ad36e89-60e0-9c5f-0f5f-00000240ec39\"><span class=\"loop-read-more\"> Read more \u203a\u203a <\/span><\/a><svg data-no-translation style=\"margin-bottom: 6px;\" xmlns=\"http:\/\/www.w3.org\/2000\/svg\" width=\"12.427\" height=\"16.72\" viewbox=\"0 0 12.427 16.72\">\n  <path id=\"Path_5\" data-name=\"Path 5\" d=\"M75.322,129.667a6.22,6.22,0,0,0-7.438,6.1,5.834,5.834,0,0,0,.205,1.57,6.144,6.144,0,0,0,.288.855l.723,1.249,3.413,5.916a1.83,1.83,0,0,0,3.17,0l3.387-5.867.773-1.34a5.527,5.527,0,0,0,.263-.814,5.676,5.676,0,0,0,.2-1.261A6.255,6.255,0,0,0,75.322,129.667Zm-1.223,8.68a2.583,2.583,0,1,1,2.59-2.583A2.584,2.584,0,0,1,74.1,138.346Z\" transform=\"translate(-67.884 -129.55)\" fill=\"#3d91d9\"\/>\n<\/svg><span class=\"car-location\" data-no-translation>UME\u00c5 \u2013 FORMV\u00c4GEN 8<\/span><a href=\"https:\/\/www.niemibil.se\/en\/object\/peugeot-508-sw-gt-paket-focal-ljud-drag-360-mvarm-gps-s-v-hjul\/\"><\/p>\n<h3>Peugeot 508 SW GT-Paket Focal-ljud Drag 360\u00b0 Mv\u00e4rm GPS S\/V-hjul<\/h3>\n<p><\/a><span class=\"yearmodel\" data-no-translation=\"\">2019<\/span> | <span class=\"miles\" data-no-translation=\"\">14501 mil<\/span> | <span class=\"term-vaxellada\">Automatic<\/span> | <span class=\"term-drivmedel\">Diesel<\/span><\/p>\n<div class=\"data-type-object data-type-object-id-2650136\" interest-rate=\"8.95\" data-price=\"209900\" data-wp-id=\"2650136\" data-no-translation><span class=\"price-sek price-large price-total price-total-large\" data-price=\"209900\">209 900 kr<\/span><span class=\"price-sek price-large price-monthly price-monthly-large\">3 498 kr\/m\u00e5n<\/span><span class=\"price-sek price-small price-total price-total-small\"><span>Kontant<\/span> 209 900 kr<\/span><span class=\"price-sek price-small price-monthly price-monthly-small\"><span>eller<\/span> 3 498 kr\/m\u00e5n<\/span><\/div>\n\t\t<\/div>\n\t\t\t\t<\/div>\n\t\t\t\t<\/article>\n\t\t\t\t<article class=\"elementor-post elementor-grid-item post-2650106 objekt type-objekt status-publish format-standard hentry fordonstyp-suv drivmedel-diesel vaxellada-automatisk bilmarke-volkswagen farg-morkgra bilhall-umea-formvagen-8 egenskap-awd egenskap-dragkrok egenskap-motorvarmare ort-umea\" role=\"listitem\">\n\t\t\t\t<div class=\"elementor-post__text\">\n\t\t\t\t<div class=\"elementor-post__excerpt\">\n\t\t\t<p><a class=\"loop-main-link\" href=\"https:\/\/www.niemibil.se\/en\/object\/volkswagen-tiguan-allspace-7-sits-2-0-tdi-awd-gt-drag-dvarm-kamera-sov\/\"><img decoding=\"async\" alt=\"Volkswagen Tiguan Allspace 7-sits 2.0 TDI AWD GT Drag Dv\u00e4rm Kamera SoV\" class=\"loop-main-image\" width=\"1024\" height=\"768\" src=\"https:\/\/www.niemibil.se\/wp-content\/uploads\/images\/ads\/2650106\/14507ba9-f592-642b-96a5-0000f620c8ae\" loading=\"lazy\" data-no-translation><img loading=\"lazy\" decoding=\"async\" alt=\"Volkswagen Tiguan Allspace 7-sits 2.0 TDI AWD GT Drag Dv\u00e4rm Kamera SoV bakifr\u00e5n\" class=\"loop-secondary-image\" width=\"1024\" height=\"768\" src=\"https:\/\/www.niemibil.se\/wp-content\/uploads\/images\/ads\/2650106\/d8ba5ea8-7e2c-98d4-4b1b-00007491d179\"><span class=\"loop-read-more\"> Read more \u203a\u203a <\/span><\/a><svg data-no-translation style=\"margin-bottom: 6px;\" xmlns=\"http:\/\/www.w3.org\/2000\/svg\" width=\"12.427\" height=\"16.72\" viewbox=\"0 0 12.427 16.72\">\n  <path id=\"Path_5\" data-name=\"Path 5\" d=\"M75.322,129.667a6.22,6.22,0,0,0-7.438,6.1,5.834,5.834,0,0,0,.205,1.57,6.144,6.144,0,0,0,.288.855l.723,1.249,3.413,5.916a1.83,1.83,0,0,0,3.17,0l3.387-5.867.773-1.34a5.527,5.527,0,0,0,.263-.814,5.676,5.676,0,0,0,.2-1.261A6.255,6.255,0,0,0,75.322,129.667Zm-1.223,8.68a2.583,2.583,0,1,1,2.59-2.583A2.584,2.584,0,0,1,74.1,138.346Z\" transform=\"translate(-67.884 -129.55)\" fill=\"#3d91d9\"\/>\n<\/svg><span class=\"car-location\" data-no-translation>UME\u00c5 \u2013 FORMV\u00c4GEN 8<\/span><a href=\"https:\/\/www.niemibil.se\/en\/object\/volkswagen-tiguan-allspace-7-sits-2-0-tdi-awd-gt-drag-dvarm-kamera-sov\/\"><\/p>\n<h3>Volkswagen Tiguan Allspace 7-sits 2.0 TDI AWD GT Drag Dv\u00e4rm Kamera SoV<\/h3>\n<p><\/a><span class=\"yearmodel\" data-no-translation=\"\">2021<\/span> | <span class=\"miles\" data-no-translation=\"\">8472 mil<\/span> | <span class=\"term-vaxellada\">Automatic<\/span> | <span class=\"term-drivmedel\">Diesel<\/span><\/p>\n<div class=\"data-type-object data-type-object-id-2650106\" interest-rate=\"8.95\" data-price=\"369900\" data-wp-id=\"2650106\" data-no-translation><span class=\"price-sek price-large price-total price-total-large\" data-price=\"369900\">369 900 kr<\/span><span class=\"price-sek price-large price-monthly price-monthly-large\">6 165 kr\/m\u00e5n<\/span><span class=\"price-sek price-small price-total price-total-small\"><span>Kontant<\/span> 369 900 kr<\/span><span class=\"price-sek price-small price-monthly price-monthly-small\"><span>eller<\/span> 6 165 kr\/m\u00e5n<\/span><\/div>\n\t\t<\/div>\n\t\t\t\t<\/div>\n\t\t\t\t<\/article>\n\t\t\t\t<article class=\"elementor-post elementor-grid-item post-2650042 objekt type-objekt status-publish format-standard hentry fordonstyp-suv drivmedel-diesel vaxellada-automatisk bilmarke-mercedes-benz farg-gra bilhall-umea-formvagen-8 egenskap-awd egenskap-dragkrok egenskap-motorvarmare ort-umea\" role=\"listitem\">\n\t\t\t\t<div class=\"elementor-post__text\">\n\t\t\t\t<div class=\"elementor-post__excerpt\">\n\t\t\t<p><a class=\"loop-main-link\" href=\"https:\/\/www.niemibil.se\/en\/object\/mercedes-benz-glc-220-d-coupe-4m-9g-amg-dvarm-burmester-360-kamera-sov\/\"><img decoding=\"async\" alt=\"Mercedes-Benz GLC 220 d Coup\u00e9 4M 9G AMG Dv\u00e4rm Burmester 360\u00b0 Kamera SoV\" class=\"loop-main-image\" width=\"1024\" height=\"768\" src=\"https:\/\/www.niemibil.se\/wp-content\/uploads\/images\/ads\/2650042\/e2c0e90c-3149-c2a2-fa4b-0000418dc425\" loading=\"lazy\" data-no-translation><img loading=\"lazy\" decoding=\"async\" alt=\"Mercedes-Benz GLC 220 d Coup\u00e9 4M 9G AMG Dv\u00e4rm Burmester 360\u00b0 Kamera SoV bakifr\u00e5n\" class=\"loop-secondary-image\" width=\"1024\" height=\"768\" src=\"https:\/\/www.niemibil.se\/wp-content\/uploads\/images\/ads\/2650042\/06ac1642-a30e-98d6-d268-0000af9ddd11\"><span class=\"loop-read-more\"> Read more \u203a\u203a <\/span><\/a><svg data-no-translation style=\"margin-bottom: 6px;\" xmlns=\"http:\/\/www.w3.org\/2000\/svg\" width=\"12.427\" height=\"16.72\" viewbox=\"0 0 12.427 16.72\">\n  <path id=\"Path_5\" data-name=\"Path 5\" d=\"M75.322,129.667a6.22,6.22,0,0,0-7.438,6.1,5.834,5.834,0,0,0,.205,1.57,6.144,6.144,0,0,0,.288.855l.723,1.249,3.413,5.916a1.83,1.83,0,0,0,3.17,0l3.387-5.867.773-1.34a5.527,5.527,0,0,0,.263-.814,5.676,5.676,0,0,0,.2-1.261A6.255,6.255,0,0,0,75.322,129.667Zm-1.223,8.68a2.583,2.583,0,1,1,2.59-2.583A2.584,2.584,0,0,1,74.1,138.346Z\" transform=\"translate(-67.884 -129.55)\" fill=\"#3d91d9\"\/>\n<\/svg><span class=\"car-location\" data-no-translation>UME\u00c5 \u2013 FORMV\u00c4GEN 8<\/span><a href=\"https:\/\/www.niemibil.se\/en\/object\/mercedes-benz-glc-220-d-coupe-4m-9g-amg-dvarm-burmester-360-kamera-sov\/\"><\/p>\n<h3>Mercedes-Benz GLC 220 d Coup\u00e9 4M 9G AMG Dv\u00e4rm Burmester 360\u00b0 Kamera SoV<\/h3>\n<p><\/a><span class=\"yearmodel\" data-no-translation=\"\">2017<\/span> | <span class=\"miles\" data-no-translation=\"\">9390 mil<\/span> | <span class=\"term-vaxellada\">Automatic<\/span> | <span class=\"term-drivmedel\">Diesel<\/span><\/p>\n<div class=\"data-type-object data-type-object-id-2650042\" interest-rate=\"8.95\" data-price=\"329900\" data-wp-id=\"2650042\" data-no-translation><span class=\"price-sek price-large price-total price-total-large\" data-price=\"329900\">329 900 kr<\/span><span class=\"price-sek price-large price-monthly price-monthly-large\">5 498 kr\/m\u00e5n<\/span><span class=\"price-sek price-small price-total price-total-small\"><span>Kontant<\/span> 329 900 kr<\/span><span class=\"price-sek price-small price-monthly price-monthly-small\"><span>eller<\/span> 5 498 kr\/m\u00e5n<\/span><\/div>\n\t\t<\/div>\n\t\t\t\t<\/div>\n\t\t\t\t<\/article>\n\t\t\t\t<article class=\"elementor-post elementor-grid-item post-2650040 objekt type-objekt status-publish format-standard hentry fordonstyp-kombi drivmedel-bensin vaxellada-automatisk bilmarke-peugeot farg-vit bilhall-umea-formvagen-8 egenskap-motorvarmare ort-umea\" role=\"listitem\">\n\t\t\t\t<div class=\"elementor-post__text\">\n\t\t\t\t<div class=\"elementor-post__excerpt\">\n\t\t\t<p><a class=\"loop-main-link\" href=\"https:\/\/www.niemibil.se\/en\/object\/peugeot-2008-1-2-vti-automat-farthallare-mvarm-kamrem-bytt-s-v-hjul\/\"><img decoding=\"async\" alt=\"Peugeot 2008 1.2 VTi Automat Farth\u00e5llare Mv\u00e4rm Kamrem bytt S\/V-hjul\" class=\"loop-main-image\" width=\"1024\" height=\"768\" src=\"https:\/\/www.niemibil.se\/wp-content\/uploads\/images\/ads\/2650040\/d8c74b32-78c0-f5ca-d871-000083b0039f\" loading=\"lazy\" data-no-translation><img loading=\"lazy\" decoding=\"async\" alt=\"Peugeot 2008 1.2 VTi Automat Farth\u00e5llare Mv\u00e4rm Kamrem bytt S\/V-hjul bakifr\u00e5n\" class=\"loop-secondary-image\" width=\"1024\" height=\"768\" src=\"https:\/\/www.niemibil.se\/wp-content\/uploads\/images\/ads\/2650040\/36120f10-abb2-d46a-c52e-00001eb65ae1\"><span class=\"loop-read-more\"> Read more \u203a\u203a <\/span><\/a><svg data-no-translation style=\"margin-bottom: 6px;\" xmlns=\"http:\/\/www.w3.org\/2000\/svg\" width=\"12.427\" height=\"16.72\" viewbox=\"0 0 12.427 16.72\">\n  <path id=\"Path_5\" data-name=\"Path 5\" d=\"M75.322,129.667a6.22,6.22,0,0,0-7.438,6.1,5.834,5.834,0,0,0,.205,1.57,6.144,6.144,0,0,0,.288.855l.723,1.249,3.413,5.916a1.83,1.83,0,0,0,3.17,0l3.387-5.867.773-1.34a5.527,5.527,0,0,0,.263-.814,5.676,5.676,0,0,0,.2-1.261A6.255,6.255,0,0,0,75.322,129.667Zm-1.223,8.68a2.583,2.583,0,1,1,2.59-2.583A2.584,2.584,0,0,1,74.1,138.346Z\" transform=\"translate(-67.884 -129.55)\" fill=\"#3d91d9\"\/>\n<\/svg><span class=\"car-location\" data-no-translation>UME\u00c5 \u2013 FORMV\u00c4GEN 8<\/span><a href=\"https:\/\/www.niemibil.se\/en\/object\/peugeot-2008-1-2-vti-automat-farthallare-mvarm-kamrem-bytt-s-v-hjul\/\"><\/p>\n<h3>Peugeot 2008 1.2 VTi Automat Farth\u00e5llare Mv\u00e4rm Kamrem bytt S\/V-hjul<\/h3>\n<p><\/a><span class=\"yearmodel\" data-no-translation=\"\">2014<\/span> | <span class=\"miles\" data-no-translation=\"\">13392 mil<\/span> | <span class=\"term-vaxellada\">Automatic<\/span> | <span class=\"term-drivmedel\">Petrol<\/span><\/p>\n<div class=\"data-type-object data-type-object-id-2650040\" interest-rate=\"8.95\" data-price=\"99900\" data-wp-id=\"2650040\" data-no-translation><span class=\"price-sek price-large price-total price-total-large\" data-price=\"99900\">99 900 kr<\/span><span class=\"price-sek price-large price-monthly price-monthly-large\">1 665 kr\/m\u00e5n<\/span><span class=\"price-sek price-small price-total price-total-small\"><span>Kontant<\/span> 99 900 kr<\/span><span class=\"price-sek price-small price-monthly price-monthly-small\"><span>eller<\/span> 1 665 kr\/m\u00e5n<\/span><\/div>\n\t\t<\/div>\n\t\t\t\t<\/div>\n\t\t\t\t<\/article>\n\t\t\t\t<article class=\"elementor-post elementor-grid-item post-2650020 objekt type-objekt status-publish format-standard hentry fordonstyp-kombi drivmedel-diesel vaxellada-automatisk bilmarke-volvo farg-morkgra bilhall-umea-formvagen-8 egenskap-awd egenskap-motorvarmare ort-umea\" role=\"listitem\">\n\t\t\t\t<div class=\"elementor-post__text\">\n\t\t\t\t<div class=\"elementor-post__excerpt\">\n\t\t\t<p><a class=\"loop-main-link\" href=\"https:\/\/www.niemibil.se\/en\/object\/volvo-v90-d4-awd-geartronic-drag-mvarm-dvarm-psens-carplay-sov\/\"><img decoding=\"async\" alt=\"Volvo V90 D4 AWD Geartronic Drag Mv\u00e4rm Dv\u00e4rm Psens Cockpit SoV\" class=\"loop-main-image\" width=\"1024\" height=\"768\" src=\"https:\/\/www.niemibil.se\/wp-content\/uploads\/images\/ads\/2650020\/155aeb4c-70b6-28bd-767c-0000b90b9282\" loading=\"lazy\" data-no-translation><img loading=\"lazy\" decoding=\"async\" alt=\"Volvo V90 D4 AWD Geartronic Drag Mv\u00e4rm Dv\u00e4rm Psens Cockpit SoV bakifr\u00e5n\" class=\"loop-secondary-image\" width=\"1024\" height=\"768\" src=\"https:\/\/www.niemibil.se\/wp-content\/uploads\/images\/ads\/2650020\/819b06d7-5953-d2c4-a887-00001dd49306\"><span class=\"loop-read-more\"> Read more \u203a\u203a <\/span><\/a><svg data-no-translation style=\"margin-bottom: 6px;\" xmlns=\"http:\/\/www.w3.org\/2000\/svg\" width=\"12.427\" height=\"16.72\" viewbox=\"0 0 12.427 16.72\">\n  <path id=\"Path_5\" data-name=\"Path 5\" d=\"M75.322,129.667a6.22,6.22,0,0,0-7.438,6.1,5.834,5.834,0,0,0,.205,1.57,6.144,6.144,0,0,0,.288.855l.723,1.249,3.413,5.916a1.83,1.83,0,0,0,3.17,0l3.387-5.867.773-1.34a5.527,5.527,0,0,0,.263-.814,5.676,5.676,0,0,0,.2-1.261A6.255,6.255,0,0,0,75.322,129.667Zm-1.223,8.68a2.583,2.583,0,1,1,2.59-2.583A2.584,2.584,0,0,1,74.1,138.346Z\" transform=\"translate(-67.884 -129.55)\" fill=\"#3d91d9\"\/>\n<\/svg><span class=\"car-location\" data-no-translation>UME\u00c5 \u2013 FORMV\u00c4GEN 8<\/span><a href=\"https:\/\/www.niemibil.se\/en\/object\/volvo-v90-d4-awd-geartronic-drag-mvarm-dvarm-psens-carplay-sov\/\"><\/p>\n<h3>Volvo V90 D4 AWD Geartronic Drag Mv\u00e4rm Dv\u00e4rm Psens Cockpit SoV<\/h3>\n<p><\/a><span class=\"yearmodel\" data-no-translation=\"\">2019<\/span> | <span class=\"miles\" data-no-translation=\"\">16100 mil<\/span> | <span class=\"term-vaxellada\">Automatic<\/span> | <span class=\"term-drivmedel\">Diesel<\/span><\/p>\n<div class=\"data-type-object data-type-object-id-2650020\" interest-rate=\"8.95\" data-price=\"249900\" data-wp-id=\"2650020\" data-no-translation><span class=\"price-sek price-large price-total price-total-large\" data-price=\"249900\">249 900 kr<\/span><span class=\"price-sek price-large price-monthly price-monthly-large\">4 165 kr\/m\u00e5n<\/span><span class=\"price-sek price-small price-total price-total-small\"><span>Kontant<\/span> 249 900 kr<\/span><span class=\"price-sek price-small price-monthly price-monthly-small\"><span>eller<\/span> 4 165 kr\/m\u00e5n<\/span><\/div>\n\t\t<\/div>\n\t\t\t\t<\/div>\n\t\t\t\t<\/article>\n\t\t\t\t<article class=\"elementor-post elementor-grid-item post-2649887 objekt type-objekt status-publish format-standard hentry fordonstyp-suv drivmedel-hybrid vaxellada-automatisk bilmarke-ford farg-gra bilhall-umea-formvagen-8 egenskap-dragkrok ort-umea\" role=\"listitem\">\n\t\t\t\t<div class=\"elementor-post__text\">\n\t\t\t\t<div class=\"elementor-post__excerpt\">\n\t\t\t<p><a class=\"loop-main-link\" href=\"https:\/\/www.niemibil.se\/en\/object\/ford-kuga-plug-in-hybrid-e-cvt-st-line-drag-kamera-gps-s-hjul\/\"><img decoding=\"async\" alt=\"Ford Kuga Plug-In Hybrid E-CVT ST-Line Drag Kamera GPS S-hjul\" class=\"loop-main-image\" width=\"1024\" height=\"768\" src=\"https:\/\/www.niemibil.se\/wp-content\/uploads\/images\/ads\/2649887\/0a3bd68a-70ff-93cf-708c-0000f7c3b461\" loading=\"lazy\" data-no-translation><img loading=\"lazy\" decoding=\"async\" alt=\"Ford Kuga Plug-In Hybrid E-CVT ST-Line Drag Kamera GPS S-hjul bakifr\u00e5n\" class=\"loop-secondary-image\" width=\"1024\" height=\"768\" src=\"https:\/\/www.niemibil.se\/wp-content\/uploads\/images\/ads\/2649887\/8c404d80-4964-f7c7-803d-0000f2a7c617\"><span class=\"loop-read-more\"> Read more \u203a\u203a <\/span><\/a><svg data-no-translation style=\"margin-bottom: 6px;\" xmlns=\"http:\/\/www.w3.org\/2000\/svg\" width=\"12.427\" height=\"16.72\" viewbox=\"0 0 12.427 16.72\">\n  <path id=\"Path_5\" data-name=\"Path 5\" d=\"M75.322,129.667a6.22,6.22,0,0,0-7.438,6.1,5.834,5.834,0,0,0,.205,1.57,6.144,6.144,0,0,0,.288.855l.723,1.249,3.413,5.916a1.83,1.83,0,0,0,3.17,0l3.387-5.867.773-1.34a5.527,5.527,0,0,0,.263-.814,5.676,5.676,0,0,0,.2-1.261A6.255,6.255,0,0,0,75.322,129.667Zm-1.223,8.68a2.583,2.583,0,1,1,2.59-2.583A2.584,2.584,0,0,1,74.1,138.346Z\" transform=\"translate(-67.884 -129.55)\" fill=\"#3d91d9\"\/>\n<\/svg><span class=\"car-location\" data-no-translation>UME\u00c5 \u2013 FORMV\u00c4GEN 8<\/span><a href=\"https:\/\/www.niemibil.se\/en\/object\/ford-kuga-plug-in-hybrid-e-cvt-st-line-drag-kamera-gps-s-hjul\/\"><\/p>\n<h3>Ford Kuga Plug-In Hybrid E-CVT ST-Line Drag Kamera GPS S-hjul<\/h3>\n<p><\/a><span class=\"yearmodel\" data-no-translation=\"\">2022<\/span> | <span class=\"miles\" data-no-translation=\"\">7124 mil<\/span> | <span class=\"term-vaxellada\">Automatic<\/span> | <span class=\"term-drivmedel\">Hybrid<\/span><\/p>\n<div class=\"data-type-object data-type-object-id-2649887\" interest-rate=\"8.95\" data-price=\"259900\" data-wp-id=\"2649887\" data-no-translation><span class=\"price-sek price-large price-total price-total-large\" data-price=\"259900\">259 900 kr<\/span><span class=\"price-sek price-large price-monthly price-monthly-large\">4 332 kr\/m\u00e5n<\/span><span class=\"price-sek price-small price-total price-total-small\"><span>Kontant<\/span> 259 900 kr<\/span><span class=\"price-sek price-small price-monthly price-monthly-small\"><span>eller<\/span> 4 332 kr\/m\u00e5n<\/span><\/div>\n\t\t<\/div>\n\t\t\t\t<\/div>\n\t\t\t\t<\/article>\n\t\t\t\t<article class=\"elementor-post elementor-grid-item post-2649842 objekt type-objekt status-publish format-standard hentry fordonstyp-halvkombi drivmedel-bensin vaxellada-automatisk bilmarke-audi farg-vit bilhall-umea-formvagen-8 ort-umea\" role=\"listitem\">\n\t\t\t\t<div class=\"elementor-post__text\">\n\t\t\t\t<div class=\"elementor-post__excerpt\">\n\t\t\t<p><a class=\"loop-main-link\" href=\"https:\/\/www.niemibil.se\/en\/object\/audi-a3-sportback-35-s-proline-adv-kamera-carplay-s-hjul-moms\/\"><img decoding=\"async\" alt=\"Audi A3 Sportback 35 S Proline Adv Kamera Carplay S-hjul MOMS\" class=\"loop-main-image\" width=\"1024\" height=\"768\" src=\"https:\/\/www.niemibil.se\/wp-content\/uploads\/images\/ads\/2649842\/d3c3a534-7a65-2728-6938-000040ffca45\" loading=\"lazy\" data-no-translation><img loading=\"lazy\" decoding=\"async\" alt=\"Audi A3 Sportback 35 S Proline Adv Kamera Carplay S-hjul MOMS bakifr\u00e5n\" class=\"loop-secondary-image\" width=\"1024\" height=\"768\" src=\"https:\/\/www.niemibil.se\/wp-content\/uploads\/images\/ads\/2649842\/b6e094f2-8ae6-f33b-cba3-0000bc64db0a\"><span class=\"loop-read-more\"> Read more \u203a\u203a <\/span><\/a><svg data-no-translation style=\"margin-bottom: 6px;\" xmlns=\"http:\/\/www.w3.org\/2000\/svg\" width=\"12.427\" height=\"16.72\" viewbox=\"0 0 12.427 16.72\">\n  <path id=\"Path_5\" data-name=\"Path 5\" d=\"M75.322,129.667a6.22,6.22,0,0,0-7.438,6.1,5.834,5.834,0,0,0,.205,1.57,6.144,6.144,0,0,0,.288.855l.723,1.249,3.413,5.916a1.83,1.83,0,0,0,3.17,0l3.387-5.867.773-1.34a5.527,5.527,0,0,0,.263-.814,5.676,5.676,0,0,0,.2-1.261A6.255,6.255,0,0,0,75.322,129.667Zm-1.223,8.68a2.583,2.583,0,1,1,2.59-2.583A2.584,2.584,0,0,1,74.1,138.346Z\" transform=\"translate(-67.884 -129.55)\" fill=\"#3d91d9\"\/>\n<\/svg><span class=\"car-location\" data-no-translation>UME\u00c5 \u2013 FORMV\u00c4GEN 8<\/span><a href=\"https:\/\/www.niemibil.se\/en\/object\/audi-a3-sportback-35-s-proline-adv-kamera-carplay-s-hjul-moms\/\"><\/p>\n<h3>Audi A3 Sportback 35 S Proline Adv Kamera Carplay S-hjul MOMS<\/h3>\n<p><\/a><span class=\"yearmodel\" data-no-translation=\"\">2025<\/span> | <span class=\"miles\" data-no-translation=\"\">1242 mil<\/span> | <span class=\"term-vaxellada\">Automatic<\/span> | <span class=\"term-drivmedel\">Petrol<\/span><\/p>\n<div class=\"data-type-object data-type-object-id-2649842\" interest-rate=\"8.95\" data-price=\"309900\" data-wp-id=\"2649842\" data-no-translation><span class=\"price-sek price-large price-total price-total-large\" data-price=\"309900\">309 900 kr<\/span><span class=\"price-sek price-large price-monthly price-monthly-large\">5 165 kr\/m\u00e5n<\/span><span class=\"price-sek price-small price-total price-total-small\"><span>Kontant<\/span> 309 900 kr<\/span><span class=\"price-sek price-small price-monthly price-monthly-small\"><span>eller<\/span> 5 165 kr\/m\u00e5n<\/span><\/div>\n\t\t<\/div>\n\t\t\t\t<\/div>\n\t\t\t\t<\/article>\n\t\t\t\t<article class=\"elementor-post elementor-grid-item post-2649828 objekt type-objekt status-publish format-standard hentry fordonstyp-kombi drivmedel-hybrid vaxellada-automatisk bilmarke-volvo farg-vit bilhall-umea-formvagen-8 egenskap-awd egenskap-dragkrok ort-umea\" role=\"listitem\">\n\t\t\t\t<div class=\"elementor-post__text\">\n\t\t\t\t<div class=\"elementor-post__excerpt\">\n\t\t\t<p><a class=\"loop-main-link\" href=\"https:\/\/www.niemibil.se\/en\/object\/volvo-v60-recharge-t6-awd-plus-dark-h-k-kamera-voc-sov-moms\/\"><img decoding=\"async\" alt=\"Volvo V60 Recharge T6 AWD Plus Dark H\/K Kamera VoC SoV MOMS\" class=\"loop-main-image\" width=\"1024\" height=\"768\" src=\"https:\/\/www.niemibil.se\/wp-content\/uploads\/images\/ads\/2649828\/a475f124-cb2f-19a9-f17b-0000f6b2539a\" loading=\"lazy\" data-no-translation><img loading=\"lazy\" decoding=\"async\" alt=\"Volvo V60 Recharge T6 AWD Plus Dark H\/K Kamera VoC SoV MOMS bakifr\u00e5n\" class=\"loop-secondary-image\" width=\"1024\" height=\"768\" src=\"https:\/\/www.niemibil.se\/wp-content\/uploads\/images\/ads\/2649828\/95631e68-721b-ff36-a874-0000e5a4f07a\"><span class=\"loop-read-more\"> Read more \u203a\u203a <\/span><\/a><svg data-no-translation style=\"margin-bottom: 6px;\" xmlns=\"http:\/\/www.w3.org\/2000\/svg\" width=\"12.427\" height=\"16.72\" viewbox=\"0 0 12.427 16.72\">\n  <path id=\"Path_5\" data-name=\"Path 5\" d=\"M75.322,129.667a6.22,6.22,0,0,0-7.438,6.1,5.834,5.834,0,0,0,.205,1.57,6.144,6.144,0,0,0,.288.855l.723,1.249,3.413,5.916a1.83,1.83,0,0,0,3.17,0l3.387-5.867.773-1.34a5.527,5.527,0,0,0,.263-.814,5.676,5.676,0,0,0,.2-1.261A6.255,6.255,0,0,0,75.322,129.667Zm-1.223,8.68a2.583,2.583,0,1,1,2.59-2.583A2.584,2.584,0,0,1,74.1,138.346Z\" transform=\"translate(-67.884 -129.55)\" fill=\"#3d91d9\"\/>\n<\/svg><span class=\"car-location\" data-no-translation>UME\u00c5 \u2013 FORMV\u00c4GEN 8<\/span><a href=\"https:\/\/www.niemibil.se\/en\/object\/volvo-v60-recharge-t6-awd-plus-dark-h-k-kamera-voc-sov-moms\/\"><\/p>\n<h3>Volvo V60 Recharge T6 AWD Plus Dark H\/K Kamera VoC SoV MOMS<\/h3>\n<p><\/a><span class=\"yearmodel\" data-no-translation=\"\">2024<\/span> | <span class=\"miles\" data-no-translation=\"\">12016 mil<\/span> | <span class=\"term-vaxellada\">Automatic<\/span> | <span class=\"term-drivmedel\">Hybrid<\/span><\/p>\n<div class=\"data-type-object data-type-object-id-2649828\" interest-rate=\"8.95\" data-price=\"384900\" data-wp-id=\"2649828\" data-no-translation><span class=\"price-sek price-large price-total price-total-large\" data-price=\"384900\">384 900 kr<\/span><span class=\"price-sek price-large price-monthly price-monthly-large\">6 415 kr\/m\u00e5n<\/span><span class=\"price-sek price-small price-total price-total-small\"><span>Kontant<\/span> 384 900 kr<\/span><span class=\"price-sek price-small price-monthly price-monthly-small\"><span>eller<\/span> 6 415 kr\/m\u00e5n<\/span><\/div>\n\t\t<\/div>\n\t\t\t\t<\/div>\n\t\t\t\t<\/article>\n\t\t\t\t<article class=\"elementor-post elementor-grid-item post-2649756 objekt type-objekt status-publish format-standard hentry fordonstyp-halvkombi drivmedel-hybrid vaxellada-automatisk bilmarke-mg farg-vit bilhall-umea-formvagen-8 ort-umea\" role=\"listitem\">\n\t\t\t\t<div class=\"elementor-post__text\">\n\t\t\t\t<div class=\"elementor-post__excerpt\">\n\t\t\t<p><a class=\"loop-main-link\" href=\"https:\/\/www.niemibil.se\/en\/object\/mg-3-hybrid-luxury-carplay-360-gps-pvarm-s-v-hjul-moms-3\/\"><img decoding=\"async\" alt=\"MG 3 Hybrid+ Luxury Carplay 360\u00b0 GPS Pv\u00e4rm S\/V-hjul MOMS\" class=\"loop-main-image\" width=\"1024\" height=\"768\" src=\"https:\/\/www.niemibil.se\/wp-content\/uploads\/images\/ads\/2649756\/d2b8d667-c5cd-9651-2f02-0000cde0a0d7\" loading=\"lazy\" data-no-translation><img loading=\"lazy\" decoding=\"async\" alt=\"MG 3 Hybrid+ Luxury Carplay 360\u00b0 GPS Pv\u00e4rm S\/V-hjul MOMS bakifr\u00e5n\" class=\"loop-secondary-image\" width=\"1024\" height=\"768\" src=\"https:\/\/www.niemibil.se\/wp-content\/uploads\/images\/ads\/2649756\/ae183a0a-7d62-efb6-3b35-000056f39e49\"><span class=\"loop-read-more\"> Read more \u203a\u203a <\/span><\/a><svg data-no-translation style=\"margin-bottom: 6px;\" xmlns=\"http:\/\/www.w3.org\/2000\/svg\" width=\"12.427\" height=\"16.72\" viewbox=\"0 0 12.427 16.72\">\n  <path id=\"Path_5\" data-name=\"Path 5\" d=\"M75.322,129.667a6.22,6.22,0,0,0-7.438,6.1,5.834,5.834,0,0,0,.205,1.57,6.144,6.144,0,0,0,.288.855l.723,1.249,3.413,5.916a1.83,1.83,0,0,0,3.17,0l3.387-5.867.773-1.34a5.527,5.527,0,0,0,.263-.814,5.676,5.676,0,0,0,.2-1.261A6.255,6.255,0,0,0,75.322,129.667Zm-1.223,8.68a2.583,2.583,0,1,1,2.59-2.583A2.584,2.584,0,0,1,74.1,138.346Z\" transform=\"translate(-67.884 -129.55)\" fill=\"#3d91d9\"\/>\n<\/svg><span class=\"car-location\" data-no-translation>UME\u00c5 \u2013 FORMV\u00c4GEN 8<\/span><a href=\"https:\/\/www.niemibil.se\/en\/object\/mg-3-hybrid-luxury-carplay-360-gps-pvarm-s-v-hjul-moms-3\/\"><\/p>\n<h3>MG 3 Hybrid+ Luxury Carplay 360\u00b0 GPS Pheat B\/W wheels VAT<\/h3>\n<p><\/a><span class=\"yearmodel\" data-no-translation=\"\">2024<\/span> | <span class=\"miles\" data-no-translation=\"\">559 mil<\/span> | <span class=\"term-vaxellada\">Automatic<\/span> | <span class=\"term-drivmedel\">Hybrid<\/span><\/p>\n<div class=\"data-type-object data-type-object-id-2649756\" interest-rate=\"8.95\" data-price=\"249900\" data-wp-id=\"2649756\" data-no-translation><span class=\"price-sek price-large price-total price-total-large\" data-price=\"249900\">249 900 kr<\/span><span class=\"price-sek price-large price-monthly price-monthly-large\">4 165 kr\/m\u00e5n<\/span><span class=\"price-sek price-small price-total price-total-small\"><span>Kontant<\/span> 249 900 kr<\/span><span class=\"price-sek price-small price-monthly price-monthly-small\"><span>eller<\/span> 4 165 kr\/m\u00e5n<\/span><\/div>\n\t\t<\/div>\n\t\t\t\t<\/div>\n\t\t\t\t<\/article>\n\t\t\t\t<\/div>\n\t\t\t\t\t<span class=\"e-load-more-spinner\">\n\t\t\t\t<i aria-hidden=\"true\" class=\"fas fa-spinner\"><\/i>\t\t\t<\/span>\n\t\t\n\t\t\t\t<div class=\"e-load-more-anchor\" data-page=\"1\" data-max-page=\"5\" data-next-page=\"https:\/\/www.niemibil.se\/wp-json\/wp\/v2\/pages\/2058824\/page\/2\/\"><\/div>\n\t\t\t\t<div class=\"elementor-button-wrapper\">\n\t\t\t<a class=\"elementor-button elementor-size-sm\" role=\"button\">\n\t\t\t\t\t\t<span class=\"elementor-button-content-wrapper\">\n\t\t\t\t\t\t\t\t\t<span class=\"elementor-button-text\">Load more<\/span>\n\t\t\t\t\t<\/span>\n\t\t\t\t\t<\/a>\n\t\t<\/div>\n\t\t\t\t<div class=\"e-load-more-message\"><\/div>\n\t\t\t\t\t\t<\/div>\n\t\t\t\t<\/div>\n\t\t\t\t<div class=\"elementor-element elementor-element-559882ef elementor-widget elementor-widget-spacer\" data-id=\"559882ef\" data-element_type=\"widget\" data-e-type=\"widget\" data-widget_type=\"spacer.default\">\n\t\t\t\t\t\t\t<div class=\"elementor-spacer\">\n\t\t\t<div class=\"elementor-spacer-inner\"><\/div>\n\t\t<\/div>\n\t\t\t\t\t\t<\/div>\n\t\t\t\t\t<\/div>\n\t\t\t\t<\/div>\n\t\t<div class=\"elementor-element elementor-element-633a5a80 e-flex e-con-boxed e-con e-parent\" data-id=\"633a5a80\" data-element_type=\"container\" data-e-type=\"container\">\n\t\t\t\t\t<div class=\"e-con-inner\">\n\t\t<div class=\"elementor-element elementor-element-1fb4c298 e-flex e-con-boxed e-con e-parent\" data-id=\"1fb4c298\" data-element_type=\"container\" data-e-type=\"container\">\n\t\t\t\t\t<div class=\"e-con-inner\">\n\t\t\t\t<div class=\"elementor-element elementor-element-5de74023 elementor-widget elementor-widget-heading\" data-id=\"5de74023\" data-element_type=\"widget\" data-e-type=\"widget\" data-widget_type=\"heading.default\">\n\t\t\t\t\t<h2 class=\"elementor-heading-title elementor-size-default\">Welcome to us in Ume\u00e5<\/h2>\t\t\t\t<\/div>\n\t\t\t\t<div class=\"elementor-element elementor-element-1f71f916 elementor-widget elementor-widget-text-editor\" data-id=\"1f71f916\" data-element_type=\"widget\" data-e-type=\"widget\" data-widget_type=\"text-editor.default\">\n\t\t\t\t\t\t\t\t\t<p>We have the largest selection of used cars in all of Ume\u00e5. Feel free to visit us, you can find us at Formv\u00e4gen 8.<\/p><p>See our contact details in Ume\u00e5.<\/p>\t\t\t\t\t\t\t\t<\/div>\n\t\t\t\t<div class=\"elementor-element elementor-element-31236fd7 elementor-align-center elementor-widget elementor-widget-button\" data-id=\"31236fd7\" data-element_type=\"widget\" data-e-type=\"widget\" data-widget_type=\"button.default\">\n\t\t\t\t\t\t\t\t\t\t<a class=\"elementor-button elementor-button-link elementor-size-sm\" href=\"https:\/\/www.niemibil.se\/en\/facility\/formvagen-8-umea\/\">\n\t\t\t\t\t\t<span class=\"elementor-button-content-wrapper\">\n\t\t\t\t\t\t\t\t\t<span class=\"elementor-button-text\">Contact us in Ume\u00e5<\/span>\n\t\t\t\t\t<\/span>\n\t\t\t\t\t<\/a>\n\t\t\t\t\t\t\t\t<\/div>\n\t\t\t\t\t<\/div>\n\t\t\t\t<\/div>\n\t\t<div class=\"elementor-element elementor-element-16747a8c e-con-full e-flex e-con e-parent\" data-id=\"16747a8c\" data-element_type=\"container\" data-e-type=\"container\">\n\t\t\t\t<div class=\"elementor-element elementor-element-22c299c7 elementor-widget elementor-widget-image\" data-id=\"22c299c7\" data-element_type=\"widget\" data-e-type=\"widget\" data-widget_type=\"image.default\">\n\t\t\t\t\t\t\t\t\t\t\t\t\t\t\t<img loading=\"lazy\" decoding=\"async\" width=\"1024\" height=\"683\" src=\"https:\/\/www.niemibil.se\/wp-content\/uploads\/2023\/05\/niemi-bil-lokal-umea-1009-HDR-1024x683.jpg\" class=\"attachment-large size-large wp-image-2054022\" alt=\"\" srcset=\"https:\/\/www.niemibil.se\/wp-content\/uploads\/2023\/05\/niemi-bil-lokal-umea-1009-HDR-1024x683.jpg 1024w, https:\/\/www.niemibil.se\/wp-content\/uploads\/2023\/05\/niemi-bil-lokal-umea-1009-HDR-300x200.jpg 300w, https:\/\/www.niemibil.se\/wp-content\/uploads\/2023\/05\/niemi-bil-lokal-umea-1009-HDR-768x512.jpg 768w, https:\/\/www.niemibil.se\/wp-content\/uploads\/2023\/05\/niemi-bil-lokal-umea-1009-HDR-1536x1025.jpg 1536w, https:\/\/www.niemibil.se\/wp-content\/uploads\/2023\/05\/niemi-bil-lokal-umea-1009-HDR-18x12.jpg 18w, https:\/\/www.niemibil.se\/wp-content\/uploads\/2023\/05\/niemi-bil-lokal-umea-1009-HDR.jpg 1920w\" sizes=\"auto, (max-width: 1024px) 100vw, 1024px\">\t\t\t\t\t\t\t\t\t\t\t\t\t\t\t<\/div>\n\t\t\t\t<\/div>\n\t\t\t\t\t<\/div>\n\t\t\t\t<\/div>\n\t\t<div class=\"elementor-element elementor-element-4a1c38bf e-flex e-con-boxed e-con e-parent\" data-id=\"4a1c38bf\" data-element_type=\"container\" data-e-type=\"container\">\n\t\t\t\t\t<div class=\"e-con-inner\">\n\t\t<div class=\"elementor-element elementor-element-21f9d98e e-con-full e-flex e-con e-parent\" data-id=\"21f9d98e\" data-element_type=\"container\" data-e-type=\"container\">\n\t\t\t\t<div class=\"elementor-element elementor-element-35b9ef92 elementor-widget elementor-widget-heading\" data-id=\"35b9ef92\" data-element_type=\"widget\" data-e-type=\"widget\" data-widget_type=\"heading.default\">\n\t\t\t\t\t<h2 class=\"elementor-heading-title elementor-size-large\">Niemi Bil in Ume\u00e5: The first choice for used cars near you<\/h2>\t\t\t\t<\/div>\n\t\t\t\t<div class=\"elementor-element elementor-element-796ffe2c elementor-widget elementor-widget-text-editor\" data-id=\"796ffe2c\" data-element_type=\"widget\" data-e-type=\"widget\" data-widget_type=\"text-editor.default\">\n\t\t\t\t\t\t\t\t\t<p>We inspect the cars available for sale with us, wash them, clean them and check their function and condition. Sometimes it may be necessary to replace something before sale, and in that case our workshop has already fixed it.<\/p><p>That said, a used car is still a used car. But we do our utmost to offer you the safest deal possible. When you buy through us, you often have better protection than if you buy a car privately.<\/p><p><span style=\"--tw-border-spacing-x: 0; --tw-border-spacing-y: 0; --tw-translate-x: 0; --tw-translate-y: 0; --tw-rotate: 0; --tw-skew-x: 0; --tw-skew-y: 0; --tw-scale-x: 1; --tw-scale-y: 1; --tw-scroll-snap-strictness: proximity; --tw-ring-offset-width: 0px; --tw-ring-offset-color: #fff; --tw-ring-color: rgb(59 130 246 \/ .5); --tw-ring-offset-shadow: 0 0 #0000; --tw-ring-shadow: 0 0 #0000; --tw-shadow: 0 0 #0000; --tw-shadow-colored: 0 0 #0000; text-align: center; color: #ff0000;\"><span style=\"--tw-border-spacing-x: 0; --tw-border-spacing-y: 0; --tw-translate-x: 0; --tw-translate-y: 0; --tw-rotate: 0; --tw-skew-x: 0; --tw-skew-y: 0; --tw-scale-x: 1; --tw-scale-y: 1; --tw-scroll-snap-strictness: proximity; --tw-ring-offset-width: 0px; --tw-ring-offset-color: #fff; --tw-ring-color: rgb(59 130 246 \/ .5); --tw-ring-offset-shadow: 0 0 #0000; --tw-ring-shadow: 0 0 #0000; --tw-shadow: 0 0 #0000; --tw-shadow-colored: 0 0 #0000; font-weight: bolder;\">\u2713<\/span><\/span><span style=\"text-align: center;\"> Road safety guarantee included<br \/><span style=\"--tw-border-spacing-x: 0; --tw-border-spacing-y: 0; --tw-translate-x: 0; --tw-translate-y: 0; --tw-rotate: 0; --tw-skew-x: 0; --tw-skew-y: 0; --tw-scale-x: 1; --tw-scale-y: 1; --tw-scroll-snap-strictness: proximity; --tw-ring-offset-width: 0px; --tw-ring-offset-color: #fff; --tw-ring-color: rgb(59 130 246 \/ .5); --tw-ring-offset-shadow: 0 0 #0000; --tw-ring-shadow: 0 0 #0000; --tw-shadow: 0 0 #0000; --tw-shadow-colored: 0 0 #0000; text-align: center; color: #ff0000;\"><span style=\"--tw-border-spacing-x: 0; --tw-border-spacing-y: 0; --tw-translate-x: 0; --tw-translate-y: 0; --tw-rotate: 0; --tw-skew-x: 0; --tw-skew-y: 0; --tw-scale-x: 1; --tw-scale-y: 1; --tw-scroll-snap-strictness: proximity; --tw-ring-offset-width: 0px; --tw-ring-offset-color: #fff; --tw-ring-color: rgb(59 130 246 \/ .5); --tw-ring-offset-shadow: 0 0 #0000; --tw-ring-shadow: 0 0 #0000; --tw-shadow: 0 0 #0000; --tw-shadow-colored: 0 0 #0000; font-weight: bolder;\">\u2713<\/span><\/span> You can choose to add up to one year of used car insurance coverage<br \/><\/span><span style=\"--tw-border-spacing-x: 0; --tw-border-spacing-y: 0; --tw-translate-x: 0; --tw-translate-y: 0; --tw-rotate: 0; --tw-skew-x: 0; --tw-skew-y: 0; --tw-scale-x: 1; --tw-scale-y: 1; --tw-scroll-snap-strictness: proximity; --tw-ring-offset-width: 0px; --tw-ring-offset-color: #fff; --tw-ring-color: rgb(59 130 246 \/ .5); --tw-ring-offset-shadow: 0 0 #0000; --tw-ring-shadow: 0 0 #0000; --tw-shadow: 0 0 #0000; --tw-shadow-colored: 0 0 #0000; text-align: center; color: #ff0000;\"><span style=\"--tw-border-spacing-x: 0; --tw-border-spacing-y: 0; --tw-translate-x: 0; --tw-translate-y: 0; --tw-rotate: 0; --tw-skew-x: 0; --tw-skew-y: 0; --tw-scale-x: 1; --tw-scale-y: 1; --tw-scroll-snap-strictness: proximity; --tw-ring-offset-width: 0px; --tw-ring-offset-color: #fff; --tw-ring-color: rgb(59 130 246 \/ .5); --tw-ring-offset-shadow: 0 0 #0000; --tw-ring-shadow: 0 0 #0000; --tw-shadow: 0 0 #0000; --tw-shadow-colored: 0 0 #0000; font-weight: bolder;\">\u2713<\/span><\/span><span style=\"text-align: center;\"> We are always just a call away.<br \/><\/span><span style=\"--tw-border-spacing-x: 0; --tw-border-spacing-y: 0; --tw-translate-x: 0; --tw-translate-y: 0; --tw-rotate: 0; --tw-skew-x: 0; --tw-skew-y: 0; --tw-scale-x: 1; --tw-scale-y: 1; --tw-scroll-snap-strictness: proximity; --tw-ring-offset-width: 0px; --tw-ring-offset-color: #fff; --tw-ring-color: rgb(59 130 246 \/ .5); --tw-ring-offset-shadow: 0 0 #0000; --tw-ring-shadow: 0 0 #0000; --tw-shadow: 0 0 #0000; --tw-shadow-colored: 0 0 #0000; text-align: center; color: #ff0000;\"><span style=\"--tw-border-spacing-x: 0; --tw-border-spacing-y: 0; --tw-translate-x: 0; --tw-translate-y: 0; --tw-rotate: 0; --tw-skew-x: 0; --tw-skew-y: 0; --tw-scale-x: 1; --tw-scale-y: 1; --tw-scroll-snap-strictness: proximity; --tw-ring-offset-width: 0px; --tw-ring-offset-color: #fff; --tw-ring-color: rgb(59 130 246 \/ .5); --tw-ring-offset-shadow: 0 0 #0000; --tw-ring-shadow: 0 0 #0000; --tw-shadow: 0 0 #0000; --tw-shadow-colored: 0 0 #0000; font-weight: bolder;\">\u2713<\/span><\/span><span style=\"text-align: center;\"> Chat with us every day<\/span><\/p>\t\t\t\t\t\t\t\t<\/div>\n\t\t\t\t<div class=\"elementor-element elementor-element-36710e7d elementor-widget elementor-widget-heading\" data-id=\"36710e7d\" data-element_type=\"widget\" data-e-type=\"widget\" data-widget_type=\"heading.default\">\n\t\t\t\t\t<h2 class=\"elementor-heading-title elementor-size-large\">We strive to give you the best customer service in Ume\u00e5.<\/h2>\t\t\t\t<\/div>\n\t\t\t\t<div class=\"elementor-element elementor-element-5e36227b elementor-widget elementor-widget-text-editor\" data-id=\"5e36227b\" data-element_type=\"widget\" data-e-type=\"widget\" data-widget_type=\"text-editor.default\">\n\t\t\t\t\t\t\t\t\t<p>Our goal is to make our customers happy, and we understand that it takes complete commitment in every situation to fulfill that promise.<\/p><p>We believe in honesty. We are a transparent family business and value an open dialogue with every visitor \u2013 where we strive to treat every customer as if they were our only one.<\/p>\t\t\t\t\t\t\t\t<\/div>\n\t\t\t\t<div class=\"elementor-element elementor-element-6af863b9 elementor-widget elementor-widget-heading\" data-id=\"6af863b9\" data-element_type=\"widget\" data-e-type=\"widget\" data-widget_type=\"heading.default\">\n\t\t\t\t\t<h2 class=\"elementor-heading-title elementor-size-large\">Long experience with used cars<\/h2>\t\t\t\t<\/div>\n\t\t\t\t<div class=\"elementor-element elementor-element-32899c5f elementor-widget elementor-widget-text-editor\" data-id=\"32899c5f\" data-element_type=\"widget\" data-e-type=\"widget\" data-widget_type=\"text-editor.default\">\n\t\t\t\t\t\t\t\t\t<p>Roger Niemi started Niemi Bil in 2006 with a desire to do things better, do things differently.<\/p><p>The motto &quot;We&#039;ll only do it if we can do it really well&quot; has stuck with us since the start, and we use all the experience we&#039;ve gathered every day to help you find the right car for you.<\/p><p>We buy and sell the most cars in Northern Sweden of all brands and price ranges. This has given us a good understanding of most car models. If you tell us about your needs, we can certainly give you tips on the right car that suits you.<\/p>\t\t\t\t\t\t\t\t<\/div>\n\t\t\t\t<div class=\"elementor-element elementor-element-25dad91e elementor-widget elementor-widget-heading\" data-id=\"25dad91e\" data-element_type=\"widget\" data-e-type=\"widget\" data-widget_type=\"heading.default\">\n\t\t\t\t\t<h2 class=\"elementor-heading-title elementor-size-large\">Customer Reviews: Hear what our Ume\u00e5 customers have to say about Niemi Bil<\/h2>\t\t\t\t<\/div>\n\t\t\t\t<div class=\"elementor-element elementor-element-5746f798 elementor-widget elementor-widget-text-editor\" data-id=\"5746f798\" data-element_type=\"widget\" data-e-type=\"widget\" data-widget_type=\"text-editor.default\">\n\t\t\t\t\t\t\t\t\t<p>We strive every day to have the most satisfied customers in the industry. Here are some of our latest reviews in Ume\u00e5:<\/p>\t\t\t\t\t\t\t\t<\/div>\n\t\t\t\t<div class=\"elementor-element elementor-element-67937b71 elementor-widget elementor-widget-testimonial\" data-id=\"67937b71\" data-element_type=\"widget\" data-e-type=\"widget\" data-widget_type=\"testimonial.default\">\n\t\t\t\t\t\t\t<div class=\"elementor-testimonial-wrapper\">\n\t\t\t\t\t\t\t<div class=\"elementor-testimonial-content\">&quot;Contacted Niemi Bil\/inkop to sell the car. Received an incredibly nice treatment from the beginning until the money was in the account. Fast - Easy - Nice treatment. Highly recommend them!&quot;\n<\/div>\n\t\t\t\n\t\t\t\t\t\t<div class=\"elementor-testimonial-meta elementor-has-image elementor-testimonial-image-position-aside\">\n\t\t\t\t<div class=\"elementor-testimonial-meta-inner\">\n\t\t\t\t\t\t\t\t\t\t\t<div class=\"elementor-testimonial-image\">\n\t\t\t\t\t\t\t<img loading=\"lazy\" decoding=\"async\" width=\"1604\" height=\"802\" src=\"https:\/\/www.niemibil.se\/wp-content\/uploads\/2023\/05\/goog.webp\" class=\"attachment-full size-full wp-image-2052478\" alt=\"\" srcset=\"https:\/\/www.niemibil.se\/wp-content\/uploads\/2023\/05\/goog.webp 1604w, https:\/\/www.niemibil.se\/wp-content\/uploads\/2023\/05\/goog-300x150.webp 300w, https:\/\/www.niemibil.se\/wp-content\/uploads\/2023\/05\/goog-1024x512.webp 1024w, https:\/\/www.niemibil.se\/wp-content\/uploads\/2023\/05\/goog-768x384.webp 768w, https:\/\/www.niemibil.se\/wp-content\/uploads\/2023\/05\/goog-1536x768.webp 1536w, https:\/\/www.niemibil.se\/wp-content\/uploads\/2023\/05\/goog-18x9.webp 18w\" sizes=\"auto, (max-width: 1604px) 100vw, 1604px\" \/>\t\t\t\t\t\t<\/div>\n\t\t\t\t\t\n\t\t\t\t\t\t\t\t\t\t<div class=\"elementor-testimonial-details\">\n\t\t\t\t\t\t\t\t\t\t\t\t\t\t<div class=\"elementor-testimonial-name\">Hans Wikstrom, Ume\u00e5<\/div>\n\t\t\t\t\t\t\t\t\t\t\t\t\t\t\t\t\t\t\t\t\t\t<div class=\"elementor-testimonial-job\">\u2605\u2605\u2605\u2605\u2605 <\/div>\n\t\t\t\t\t\t\t\t\t\t\t\t\t<\/div>\n\t\t\t\t\t\t\t\t\t<\/div>\n\t\t\t<\/div>\n\t\t\t\t\t<\/div>\n\t\t\t\t\t\t<\/div>\n\t\t\t\t<div class=\"elementor-element elementor-element-292eea70 elementor-widget elementor-widget-testimonial\" data-id=\"292eea70\" data-element_type=\"widget\" data-e-type=\"widget\" data-widget_type=\"testimonial.default\">\n\t\t\t\t\t\t\t<div class=\"elementor-testimonial-wrapper\">\n\t\t\t\t\t\t\t<div class=\"elementor-testimonial-content\">&quot;After having contact with several car companies, Erika gave the best feeling right from the first email and that feeling lasted until the deal. When it&#039;s time to change, we will start by contacting Neimi bil and Erika!&quot;\n<\/div>\n\t\t\t\n\t\t\t\t\t\t<div class=\"elementor-testimonial-meta elementor-has-image elementor-testimonial-image-position-aside\">\n\t\t\t\t<div class=\"elementor-testimonial-meta-inner\">\n\t\t\t\t\t\t\t\t\t\t\t<div class=\"elementor-testimonial-image\">\n\t\t\t\t\t\t\t<img loading=\"lazy\" decoding=\"async\" width=\"1604\" height=\"802\" src=\"https:\/\/www.niemibil.se\/wp-content\/uploads\/2023\/05\/goog.webp\" class=\"attachment-full size-full wp-image-2052478\" alt=\"\" srcset=\"https:\/\/www.niemibil.se\/wp-content\/uploads\/2023\/05\/goog.webp 1604w, https:\/\/www.niemibil.se\/wp-content\/uploads\/2023\/05\/goog-300x150.webp 300w, https:\/\/www.niemibil.se\/wp-content\/uploads\/2023\/05\/goog-1024x512.webp 1024w, https:\/\/www.niemibil.se\/wp-content\/uploads\/2023\/05\/goog-768x384.webp 768w, https:\/\/www.niemibil.se\/wp-content\/uploads\/2023\/05\/goog-1536x768.webp 1536w, https:\/\/www.niemibil.se\/wp-content\/uploads\/2023\/05\/goog-18x9.webp 18w\" sizes=\"auto, (max-width: 1604px) 100vw, 1604px\" \/>\t\t\t\t\t\t<\/div>\n\t\t\t\t\t\n\t\t\t\t\t\t\t\t\t\t<div class=\"elementor-testimonial-details\">\n\t\t\t\t\t\t\t\t\t\t\t\t\t\t<div class=\"elementor-testimonial-name\">Landfors Photography, Ume\u00e5<\/div>\n\t\t\t\t\t\t\t\t\t\t\t\t\t\t\t\t\t\t\t\t\t\t<div class=\"elementor-testimonial-job\">\u2605\u2605\u2605\u2605\u2605<\/div>\n\t\t\t\t\t\t\t\t\t\t\t\t\t<\/div>\n\t\t\t\t\t\t\t\t\t<\/div>\n\t\t\t<\/div>\n\t\t\t\t\t<\/div>\n\t\t\t\t\t\t<\/div>\n\t\t\t\t<div class=\"elementor-element elementor-element-52fb8968 elementor-widget elementor-widget-testimonial\" data-id=\"52fb8968\" data-element_type=\"widget\" data-e-type=\"widget\" data-widget_type=\"testimonial.default\">\n\t\t\t\t\t\t\t<div class=\"elementor-testimonial-wrapper\">\n\t\t\t\t\t\t\t<div class=\"elementor-testimonial-content\">&quot;A brilliant bunch at Niemi Bil in Ume\u00e5. They want it to work every time and they are incredibly helpful. I can highly recommend them for both selling and buying cars!&quot;\n<\/div>\n\t\t\t\n\t\t\t\t\t\t<div class=\"elementor-testimonial-meta elementor-has-image elementor-testimonial-image-position-aside\">\n\t\t\t\t<div class=\"elementor-testimonial-meta-inner\">\n\t\t\t\t\t\t\t\t\t\t\t<div class=\"elementor-testimonial-image\">\n\t\t\t\t\t\t\t<img loading=\"lazy\" decoding=\"async\" width=\"1604\" height=\"802\" src=\"https:\/\/www.niemibil.se\/wp-content\/uploads\/2023\/05\/goog.webp\" class=\"attachment-full size-full wp-image-2052478\" alt=\"\" srcset=\"https:\/\/www.niemibil.se\/wp-content\/uploads\/2023\/05\/goog.webp 1604w, https:\/\/www.niemibil.se\/wp-content\/uploads\/2023\/05\/goog-300x150.webp 300w, https:\/\/www.niemibil.se\/wp-content\/uploads\/2023\/05\/goog-1024x512.webp 1024w, https:\/\/www.niemibil.se\/wp-content\/uploads\/2023\/05\/goog-768x384.webp 768w, https:\/\/www.niemibil.se\/wp-content\/uploads\/2023\/05\/goog-1536x768.webp 1536w, https:\/\/www.niemibil.se\/wp-content\/uploads\/2023\/05\/goog-18x9.webp 18w\" sizes=\"auto, (max-width: 1604px) 100vw, 1604px\" \/>\t\t\t\t\t\t<\/div>\n\t\t\t\t\t\n\t\t\t\t\t\t\t\t\t\t<div class=\"elementor-testimonial-details\">\n\t\t\t\t\t\t\t\t\t\t\t\t\t\t<div class=\"elementor-testimonial-name\">Mikael Bj\u00f6rklund, Ume\u00e5<\/div>\n\t\t\t\t\t\t\t\t\t\t\t\t\t\t\t\t\t\t\t\t\t\t<div class=\"elementor-testimonial-job\">\u2605\u2605\u2605\u2605\u2605<\/div>\n\t\t\t\t\t\t\t\t\t\t\t\t\t<\/div>\n\t\t\t\t\t\t\t\t\t<\/div>\n\t\t\t<\/div>\n\t\t\t\t\t<\/div>\n\t\t\t\t\t\t<\/div>\n\t\t\t\t<div class=\"elementor-element elementor-element-15de97 elementor-widget elementor-widget-text-editor\" data-id=\"15de97\" data-element_type=\"widget\" data-e-type=\"widget\" data-widget_type=\"text-editor.default\">\n\t\t\t\t\t\t\t\t\t<h4>See all our reviews<\/h4><p><a href=\"https:\/\/goo.gl\/maps\/DY5YHZnb6DSpZ7aw8\" rel=\"nofollow noopener\" target=\"_blank\"><span style=\"text-decoration: underline;\">See our latest reviews at Ume\u00e5 \u2013 Formv\u00e4gen 8, Ersboda<\/span><\/a><\/p>\t\t\t\t\t\t\t\t<\/div>\n\t\t\t\t<div class=\"elementor-element elementor-element-14b75ea5 elementor-widget elementor-widget-spacer\" data-id=\"14b75ea5\" data-element_type=\"widget\" data-e-type=\"widget\" data-widget_type=\"spacer.default\">\n\t\t\t\t\t\t\t<div class=\"elementor-spacer\">\n\t\t\t<div class=\"elementor-spacer-inner\"><\/div>\n\t\t<\/div>\n\t\t\t\t\t\t<\/div>\n\t\t\t\t<div class=\"elementor-element elementor-element-74ff80f5 elementor-widget elementor-widget-heading\" data-id=\"74ff80f5\" data-element_type=\"widget\" data-e-type=\"widget\" data-widget_type=\"heading.default\">\n\t\t\t\t\t<h2 class=\"elementor-heading-title elementor-size-large\">Frequently asked questions about used cars from Niemi Bil in Ume\u00e5<\/h2>\t\t\t\t<\/div>\n\t\t\t\t<div class=\"elementor-element elementor-element-1d4e3833 elementor-widget elementor-widget-text-editor\" data-id=\"1d4e3833\" data-element_type=\"widget\" data-e-type=\"widget\" data-widget_type=\"text-editor.default\">\n\t\t\t\t\t\t\t\t\t<p>We help Ume\u00e5 residents with their car ownership every day. Here are some of the most common questions we often get.<\/p>\t\t\t\t\t\t\t\t<\/div>\n\t\t\t\t<div class=\"elementor-element elementor-element-7334d6e elementor-widget elementor-widget-shortcode\" data-id=\"7334d6e\" data-element_type=\"widget\" data-e-type=\"widget\" data-widget_type=\"shortcode.default\">\n\t\t\t\t\t\t\t<div class=\"elementor-shortcode\"><div class=\"accordion accordion-flush mt-0\" id=\"vanliga-fragor\"><div class=\"accordion-item\"><h3 class=\"accordion-header\" id=\"flush-heading-0\"><button style=\"border-bottom: 1px solid #eee; outline: 0; box-shadow: unset;\" class=\"accordion-button collapsed px-2\" type=\"button\" data-bs-toggle=\"collapse\" data-bs-target=\"#flush-collapse-0\" aria-expanded=\"false\" aria-controls=\"flush-collapse-0\">What happens when I have contacted you?<\/button><\/h3><div id=\"flush-collapse-0\" class=\"accordion-collapse collapse\" aria-labelledby=\"flush-heading-0\" data-bs-parent=\"#vanliga-fragor\"><div class=\"accordion-body\"><p>We will contact you as soon as we can and tell you more about the car and answer all your questions. Then you have to think about whether you want to make a deal or not. You decide that yourself \ud83d\ude42<\/p>\n<\/div><\/div><\/div><div class=\"accordion-item\"><h3 class=\"accordion-header\" id=\"flush-heading-1\"><button style=\"border-bottom: 1px solid #eee; outline: 0; box-shadow: unset;\" class=\"accordion-button collapsed px-2\" type=\"button\" data-bs-toggle=\"collapse\" data-bs-target=\"#flush-collapse-1\" aria-expanded=\"false\" aria-controls=\"flush-collapse-1\">Do you have a warranty on used cars?<\/button><\/h3><div id=\"flush-collapse-1\" class=\"accordion-collapse collapse\" aria-labelledby=\"flush-heading-1\" data-bs-parent=\"#vanliga-fragor\"><div class=\"accordion-body\"><p class=\"p1\">Yes \u2013 we always offer our basic road safety guarantee when you buy your used car from us. It generally applies for at least 1 month after your purchase, but can also be for a longer period depending on the model year and mileage.<\/p>\n<p>In addition to it, you can add<strong> warranty for up to five years<\/strong> on our used cars. Many people change cars more often than that - which means that the warranty could apply throughout your car ownership.<\/p>\n<p>Many of our cars also have a few years left in their new car warranty - which comes with it even though the car is used and gives you as a new owner extra protection.<\/p>\n<p class=\"p1\">Feel free to ask us what applies to the car you are interested in and we will tell you more.<\/p>\n<p class=\"p2\"><strong><span style=\"text-decoration: underline;\"><span class=\"s1\"><a href=\"https:\/\/www.niemibil.se\/en\/guarantee-and-security\/\">Read more about our guarantees here!<\/a><\/span><\/span><\/strong><\/p>\n<\/div><\/div><\/div><div class=\"accordion-item\"><h3 class=\"accordion-header\" id=\"flush-heading-2\"><button style=\"border-bottom: 1px solid #eee; outline: 0; box-shadow: unset;\" class=\"accordion-button collapsed px-2\" type=\"button\" data-bs-toggle=\"collapse\" data-bs-target=\"#flush-collapse-2\" aria-expanded=\"false\" aria-controls=\"flush-collapse-2\">Can I test drive the car?<\/button><\/h3><div id=\"flush-collapse-2\" class=\"accordion-collapse collapse\" aria-labelledby=\"flush-heading-2\" data-bs-parent=\"#vanliga-fragor\"><div class=\"accordion-body\"><p class=\"p1\">Sure! Send us a message here and we&#039;ll be in touch. Or call us at <span style=\"text-decoration: underline;\"><strong><a href=\"tel:0920230088\">0920-23 00 88<\/a>.<\/strong><\/span><\/p>\n<p class=\"p1\">Of course, you can also just show up with us. You can find the address to the garage up\/down here. \ud83d\ude42<\/p>\n<\/div><\/div><\/div><div class=\"accordion-item\"><h3 class=\"accordion-header\" id=\"flush-heading-3\"><button style=\"border-bottom: 1px solid #eee; outline: 0; box-shadow: unset;\" class=\"accordion-button collapsed px-2\" type=\"button\" data-bs-toggle=\"collapse\" data-bs-target=\"#flush-collapse-3\" aria-expanded=\"false\" aria-controls=\"flush-collapse-3\">I live far away, can I still buy my car from you?<\/button><\/h3><div id=\"flush-collapse-3\" class=\"accordion-collapse collapse\" aria-labelledby=\"flush-heading-3\" data-bs-parent=\"#vanliga-fragor\"><div class=\"accordion-body\"><p class=\"p1\">We sell cars all over Sweden - so the answer is yes! We also always offer home delivery to your door. Do you want to make a trade-in? Then of course we will pick up your previous car. \ud83d\ude42<\/p>\n<p class=\"p2\"><strong><span style=\"text-decoration: underline;\"><span class=\"s2\"><a href=\"https:\/\/www.niemibil.se\/en\/home-delivery-throughout-sweden\/\">Read more about our home delivery here<\/a><\/span><span class=\"s3\"><span class=\"Apple-converted-space\">\u00a0<\/span><\/span><\/span><\/strong><\/p>\n<p><iframe loading=\"lazy\" title=\"Home delivery throughout Sweden\" width=\"563\" height=\"1000\" src=\"https:\/\/www.youtube.com\/embed\/l-QF4uC1I6A?feature=oembed\" frameborder=\"0\" allow=\"accelerometer; autoplay; clipboard-write; encrypted-media; gyroscope; picture-in-picture; web-share\" referrerpolicy=\"strict-origin-when-cross-origin\" allowfullscreen><\/iframe><\/p>\n<\/div><\/div><\/div><div class=\"accordion-item\"><h3 class=\"accordion-header\" id=\"flush-heading-4\"><button style=\"border-bottom: 1px solid #eee; outline: 0; box-shadow: unset;\" class=\"accordion-button collapsed px-2\" type=\"button\" data-bs-toggle=\"collapse\" data-bs-target=\"#flush-collapse-4\" aria-expanded=\"false\" aria-controls=\"flush-collapse-4\">Do you offer digital viewing?<\/button><\/h3><div id=\"flush-collapse-4\" class=\"accordion-collapse collapse\" aria-labelledby=\"flush-heading-4\" data-bs-parent=\"#vanliga-fragor\"><div class=\"accordion-body\"><p>We are happy to do a digital viewing and tell you more about the car - when it suits you. Contact us via the form and we will set up a time together.<\/p>\n<\/div><\/div><\/div><div class=\"accordion-item\"><h3 class=\"accordion-header\" id=\"flush-heading-5\"><button style=\"border-bottom: 1px solid #eee; outline: 0; box-shadow: unset;\" class=\"accordion-button collapsed px-2\" type=\"button\" data-bs-toggle=\"collapse\" data-bs-target=\"#flush-collapse-5\" aria-expanded=\"false\" aria-controls=\"flush-collapse-5\">How do I pay for my car? <\/button><\/h3><div id=\"flush-collapse-5\" class=\"accordion-collapse collapse\" aria-labelledby=\"flush-heading-5\" data-bs-parent=\"#vanliga-fragor\"><div class=\"accordion-body\"><p>You can pay for the car directly in connection with the deal, or choose to split the payment between 12 - 84 months. Try the calculator on this page and you will see your estimated monthly cost.<\/p>\n<p><strong>You can pay in the following ways:<\/strong><\/p>\n<ul>\n<li>Installment with cash deposit<\/li>\n<li>Installment without cash deposit<\/li>\n<li>Direct payment when purchasing via bank transfer or Swish<\/li>\n<\/ul>\n<p>&nbsp;<\/p>\n<\/div><\/div><\/div><div class=\"accordion-item\"><h3 class=\"accordion-header\" id=\"flush-heading-6\"><button style=\"border-bottom: 1px solid #eee; outline: 0; box-shadow: unset;\" class=\"accordion-button collapsed px-2\" type=\"button\" data-bs-toggle=\"collapse\" data-bs-target=\"#flush-collapse-6\" aria-expanded=\"false\" aria-controls=\"flush-collapse-6\">Can you help with financing?<\/button><\/h3><div id=\"flush-collapse-6\" class=\"accordion-collapse collapse\" aria-labelledby=\"flush-heading-6\" data-bs-parent=\"#vanliga-fragor\"><div class=\"accordion-body\"><p class=\"p1\">We are happy to help with financing according to your wishes. <strong><span style=\"text-decoration: underline;\"><a href=\"https:\/\/www.niemibil.se\/en\/car-financing\/\"><span class=\"s1\">Read more about it here<\/span><\/a>.<span class=\"Apple-converted-space\">\u00a0<\/span><\/span><\/strong><\/p>\n<\/div><\/div><\/div><div class=\"accordion-item\"><h3 class=\"accordion-header\" id=\"flush-heading-7\"><button style=\"border-bottom: 1px solid #eee; outline: 0; box-shadow: unset;\" class=\"accordion-button collapsed px-2\" type=\"button\" data-bs-toggle=\"collapse\" data-bs-target=\"#flush-collapse-7\" aria-expanded=\"false\" aria-controls=\"flush-collapse-7\">Are winter tires and other equipment included in the purchase?<\/button><\/h3><div id=\"flush-collapse-7\" class=\"accordion-collapse collapse\" aria-labelledby=\"flush-heading-7\" data-bs-parent=\"#vanliga-fragor\"><div class=\"accordion-body\"><p class=\"p1\">We have listed all the equipment that is included above! Are you curious about something else? Feel free to get in touch, and we&#039;ll see if we can solve it. \ud83d\ude42<\/p>\n<\/div><\/div><\/div><div class=\"accordion-item\"><h3 class=\"accordion-header\" id=\"flush-heading-8\"><button style=\"border-bottom: 1px solid #eee; outline: 0; box-shadow: unset;\" class=\"accordion-button collapsed px-2\" type=\"button\" data-bs-toggle=\"collapse\" data-bs-target=\"#flush-collapse-8\" aria-expanded=\"false\" aria-controls=\"flush-collapse-8\">What are the advantages of buying a used car from you?<\/button><\/h3><div id=\"flush-collapse-8\" class=\"accordion-collapse collapse\" aria-labelledby=\"flush-heading-8\" data-bs-parent=\"#vanliga-fragor\"><div class=\"accordion-body\"><p class=\"p1\">We go through the cars that are out for sale with us, wash, clean and check function and condition. Sometimes something needs to be replaced before sale - and then our workshop has already arranged it.<\/p>\n<p class=\"p1\">In addition, we offer a warranty on all our used cars. <strong><span style=\"text-decoration: underline;\"><a href=\"https:\/\/www.niemibil.se\/en\/guarantee-and-security\/\"><span class=\"s1\">Read more about it here<\/span><\/a>.<\/span><\/strong><\/p>\n<p class=\"p1\">Having said that \u2013 a used car is a used car. But we do our absolute best to offer you as safe a deal as possible. You also often have better protection when you shop through us than if you buy a car privately.<\/p>\n<\/div><\/div><\/div><div class=\"accordion-item\"><h3 class=\"accordion-header\" id=\"flush-heading-9\"><button style=\"border-bottom: 1px solid #eee; outline: 0; box-shadow: unset;\" class=\"accordion-button collapsed px-2\" type=\"button\" data-bs-toggle=\"collapse\" data-bs-target=\"#flush-collapse-9\" aria-expanded=\"false\" aria-controls=\"flush-collapse-9\">I am looking for a specific model. Can you let me know when you have it in stock?<\/button><\/h3><div id=\"flush-collapse-9\" class=\"accordion-collapse collapse\" aria-labelledby=\"flush-heading-9\" data-bs-parent=\"#vanliga-fragor\"><div class=\"accordion-body\"><p>If you are looking for a specific model or brand, you can easily monitor a search with us!<br \/>\n1. Enter our used cars.<br \/>\n2. Search for the model or car brand you are interested in.<br \/>\n3. Press the &quot;Monitor search&quot; button.<br \/>\n4. Fill in your email and confirm.<\/p>\n<p>Clear!<\/p>\n<p>As soon as we receive a car that matches your search, you will receive an email. Of course, you can unregister whenever you want.<\/p>\n<p>You can also get in touch with your wishes and we will recommend cars in stock that suit you.<br \/>\nCall us at <span style=\"text-decoration: underline;\"><strong><a href=\"tel:0920-230088.\">0920- 23 00 88<\/a><\/strong><\/span>.<\/p>\n<\/div><\/div><\/div><\/div><\/div>\n\t\t\t\t\t\t<\/div>\n\t\t\t\t<\/div>\n\t\t<div class=\"elementor-element elementor-element-9871a90 e-con-full e-flex e-con e-parent\" data-id=\"9871a90\" data-element_type=\"container\" data-e-type=\"container\">\n\t\t\t\t<div class=\"elementor-element elementor-element-6b274205 elementor-widget elementor-widget-google_maps\" data-id=\"6b274205\" data-element_type=\"widget\" data-e-type=\"widget\" data-widget_type=\"google_maps.default\">\n\t\t\t\t\t\t\t<div class=\"elementor-custom-embed\">\n\t\t\t<iframe loading=\"lazy\"\n\t\t\t\t\tsrc=\"https:\/\/maps.google.com\/maps?q=Niemi%20Bil%20Ume%C3%A5&#038;t=m&#038;z=11&#038;output=embed&#038;iwloc=near\"\n\t\t\t\t\ttitle=\"Niemi Car Ume\u00e5\"\n\t\t\t\t\taria-label=\"Niemi Car Ume\u00e5\"\n\t\t\t><\/iframe>\n\t\t<\/div>\n\t\t\t\t\t\t<\/div>\n\t\t\t\t<\/div>\n\t\t\t\t\t<\/div>\n\t\t\t\t<\/div>\n\t\t<div class=\"elementor-element elementor-element-4610201d e-flex e-con-boxed e-con e-parent\" data-id=\"4610201d\" data-element_type=\"container\" data-e-type=\"container\">\n\t\t\t\t\t<div class=\"e-con-inner\">\n\t\t\t\t<div class=\"elementor-element elementor-element-31c8e5b9 elementor-widget elementor-widget-spacer\" data-id=\"31c8e5b9\" data-element_type=\"widget\" data-e-type=\"widget\" data-widget_type=\"spacer.default\">\n\t\t\t\t\t\t\t<div class=\"elementor-spacer\">\n\t\t\t<div class=\"elementor-spacer-inner\"><\/div>\n\t\t<\/div>\n\t\t\t\t\t\t<\/div>\n\t\t\t\t<div class=\"elementor-element elementor-element-31591736 elementor-align-center elementor-widget elementor-widget-button\" data-id=\"31591736\" data-element_type=\"widget\" data-e-type=\"widget\" data-widget_type=\"button.default\">\n\t\t\t\t\t\t\t\t\t\t<a class=\"elementor-button elementor-button-link elementor-size-sm\" href=\"https:\/\/www.niemibil.se\/en\/used-cars\/\">\n\t\t\t\t\t\t<span class=\"elementor-button-content-wrapper\">\n\t\t\t\t\t\t\t\t\t<span class=\"elementor-button-text\">See all used cars in stock<\/span>\n\t\t\t\t\t<\/span>\n\t\t\t\t\t<\/a>\n\t\t\t\t\t\t\t\t<\/div>\n\t\t\t\t<div class=\"elementor-element elementor-element-6755c952 elementor-widget elementor-widget-spacer\" data-id=\"6755c952\" data-element_type=\"widget\" data-e-type=\"widget\" data-widget_type=\"spacer.default\">\n\t\t\t\t\t\t\t<div class=\"elementor-spacer\">\n\t\t\t<div class=\"elementor-spacer-inner\"><\/div>\n\t\t<\/div>\n\t\t\t\t\t\t<\/div>\n\t\t\t\t\t<\/div>\n\t\t\t\t<\/div>\n\t\t\t\t<\/div>","protected":false},"excerpt":{"rendered":"<p><a class=\"loop-main-link\" href=\"https:\/\/www.niemibil.se\/en\/object\/mg-3-hybrid-luxury-carplay-360-gps-pvarm-s-v-hjul-moms-3\/\"><img decoding=\"async\" alt=\"MG 3 Hybrid+ Luxury Carplay 360\u00b0 GPS Pv\u00e4rm S\/V-hjul MOMS\" class=\"loop-main-image\" width=\"1024\" height=\"768\" src=\"https:\/\/www.niemibil.se\/wp-content\/uploads\/images\/ads\/2649756\/d2b8d667-c5cd-9651-2f02-0000cde0a0d7\" loading=\"lazy\" data-no-translation><img loading=\"lazy\" decoding=\"async\" alt=\"MG 3 Hybrid+ Luxury Carplay 360\u00b0 GPS Pv\u00e4rm S\/V-hjul MOMS bakifr\u00e5n\" class=\"loop-secondary-image\" width=\"1024\" height=\"768\" src=\"https:\/\/www.niemibil.se\/wp-content\/uploads\/images\/ads\/2649756\/ae183a0a-7d62-efb6-3b35-000056f39e49\"><span class=\"loop-read-more\"> Read more \u203a\u203a <\/span><\/a><svg data-no-translation style=\"margin-bottom: 6px;\" xmlns=\"http:\/\/www.w3.org\/2000\/svg\" width=\"12.427\" height=\"16.72\" viewbox=\"0 0 12.427 16.72\">\n  <path id=\"Path_5\" data-name=\"Path 5\" d=\"M75.322,129.667a6.22,6.22,0,0,0-7.438,6.1,5.834,5.834,0,0,0,.205,1.57,6.144,6.144,0,0,0,.288.855l.723,1.249,3.413,5.916a1.83,1.83,0,0,0,3.17,0l3.387-5.867.773-1.34a5.527,5.527,0,0,0,.263-.814,5.676,5.676,0,0,0,.2-1.261A6.255,6.255,0,0,0,75.322,129.667Zm-1.223,8.68a2.583,2.583,0,1,1,2.59-2.583A2.584,2.584,0,0,1,74.1,138.346Z\" transform=\"translate(-67.884 -129.55)\" fill=\"#3d91d9\"\/>\n<\/svg><span class=\"car-location\" data-no-translation>UME\u00c5 \u2013 FORMV\u00c4GEN 8<\/span><a href=\"https:\/\/www.niemibil.se\/en\/object\/mg-3-hybrid-luxury-carplay-360-gps-pvarm-s-v-hjul-moms-3\/\"><\/p>\n<h3>MG 3 Hybrid+ Luxury Carplay 360\u00b0 GPS Pheat B\/W wheels VAT<\/h3>\n<p><\/a><span class=\"yearmodel\" data-no-translation=\"\">2024<\/span> | <span class=\"miles\" data-no-translation=\"\">559 mil<\/span> | <span class=\"term-vaxellada\">Automatic<\/span> | <span class=\"term-drivmedel\">Hybrid<\/span><\/p>\n<div class=\"data-type-object data-type-object-id-2649756\" interest-rate=\"8.95\" data-price=\"249900\" data-wp-id=\"2649756\" data-no-translation><span class=\"price-sek price-large price-total price-total-large\" data-price=\"249900\">249 900 kr<\/span><span class=\"price-sek price-large price-monthly price-monthly-large\">4 165 kr\/m\u00e5n<\/span><span class=\"price-sek price-small price-total price-total-small\"><span>Kontant<\/span> 249 900 kr<\/span><span class=\"price-sek price-small price-monthly price-monthly-small\"><span>eller<\/span> 4 165 kr\/m\u00e5n<\/span><\/div>","protected":false},"author":1,"featured_media":0,"parent":2146,"menu_order":0,"comment_status":"closed","ping_status":"closed","template":"","meta":{"_acf_changed":false,"footnotes":""},"class_list":["post-2058824","page","type-page","status-publish","hentry"],"acf":[],"_links":{"self":[{"href":"https:\/\/www.niemibil.se\/en\/wp-json\/wp\/v2\/pages\/2058824","targetHints":{"allow":["GET"]}}],"collection":[{"href":"https:\/\/www.niemibil.se\/en\/wp-json\/wp\/v2\/pages"}],"about":[{"href":"https:\/\/www.niemibil.se\/en\/wp-json\/wp\/v2\/types\/page"}],"author":[{"embeddable":true,"href":"https:\/\/www.niemibil.se\/en\/wp-json\/wp\/v2\/users\/1"}],"replies":[{"embeddable":true,"href":"https:\/\/www.niemibil.se\/en\/wp-json\/wp\/v2\/comments?post=2058824"}],"version-history":[{"count":17,"href":"https:\/\/www.niemibil.se\/en\/wp-json\/wp\/v2\/pages\/2058824\/revisions"}],"predecessor-version":[{"id":2062767,"href":"https:\/\/www.niemibil.se\/en\/wp-json\/wp\/v2\/pages\/2058824\/revisions\/2062767"}],"up":[{"embeddable":true,"href":"https:\/\/www.niemibil.se\/en\/wp-json\/wp\/v2\/pages\/2146"}],"wp:attachment":[{"href":"https:\/\/www.niemibil.se\/en\/wp-json\/wp\/v2\/media?parent=2058824"}],"curies":[{"name":"wp","href":"https:\/\/api.w.org\/{rel}","templated":true}]}}