{"id":2050406,"date":"2023-05-09T13:28:37","date_gmt":"2023-05-09T11:28:37","guid":{"rendered":"https:\/\/www.niemibil.se\/?page_id=2050406"},"modified":"2024-09-18T13:55:39","modified_gmt":"2024-09-18T11:55:39","slug":"lulea","status":"publish","type":"page","link":"https:\/\/www.niemibil.se\/en\/used-cars\/lulea\/","title":{"rendered":"Used cars Lule\u00e5"},"content":{"rendered":"<div data-elementor-type=\"wp-page\" data-elementor-id=\"2050406\" class=\"elementor elementor-2050406\" data-elementor-post-type=\"page\">\n\t\t\t\t<div class=\"elementor-element elementor-element-63830b0 e-con-full e-flex e-con e-parent\" data-id=\"63830b0\" data-element_type=\"container\" data-e-type=\"container\" data-settings=\"{&quot;background_background&quot;:&quot;classic&quot;}\">\n\t\t\t\t<div class=\"elementor-element elementor-element-435524b elementor-widget elementor-widget-heading\" data-id=\"435524b\" data-element_type=\"widget\" data-e-type=\"widget\" data-widget_type=\"heading.default\">\n\t\t\t\t\t<h1 class=\"elementor-heading-title elementor-size-default\">Used cars Lule\u00e5 - Current offer<\/h1>\t\t\t\t<\/div>\n\t\t\t\t<div class=\"elementor-element elementor-element-1ba0a2d elementor-widget elementor-widget-text-editor\" data-id=\"1ba0a2d\" data-element_type=\"widget\" data-e-type=\"widget\" data-widget_type=\"text-editor.default\">\n\t\t\t\t\t\t\t\t\t<p style=\"text-align: right;\"><span style=\"font-size: xx-small;\"><a href=\"https:\/\/commons.wikimedia.org\/wiki\/File:Lulea-city-festival-water.jpg#file\" rel=\"nofollow noopener\" target=\"_blank\">Photo Andreas Harnemo<\/a><\/span><\/p>\t\t\t\t\t\t\t\t<\/div>\n\t\t\t\t<\/div>\n\t\t<div class=\"elementor-element elementor-element-52b8415 e-flex e-con-boxed e-con e-parent\" data-id=\"52b8415\" data-element_type=\"container\" data-e-type=\"container\" data-settings=\"{&quot;background_background&quot;:&quot;classic&quot;}\">\n\t\t\t\t\t<div class=\"e-con-inner\">\n\t\t\t\t<div class=\"elementor-element elementor-element-573a9e6 elementor-widget elementor-widget-heading\" data-id=\"573a9e6\" data-element_type=\"widget\" data-e-type=\"widget\" data-widget_type=\"heading.default\">\n\t\t\t\t\t<h2 class=\"elementor-heading-title elementor-size-medium\">Welcome to Niemi Bil in Lule\u00e5 - Your local expert in used cars<\/h2>\t\t\t\t<\/div>\n\t\t\t\t<div class=\"elementor-element elementor-element-db4db64 elementor-widget__width-initial elementor-widget-mobile__width-inherit elementor-widget elementor-widget-text-editor\" data-id=\"db4db64\" data-element_type=\"widget\" data-e-type=\"widget\" data-widget_type=\"text-editor.default\">\n\t\t\t\t\t\t\t\t\t<p style=\"text-align: center;\">Here you will find all our used cars in <strong>Lule\u00e5<\/strong> which are in stock right now. Stay tuned, we are getting about 100 more cars in every week.<\/p><p style=\"text-align: center;\">Would you like to explore the full range from all facilities? Here you can find all our <a href=\"https:\/\/www.niemibil.se\/en\/used-cars\/\"><span style=\"text-decoration: underline;\">used cars.<\/span><\/a><\/p>\t\t\t\t\t\t\t\t<\/div>\n\t\t\t\t<div class=\"elementor-element elementor-element-d9b6320 elementor-widget elementor-widget-spacer\" data-id=\"d9b6320\" data-element_type=\"widget\" data-e-type=\"widget\" data-widget_type=\"spacer.default\">\n\t\t\t\t\t\t\t<div class=\"elementor-spacer\">\n\t\t\t<div class=\"elementor-spacer-inner\"><\/div>\n\t\t<\/div>\n\t\t\t\t\t\t<\/div>\n\t\t\t\t<div class=\"elementor-element elementor-element-2ee61fc elementor-widget elementor-widget-heading\" data-id=\"2ee61fc\" data-element_type=\"widget\" data-e-type=\"widget\" data-widget_type=\"heading.default\">\n\t\t\t\t\t<h3 class=\"elementor-heading-title elementor-size-large\">All our used cars in Lule\u00e5<\/h3>\t\t\t\t<\/div>\n\t\t\t\t\t<\/div>\n\t\t\t\t<\/div>\n\t\t<div class=\"elementor-element elementor-element-1e2c2a1 e-flex e-con-boxed e-con e-parent\" data-id=\"1e2c2a1\" data-element_type=\"container\" data-e-type=\"container\">\n\t\t\t\t\t<div class=\"e-con-inner\">\n\t\t\t\t<div class=\"elementor-element elementor-element-f95aa53 elementor-grid-4 elementor-grid-tablet-2 elementor-grid-mobile-1 elementor-posts--thumbnail-top load-more-align-center elementor-widget elementor-widget-posts\" data-id=\"f95aa53\" data-element_type=\"widget\" data-e-type=\"widget\" data-settings=\"{&quot;classic_columns&quot;:&quot;4&quot;,&quot;pagination_type&quot;:&quot;load_more_on_click&quot;,&quot;classic_columns_tablet&quot;:&quot;2&quot;,&quot;classic_columns_mobile&quot;:&quot;1&quot;,&quot;classic_row_gap&quot;:{&quot;unit&quot;:&quot;px&quot;,&quot;size&quot;:35,&quot;sizes&quot;:[]},&quot;classic_row_gap_tablet&quot;:{&quot;unit&quot;:&quot;px&quot;,&quot;size&quot;:&quot;&quot;,&quot;sizes&quot;:[]},&quot;classic_row_gap_mobile&quot;:{&quot;unit&quot;:&quot;px&quot;,&quot;size&quot;:&quot;&quot;,&quot;sizes&quot;:[]},&quot;load_more_spinner&quot;:{&quot;value&quot;:&quot;fas fa-spinner&quot;,&quot;library&quot;:&quot;fa-solid&quot;}}\" data-widget_type=\"posts.classic\">\n\t\t\t\t<div class=\"elementor-widget-container\">\n\t\t\t\t\t\t\t<div class=\"elementor-posts-container elementor-posts elementor-posts--skin-classic elementor-grid\" role=\"list\">\n\t\t\t\t<article class=\"elementor-post elementor-grid-item post-2650666 objekt type-objekt status-publish format-standard hentry fordonstyp-suv drivmedel-bensin vaxellada-automatisk bilmarke-mazda farg-bla bilhall-spantgatan-8 egenskap-awd ort-lulea\" role=\"listitem\">\n\t\t\t\t<div class=\"elementor-post__text\">\n\t\t\t\t<div class=\"elementor-post__excerpt\">\n\t\t\t<p><a class=\"loop-main-link\" href=\"https:\/\/www.niemibil.se\/en\/object\/mazda-cx-5-2-5-skyactiv-g-awd-sov-mok-garanti-bose-hud-360-drag\/\"><img decoding=\"async\" alt=\"Mazda CX-5 2.5 SKYACTIV-G AWD SoV\/MoK\/Garanti\/BOSE\/HuD\/360\/Drag\" class=\"loop-main-image\" width=\"1024\" height=\"768\" src=\"https:\/\/www.niemibil.se\/wp-content\/uploads\/images\/ads\/2650666\/32942092-85ef-4523-a2d4-47c28b2e5526\" loading=\"lazy\" data-no-translation><img loading=\"lazy\" decoding=\"async\" alt=\"Mazda CX-5 2.5 SKYACTIV-G AWD SoV\/MoK\/Garanti\/BOSE\/HuD\/360\/Drag bakifr\u00e5n\" class=\"loop-secondary-image\" width=\"1024\" height=\"768\" src=\"https:\/\/www.niemibil.se\/wp-content\/uploads\/images\/ads\/2650666\/780b98a1-026f-4492-8e01-89aa0bd59894\"><span class=\"loop-read-more\"> Read more \u203a\u203a <\/span><\/a><svg data-no-translation style=\"margin-bottom: 6px;\" xmlns=\"http:\/\/www.w3.org\/2000\/svg\" width=\"12.427\" height=\"16.72\" viewbox=\"0 0 12.427 16.72\">\n  <path id=\"Path_5\" data-name=\"Path 5\" d=\"M75.322,129.667a6.22,6.22,0,0,0-7.438,6.1,5.834,5.834,0,0,0,.205,1.57,6.144,6.144,0,0,0,.288.855l.723,1.249,3.413,5.916a1.83,1.83,0,0,0,3.17,0l3.387-5.867.773-1.34a5.527,5.527,0,0,0,.263-.814,5.676,5.676,0,0,0,.2-1.261A6.255,6.255,0,0,0,75.322,129.667Zm-1.223,8.68a2.583,2.583,0,1,1,2.59-2.583A2.584,2.584,0,0,1,74.1,138.346Z\" transform=\"translate(-67.884 -129.55)\" fill=\"#3d91d9\"\/>\n<\/svg><span class=\"car-location\" data-no-translation>LULE\u00c5 &#8211; SPANTGATAN 8<\/span><a href=\"https:\/\/www.niemibil.se\/en\/object\/mazda-cx-5-2-5-skyactiv-g-awd-sov-mok-garanti-bose-hud-360-drag\/\"><\/p>\n<h3>Mazda CX-5 2.5 SKYACTIV-G AWD SoV\/MoK\/Garanti\/BOSE\/HuD\/360\/Drag<\/h3>\n<p><\/a><span class=\"yearmodel\" data-no-translation=\"\">2021<\/span> | <span class=\"miles\" data-no-translation=\"\">10559 mil<\/span> | <span class=\"term-vaxellada\">Automatic<\/span> | <span class=\"term-drivmedel\">Petrol<\/span><\/p>\n<div class=\"data-type-object data-type-object-id-2650666\" interest-rate=\"8.95\" data-price=\"289900\" data-wp-id=\"2650666\" data-no-translation><span class=\"price-sek price-large price-total price-total-large\" data-price=\"289900\">289 900 kr<\/span><span class=\"price-sek price-large price-monthly price-monthly-large\">4 832 kr\/m\u00e5n<\/span><span class=\"price-sek price-small price-total price-total-small\"><span>Kontant<\/span> 289 900 kr<\/span><span class=\"price-sek price-small price-monthly price-monthly-small\"><span>eller<\/span> 4 832 kr\/m\u00e5n<\/span><\/div>\n\t\t<\/div>\n\t\t\t\t<\/div>\n\t\t\t\t<\/article>\n\t\t\t\t<article class=\"elementor-post elementor-grid-item post-2191817 objekt type-objekt status-publish format-standard hentry fordonstyp-suv drivmedel-hybrid vaxellada-automatisk bilmarke-mazda farg-vit bilhall-lulea-banvagen-7b egenskap-awd ort-lulea\" role=\"listitem\">\n\t\t\t\t<div class=\"elementor-post__text\">\n\t\t\t\t<div class=\"elementor-post__excerpt\">\n\t\t\t<p><a class=\"loop-main-link\" href=\"https:\/\/www.niemibil.se\/en\/object\/mazda-cx-60-plug-in-awd-63km-rack-width-10-year-warranty-sleep-tyre\/\"><img decoding=\"async\" alt=\"Mazda CX-60 PHEV AWD KAMPANJ 2058KR\/M\u00c5N - 0,99% R\u00c4NTA - INK GARANTI\" class=\"loop-main-image\" width=\"1024\" height=\"768\" src=\"https:\/\/www.niemibil.se\/wp-content\/uploads\/images\/ads\/2191817\/ddfe6d0d-ef42-4396-b38b-fd478566d81f\" loading=\"lazy\" data-no-translation><img loading=\"lazy\" decoding=\"async\" alt=\"Mazda CX-60 PHEV AWD KAMPANJ 2058KR\/M\u00c5N - 0,99% R\u00c4NTA - INK GARANTI bakifr\u00e5n\" class=\"loop-secondary-image\" width=\"1024\" height=\"768\" src=\"https:\/\/www.niemibil.se\/wp-content\/uploads\/images\/ads\/2191817\/0119831a-0953-4ad1-ae9f-5e8ef473387e\"><span class=\"loop-read-more\"> Read more \u203a\u203a <\/span><\/a><svg data-no-translation style=\"margin-bottom: 6px;\" xmlns=\"http:\/\/www.w3.org\/2000\/svg\" width=\"12.427\" height=\"16.72\" viewbox=\"0 0 12.427 16.72\">\n  <path id=\"Path_5\" data-name=\"Path 5\" d=\"M75.322,129.667a6.22,6.22,0,0,0-7.438,6.1,5.834,5.834,0,0,0,.205,1.57,6.144,6.144,0,0,0,.288.855l.723,1.249,3.413,5.916a1.83,1.83,0,0,0,3.17,0l3.387-5.867.773-1.34a5.527,5.527,0,0,0,.263-.814,5.676,5.676,0,0,0,.2-1.261A6.255,6.255,0,0,0,75.322,129.667Zm-1.223,8.68a2.583,2.583,0,1,1,2.59-2.583A2.584,2.584,0,0,1,74.1,138.346Z\" transform=\"translate(-67.884 -129.55)\" fill=\"#3d91d9\"\/>\n<\/svg><span class=\"car-location\" data-no-translation>LULE\u00c5 &#8211; BANV\u00c4GEN 7B<\/span><a href=\"https:\/\/www.niemibil.se\/en\/object\/mazda-cx-60-plug-in-awd-63km-rack-width-10-year-warranty-sleep-tyre\/\"><\/p>\n<h3><em style=\"color: #D81132 !important; display: inline;\">Campaign! <\/em> Mazda CX-60 PHEV AWD KAMPANJ 2058KR\/M\u00c5N &#8211; 0,99% R\u00c4NTA &#8211; INK GARANTI<\/h3>\n<p><\/a><span class=\"yearmodel\" data-no-translation=\"\">2023<\/span> | <span class=\"miles\" data-no-translation=\"\">4511 mil<\/span> | <span class=\"term-vaxellada\">Automatic<\/span> | <span class=\"term-drivmedel\">Hybrid<\/span><\/p>\n<div class=\"data-type-object data-type-object-id-2191817\" interest-rate=\"8.95\" data-price=\"429900\" data-wp-id=\"2191817\" data-no-translation><span class=\"price-sek price-large price-total price-total-large\" data-price=\"429900\">429 900 kr<\/span><span class=\"price-sek price-large price-monthly price-monthly-large\">7 165 kr\/m\u00e5n<\/span><span class=\"price-sek price-small price-total price-total-small\"><span>Kontant<\/span> 429 900 kr<\/span><span class=\"price-sek price-small price-monthly price-monthly-small\"><span>eller<\/span> 7 165 kr\/m\u00e5n<\/span><\/div>\n\t\t<\/div>\n\t\t\t\t<\/div>\n\t\t\t\t<\/article>\n\t\t\t\t<article class=\"elementor-post elementor-grid-item post-2650408 objekt type-objekt status-publish format-standard hentry fordonstyp-minibuss drivmedel-diesel vaxellada-automatisk bilmarke-volkswagen farg-vit bilhall-spantgatan-8 egenskap-awd egenskap-dragkrok egenskap-motorvarmare ort-lulea\" role=\"listitem\">\n\t\t\t\t<div class=\"elementor-post__text\">\n\t\t\t\t<div class=\"elementor-post__excerpt\">\n\t\t\t<p><a class=\"loop-main-link\" href=\"https:\/\/www.niemibil.se\/en\/object\/volkswagen-sharan-2-0-tdi-4motion-gt-7-sits-d-varm-drag-kamera-sov-dack\/\"><img decoding=\"async\" alt=\"Volkswagen Sharan 2.0 TDI 4Motion GT 7-Sits\/D-v\u00e4rm\/Drag\/Kamera\/SoV-d\u00e4ck\" class=\"loop-main-image\" width=\"1024\" height=\"768\" src=\"https:\/\/www.niemibil.se\/wp-content\/uploads\/images\/ads\/2650408\/e0467b3f-8c03-6fa1-09a2-000001d044f5\" loading=\"lazy\" data-no-translation><img loading=\"lazy\" decoding=\"async\" alt=\"Volkswagen Sharan 2.0 TDI 4Motion GT 7-Sits\/D-v\u00e4rm\/Drag\/Kamera\/SoV-d\u00e4ck bakifr\u00e5n\" class=\"loop-secondary-image\" width=\"1024\" height=\"768\" src=\"https:\/\/www.niemibil.se\/wp-content\/uploads\/images\/ads\/2650408\/192980eb-2722-fdff-885d-00003479881b\"><span class=\"loop-read-more\"> Read more \u203a\u203a <\/span><\/a><svg data-no-translation style=\"margin-bottom: 6px;\" xmlns=\"http:\/\/www.w3.org\/2000\/svg\" width=\"12.427\" height=\"16.72\" viewbox=\"0 0 12.427 16.72\">\n  <path id=\"Path_5\" data-name=\"Path 5\" d=\"M75.322,129.667a6.22,6.22,0,0,0-7.438,6.1,5.834,5.834,0,0,0,.205,1.57,6.144,6.144,0,0,0,.288.855l.723,1.249,3.413,5.916a1.83,1.83,0,0,0,3.17,0l3.387-5.867.773-1.34a5.527,5.527,0,0,0,.263-.814,5.676,5.676,0,0,0,.2-1.261A6.255,6.255,0,0,0,75.322,129.667Zm-1.223,8.68a2.583,2.583,0,1,1,2.59-2.583A2.584,2.584,0,0,1,74.1,138.346Z\" transform=\"translate(-67.884 -129.55)\" fill=\"#3d91d9\"\/>\n<\/svg><span class=\"car-location\" data-no-translation>LULE\u00c5 &#8211; SPANTGATAN 8<\/span><a href=\"https:\/\/www.niemibil.se\/en\/object\/volkswagen-sharan-2-0-tdi-4motion-gt-7-sits-d-varm-drag-kamera-sov-dack\/\"><\/p>\n<h3>Volkswagen Sharan 2.0 TDI 4Motion GT 7-Sits\/D-v\u00e4rm\/Drag\/Kamera\/SoV-d\u00e4ck<\/h3>\n<p><\/a><span class=\"yearmodel\" data-no-translation=\"\">2017<\/span> | <span class=\"miles\" data-no-translation=\"\">19593 mil<\/span> | <span class=\"term-vaxellada\">Automatic<\/span> | <span class=\"term-drivmedel\">Diesel<\/span><\/p>\n<div class=\"data-type-object data-type-object-id-2650408\" interest-rate=\"8.95\" data-price=\"199900\" data-wp-id=\"2650408\" data-no-translation><span class=\"price-sek price-large price-total price-total-large\" data-price=\"199900\">199 900 kr<\/span><span class=\"price-sek price-large price-monthly price-monthly-large\">3 332 kr\/m\u00e5n<\/span><span class=\"price-sek price-small price-total price-total-small\"><span>Kontant<\/span> 199 900 kr<\/span><span class=\"price-sek price-small price-monthly price-monthly-small\"><span>eller<\/span> 3 332 kr\/m\u00e5n<\/span><\/div>\n\t\t<\/div>\n\t\t\t\t<\/div>\n\t\t\t\t<\/article>\n\t\t\t\t<article class=\"elementor-post elementor-grid-item post-2640482 objekt type-objekt status-publish format-standard hentry fordonstyp-halvkombi drivmedel-bensin vaxellada-automatisk bilmarke-porsche farg-svart bilhall-spantgatan-8 egenskap-awd egenskap-dragkrok ort-lulea\" role=\"listitem\">\n\t\t\t\t<div class=\"elementor-post__text\">\n\t\t\t\t<div class=\"elementor-post__excerpt\">\n\t\t\t<p><a class=\"loop-main-link\" href=\"https:\/\/www.niemibil.se\/en\/object\/porsche-panamera-4s-440hk-sport-chrono-360-kamera-bose-drag-pvarm\/\"><img decoding=\"async\" alt=\"Porsche Panamera 4S 440hk Sport Chrono 360 Kamera\/BOSE\/Drag\/Pv\u00e4rm\" class=\"loop-main-image\" width=\"1024\" height=\"768\" src=\"https:\/\/www.niemibil.se\/wp-content\/uploads\/images\/ads\/2640482\/6cf5e8cf-0926-4b62-b21f-ee1dd9e2ffb0\" loading=\"lazy\" data-no-translation><img loading=\"lazy\" decoding=\"async\" alt=\"Porsche Panamera 4S 440hk Sport Chrono 360 Kamera\/BOSE\/Drag\/Pv\u00e4rm bakifr\u00e5n\" class=\"loop-secondary-image\" width=\"1024\" height=\"768\" src=\"https:\/\/www.niemibil.se\/wp-content\/uploads\/images\/ads\/2640482\/c5664861-75f8-467a-952e-ace81b73262b\"><span class=\"loop-read-more\"> Read more \u203a\u203a <\/span><\/a><svg data-no-translation style=\"margin-bottom: 6px;\" xmlns=\"http:\/\/www.w3.org\/2000\/svg\" width=\"12.427\" height=\"16.72\" viewbox=\"0 0 12.427 16.72\">\n  <path id=\"Path_5\" data-name=\"Path 5\" d=\"M75.322,129.667a6.22,6.22,0,0,0-7.438,6.1,5.834,5.834,0,0,0,.205,1.57,6.144,6.144,0,0,0,.288.855l.723,1.249,3.413,5.916a1.83,1.83,0,0,0,3.17,0l3.387-5.867.773-1.34a5.527,5.527,0,0,0,.263-.814,5.676,5.676,0,0,0,.2-1.261A6.255,6.255,0,0,0,75.322,129.667Zm-1.223,8.68a2.583,2.583,0,1,1,2.59-2.583A2.584,2.584,0,0,1,74.1,138.346Z\" transform=\"translate(-67.884 -129.55)\" fill=\"#3d91d9\"\/>\n<\/svg><span class=\"car-location\" data-no-translation>LULE\u00c5 &#8211; SPANTGATAN 8<\/span><a href=\"https:\/\/www.niemibil.se\/en\/object\/porsche-panamera-4s-440hk-sport-chrono-360-kamera-bose-drag-pvarm\/\"><\/p>\n<h3>Porsche Panamera 4S 440hk Sport Chrono 360 Kamera\/BOSE\/Drag\/Pv\u00e4rm<\/h3>\n<p><\/a><span class=\"yearmodel\" data-no-translation=\"\">2018<\/span> | <span class=\"miles\" data-no-translation=\"\">8573 mil<\/span> | <span class=\"term-vaxellada\">Automatic<\/span> | <span class=\"term-drivmedel\">Petrol<\/span><\/p>\n<div class=\"data-type-object data-type-object-id-2640482\" interest-rate=\"8.95\" data-price=\"649900\" data-wp-id=\"2640482\" data-no-translation><span class=\"price-sek price-large price-total price-total-large\" data-price=\"649900\">649 900 kr<\/span><span class=\"price-sek price-large price-monthly price-monthly-large\">10 832 kr\/m\u00e5n<\/span><span class=\"price-sek price-small price-total price-total-small\"><span>Kontant<\/span> 649 900 kr<\/span><span class=\"price-sek price-small price-monthly price-monthly-small\"><span>eller<\/span> 10 832 kr\/m\u00e5n<\/span><\/div>\n\t\t<\/div>\n\t\t\t\t<\/div>\n\t\t\t\t<\/article>\n\t\t\t\t<article class=\"elementor-post elementor-grid-item post-2650487 objekt type-objekt status-publish format-standard hentry fordonstyp-kombi drivmedel-diesel vaxellada-automatisk bilmarke-peugeot farg-gra bilhall-spantgatan-8 ort-lulea\" role=\"listitem\">\n\t\t\t\t<div class=\"elementor-post__text\">\n\t\t\t\t<div class=\"elementor-post__excerpt\">\n\t\t\t<p><a class=\"loop-main-link\" href=\"https:\/\/www.niemibil.se\/en\/object\/peugeot-508-sw-1-5-bluehdi-aut-dvarm-kamera-sov-extraljus\/\"><img decoding=\"async\" alt=\"Peugeot 508 SW 1.5 BlueHDi AUT Dv\u00e4rm\/Kamera\/SoV\/Extraljus\" class=\"loop-main-image\" width=\"1024\" height=\"768\" src=\"https:\/\/www.niemibil.se\/wp-content\/uploads\/images\/ads\/2650487\/430a6083-7ec0-411b-7574-0000e2e5d118\" loading=\"lazy\" data-no-translation><img loading=\"lazy\" decoding=\"async\" alt=\"Peugeot 508 SW 1.5 BlueHDi AUT Dv\u00e4rm\/Kamera\/SoV\/Extraljus bakifr\u00e5n\" class=\"loop-secondary-image\" width=\"1024\" height=\"768\" src=\"https:\/\/www.niemibil.se\/wp-content\/uploads\/images\/ads\/2650487\/2af715f6-ed8f-7cae-9854-000038cd512e\"><span class=\"loop-read-more\"> Read more \u203a\u203a <\/span><\/a><svg data-no-translation style=\"margin-bottom: 6px;\" xmlns=\"http:\/\/www.w3.org\/2000\/svg\" width=\"12.427\" height=\"16.72\" viewbox=\"0 0 12.427 16.72\">\n  <path id=\"Path_5\" data-name=\"Path 5\" d=\"M75.322,129.667a6.22,6.22,0,0,0-7.438,6.1,5.834,5.834,0,0,0,.205,1.57,6.144,6.144,0,0,0,.288.855l.723,1.249,3.413,5.916a1.83,1.83,0,0,0,3.17,0l3.387-5.867.773-1.34a5.527,5.527,0,0,0,.263-.814,5.676,5.676,0,0,0,.2-1.261A6.255,6.255,0,0,0,75.322,129.667Zm-1.223,8.68a2.583,2.583,0,1,1,2.59-2.583A2.584,2.584,0,0,1,74.1,138.346Z\" transform=\"translate(-67.884 -129.55)\" fill=\"#3d91d9\"\/>\n<\/svg><span class=\"car-location\" data-no-translation>LULE\u00c5 &#8211; SPANTGATAN 8<\/span><a href=\"https:\/\/www.niemibil.se\/en\/object\/peugeot-508-sw-1-5-bluehdi-aut-dvarm-kamera-sov-extraljus\/\"><\/p>\n<h3>Peugeot 508 SW 1.5 BlueHDi AUT Dv\u00e4rm\/Camera\/SoV\/Extra lights<\/h3>\n<p><\/a><span class=\"yearmodel\" data-no-translation=\"\">2019<\/span> | <span class=\"miles\" data-no-translation=\"\">13380 mil<\/span> | <span class=\"term-vaxellada\">Automatic<\/span> | <span class=\"term-drivmedel\">Diesel<\/span><\/p>\n<div class=\"data-type-object data-type-object-id-2650487\" interest-rate=\"8.95\" data-price=\"179900\" data-wp-id=\"2650487\" data-no-translation><span class=\"price-sek price-large price-total price-total-large\" data-price=\"179900\">179 900 kr<\/span><span class=\"price-sek price-large price-monthly price-monthly-large\">2 998 kr\/m\u00e5n<\/span><span class=\"price-sek price-small price-total price-total-small\"><span>Kontant<\/span> 179 900 kr<\/span><span class=\"price-sek price-small price-monthly price-monthly-small\"><span>eller<\/span> 2 998 kr\/m\u00e5n<\/span><\/div>\n\t\t<\/div>\n\t\t\t\t<\/div>\n\t\t\t\t<\/article>\n\t\t\t\t<article class=\"elementor-post elementor-grid-item post-2641364 objekt type-objekt status-publish format-standard hentry fordonstyp-kombi drivmedel-diesel vaxellada-automatisk bilmarke-volvo farg-vit bilhall-spantgatan-8 egenskap-awd egenskap-dragkrok egenskap-motorvarmare ort-lulea\" role=\"listitem\">\n\t\t\t\t<div class=\"elementor-post__text\">\n\t\t\t\t<div class=\"elementor-post__excerpt\">\n\t\t\t<p><a class=\"loop-main-link\" href=\"https:\/\/www.niemibil.se\/en\/object\/volvo-v90-cross-country-b4-awd-geartronic-drag-kamera-voc-harmankardon\/\"><img decoding=\"async\" alt=\"Volvo V90 Cross Country B4 AWD Geartronic Drag\/Kamera\/VOC\/Harman&amp;Kardon\" class=\"loop-main-image\" width=\"1024\" height=\"768\" src=\"https:\/\/www.niemibil.se\/wp-content\/uploads\/images\/ads\/2641364\/c125960b-75de-5bfe-db4b-0000b14ec8f7\" loading=\"lazy\" data-no-translation><img loading=\"lazy\" decoding=\"async\" alt=\"Volvo V90 Cross Country B4 AWD Geartronic Drag\/Kamera\/VOC\/Harman&amp;Kardon bakifr\u00e5n\" class=\"loop-secondary-image\" width=\"1024\" height=\"768\" src=\"https:\/\/www.niemibil.se\/wp-content\/uploads\/images\/ads\/2641364\/b7f23e02-9a56-253a-50a8-00003209de88\"><span class=\"loop-read-more\"> Read more \u203a\u203a <\/span><\/a><svg data-no-translation style=\"margin-bottom: 6px;\" xmlns=\"http:\/\/www.w3.org\/2000\/svg\" width=\"12.427\" height=\"16.72\" viewbox=\"0 0 12.427 16.72\">\n  <path id=\"Path_5\" data-name=\"Path 5\" d=\"M75.322,129.667a6.22,6.22,0,0,0-7.438,6.1,5.834,5.834,0,0,0,.205,1.57,6.144,6.144,0,0,0,.288.855l.723,1.249,3.413,5.916a1.83,1.83,0,0,0,3.17,0l3.387-5.867.773-1.34a5.527,5.527,0,0,0,.263-.814,5.676,5.676,0,0,0,.2-1.261A6.255,6.255,0,0,0,75.322,129.667Zm-1.223,8.68a2.583,2.583,0,1,1,2.59-2.583A2.584,2.584,0,0,1,74.1,138.346Z\" transform=\"translate(-67.884 -129.55)\" fill=\"#3d91d9\"\/>\n<\/svg><span class=\"car-location\" data-no-translation>LULE\u00c5 &#8211; SPANTGATAN 8<\/span><a href=\"https:\/\/www.niemibil.se\/en\/object\/volvo-v90-cross-country-b4-awd-geartronic-drag-kamera-voc-harmankardon\/\"><\/p>\n<h3>Volvo V90 Cross Country B4 AWD Geartronic Drag\/Kamera\/VOC\/Harman&amp;Kardon<\/h3>\n<p><\/a><span class=\"yearmodel\" data-no-translation=\"\">2021<\/span> | <span class=\"miles\" data-no-translation=\"\">15080 mil<\/span> | <span class=\"term-vaxellada\">Automatic<\/span> | <span class=\"term-drivmedel\">Diesel<\/span><\/p>\n<div class=\"data-type-object data-type-object-id-2641364\" interest-rate=\"8.95\" data-price=\"339900\" data-wp-id=\"2641364\" data-no-translation><span class=\"price-sek price-large price-total price-total-large\" data-price=\"339900\">339 900 kr<\/span><span class=\"price-sek price-large price-monthly price-monthly-large\">5 665 kr\/m\u00e5n<\/span><span class=\"price-sek price-small price-total price-total-small\"><span>Kontant<\/span> 339 900 kr<\/span><span class=\"price-sek price-small price-monthly price-monthly-small\"><span>eller<\/span> 5 665 kr\/m\u00e5n<\/span><\/div>\n\t\t<\/div>\n\t\t\t\t<\/div>\n\t\t\t\t<\/article>\n\t\t\t\t<article class=\"elementor-post elementor-grid-item post-2647562 objekt type-objekt status-publish format-standard hentry fordonstyp-halvkombi drivmedel-bensin vaxellada-manuell bilmarke-volkswagen farg-rod bilhall-spantgatan-8 egenskap-dragkrok ort-lulea\" role=\"listitem\">\n\t\t\t\t<div class=\"elementor-post__text\">\n\t\t\t\t<div class=\"elementor-post__excerpt\">\n\t\t\t<p><a class=\"loop-main-link\" href=\"https:\/\/www.niemibil.se\/en\/object\/volkswagen-golf-5-door-2-0-gti-pano-sov-drag-camera-psens\/\"><img decoding=\"async\" alt=\"Volkswagen Golf 5-door 2.0 GTI Pano\/SoV\/Drag\/Kamera\/Psens\" class=\"loop-main-image\" width=\"1024\" height=\"768\" src=\"https:\/\/www.niemibil.se\/wp-content\/uploads\/images\/ads\/2647562\/b519d483-4ff9-8681-f49b-0000f5a01ac7\" loading=\"lazy\" data-no-translation><img loading=\"lazy\" decoding=\"async\" alt=\"Volkswagen Golf 5-door 2.0 GTI Pano\/SoV\/Drag\/Kamera\/Psens bakifr\u00e5n\" class=\"loop-secondary-image\" width=\"1024\" height=\"768\" src=\"https:\/\/www.niemibil.se\/wp-content\/uploads\/images\/ads\/2647562\/f073fc3d-a548-33a9-1d6c-0000656c2e67\"><span class=\"loop-read-more\"> Read more \u203a\u203a <\/span><\/a><svg data-no-translation style=\"margin-bottom: 6px;\" xmlns=\"http:\/\/www.w3.org\/2000\/svg\" width=\"12.427\" height=\"16.72\" viewbox=\"0 0 12.427 16.72\">\n  <path id=\"Path_5\" data-name=\"Path 5\" d=\"M75.322,129.667a6.22,6.22,0,0,0-7.438,6.1,5.834,5.834,0,0,0,.205,1.57,6.144,6.144,0,0,0,.288.855l.723,1.249,3.413,5.916a1.83,1.83,0,0,0,3.17,0l3.387-5.867.773-1.34a5.527,5.527,0,0,0,.263-.814,5.676,5.676,0,0,0,.2-1.261A6.255,6.255,0,0,0,75.322,129.667Zm-1.223,8.68a2.583,2.583,0,1,1,2.59-2.583A2.584,2.584,0,0,1,74.1,138.346Z\" transform=\"translate(-67.884 -129.55)\" fill=\"#3d91d9\"\/>\n<\/svg><span class=\"car-location\" data-no-translation>LULE\u00c5 &#8211; SPANTGATAN 8<\/span><a href=\"https:\/\/www.niemibil.se\/en\/object\/volkswagen-golf-5-door-2-0-gti-pano-sov-drag-camera-psens\/\"><\/p>\n<h3>Volkswagen Golf 5-door 2.0 GTI Pano\/SoV\/Drag\/Camera\/Psens<\/h3>\n<p><\/a><span class=\"yearmodel\" data-no-translation=\"\">2011<\/span> | <span class=\"miles\" data-no-translation=\"\">19256 mil<\/span> | <span class=\"term-vaxellada\">Manual<\/span> | <span class=\"term-drivmedel\">Petrol<\/span><\/p>\n<div class=\"data-type-object data-type-object-id-2647562\" interest-rate=\"8.95\" data-price=\"114900\" data-wp-id=\"2647562\" data-no-translation><span class=\"price-sek price-large price-total price-total-large\" data-price=\"114900\">114 900 kr<\/span><span class=\"price-sek price-large price-monthly price-monthly-large\">1 915 kr\/m\u00e5n<\/span><span class=\"price-sek price-small price-total price-total-small\"><span>Kontant<\/span> 114 900 kr<\/span><span class=\"price-sek price-small price-monthly price-monthly-small\"><span>eller<\/span> 1 915 kr\/m\u00e5n<\/span><\/div>\n\t\t<\/div>\n\t\t\t\t<\/div>\n\t\t\t\t<\/article>\n\t\t\t\t<article class=\"elementor-post elementor-grid-item post-2647845 objekt type-objekt status-publish format-standard hentry fordonstyp-halvkombi drivmedel-bensin vaxellada-automatisk bilmarke-volkswagen farg-vit bilhall-spantgatan-8 ort-lulea\" role=\"listitem\">\n\t\t\t\t<div class=\"elementor-post__text\">\n\t\t\t\t<div class=\"elementor-post__excerpt\">\n\t\t\t<p><a class=\"loop-main-link\" href=\"https:\/\/www.niemibil.se\/en\/object\/volkswagen-polo-1-0-tsi-engine-heater-psens-sov\/\"><img decoding=\"async\" alt=\"Volkswagen Polo 1.0 TSI Motorv\u00e4rmare\/Psens\/SoV\" class=\"loop-main-image\" width=\"1024\" height=\"768\" src=\"https:\/\/www.niemibil.se\/wp-content\/uploads\/images\/ads\/2647845\/f1f0e6db-e684-83c9-f69c-0000d62379a2\" loading=\"lazy\" data-no-translation><img loading=\"lazy\" decoding=\"async\" alt=\"Volkswagen Polo 1.0 TSI Motorv\u00e4rmare\/Psens\/SoV bakifr\u00e5n\" class=\"loop-secondary-image\" width=\"1024\" height=\"768\" src=\"https:\/\/www.niemibil.se\/wp-content\/uploads\/images\/ads\/2647845\/742beb29-c017-4c6a-a749-70f0ea54ce62\"><span class=\"loop-read-more\"> Read more \u203a\u203a <\/span><\/a><svg data-no-translation style=\"margin-bottom: 6px;\" xmlns=\"http:\/\/www.w3.org\/2000\/svg\" width=\"12.427\" height=\"16.72\" viewbox=\"0 0 12.427 16.72\">\n  <path id=\"Path_5\" data-name=\"Path 5\" d=\"M75.322,129.667a6.22,6.22,0,0,0-7.438,6.1,5.834,5.834,0,0,0,.205,1.57,6.144,6.144,0,0,0,.288.855l.723,1.249,3.413,5.916a1.83,1.83,0,0,0,3.17,0l3.387-5.867.773-1.34a5.527,5.527,0,0,0,.263-.814,5.676,5.676,0,0,0,.2-1.261A6.255,6.255,0,0,0,75.322,129.667Zm-1.223,8.68a2.583,2.583,0,1,1,2.59-2.583A2.584,2.584,0,0,1,74.1,138.346Z\" transform=\"translate(-67.884 -129.55)\" fill=\"#3d91d9\"\/>\n<\/svg><span class=\"car-location\" data-no-translation>LULE\u00c5 &#8211; SPANTGATAN 8<\/span><a href=\"https:\/\/www.niemibil.se\/en\/object\/volkswagen-polo-1-0-tsi-engine-heater-psens-sov\/\"><\/p>\n<h3>Volkswagen Polo 1.0 TSI Engine heater\/Psens\/SoV<\/h3>\n<p><\/a><span class=\"yearmodel\" data-no-translation=\"\">2020<\/span> | <span class=\"miles\" data-no-translation=\"\">5305 mil<\/span> | <span class=\"term-vaxellada\">Automatic<\/span> | <span class=\"term-drivmedel\">Petrol<\/span><\/p>\n<div class=\"data-type-object data-type-object-id-2647845\" interest-rate=\"8.95\" data-price=\"174900\" data-wp-id=\"2647845\" data-no-translation><span class=\"price-sek price-large price-total price-total-large\" data-price=\"174900\">174 900 kr<\/span><span class=\"price-sek price-large price-monthly price-monthly-large\">2 915 kr\/m\u00e5n<\/span><span class=\"price-sek price-small price-total price-total-small\"><span>Kontant<\/span> 174 900 kr<\/span><span class=\"price-sek price-small price-monthly price-monthly-small\"><span>eller<\/span> 2 915 kr\/m\u00e5n<\/span><\/div>\n\t\t<\/div>\n\t\t\t\t<\/div>\n\t\t\t\t<\/article>\n\t\t\t\t<article class=\"elementor-post elementor-grid-item post-2648366 objekt type-objekt status-publish format-standard hentry fordonstyp-kombi drivmedel-diesel vaxellada-automatisk bilmarke-audi farg-vit bilhall-lulea-banvagen-7b egenskap-awd egenskap-dragkrok egenskap-motorvarmare ort-lulea\" role=\"listitem\">\n\t\t\t\t<div class=\"elementor-post__text\">\n\t\t\t\t<div class=\"elementor-post__excerpt\">\n\t\t\t<p><a class=\"loop-main-link\" href=\"https:\/\/www.niemibil.se\/en\/object\/audi-a4-allroad-quattro-2-0-tdi-sport-edition-mok-dvarm-sov\/\"><img decoding=\"async\" alt=\"Audi A4 Allroad Quattro 2.0 TDI MoK\/Dv\u00e4rm\/SoV\" class=\"loop-main-image\" width=\"1024\" height=\"768\" src=\"https:\/\/www.niemibil.se\/wp-content\/uploads\/images\/ads\/2648366\/c3a51586-bca9-d119-9365-00004f8cb108\" loading=\"lazy\" data-no-translation><img loading=\"lazy\" decoding=\"async\" alt=\"Audi A4 Allroad Quattro 2.0 TDI MoK\/Dv\u00e4rm\/SoV bakifr\u00e5n\" class=\"loop-secondary-image\" width=\"1024\" height=\"768\" src=\"https:\/\/www.niemibil.se\/wp-content\/uploads\/images\/ads\/2648366\/110cc5c5-6797-b3f4-5c4f-00002c9ec1f5\"><span class=\"loop-read-more\"> Read more \u203a\u203a <\/span><\/a><svg data-no-translation style=\"margin-bottom: 6px;\" xmlns=\"http:\/\/www.w3.org\/2000\/svg\" width=\"12.427\" height=\"16.72\" viewbox=\"0 0 12.427 16.72\">\n  <path id=\"Path_5\" data-name=\"Path 5\" d=\"M75.322,129.667a6.22,6.22,0,0,0-7.438,6.1,5.834,5.834,0,0,0,.205,1.57,6.144,6.144,0,0,0,.288.855l.723,1.249,3.413,5.916a1.83,1.83,0,0,0,3.17,0l3.387-5.867.773-1.34a5.527,5.527,0,0,0,.263-.814,5.676,5.676,0,0,0,.2-1.261A6.255,6.255,0,0,0,75.322,129.667Zm-1.223,8.68a2.583,2.583,0,1,1,2.59-2.583A2.584,2.584,0,0,1,74.1,138.346Z\" transform=\"translate(-67.884 -129.55)\" fill=\"#3d91d9\"\/>\n<\/svg><span class=\"car-location\" data-no-translation>LULE\u00c5 &#8211; BANV\u00c4GEN 7B<\/span><a href=\"https:\/\/www.niemibil.se\/en\/object\/audi-a4-allroad-quattro-2-0-tdi-sport-edition-mok-dvarm-sov\/\"><\/p>\n<h3>Audi A4 Allroad Quattro 2.0 TDI MoK\/Dv\u00e4rm\/SoV<\/h3>\n<p><\/a><span class=\"yearmodel\" data-no-translation=\"\">2016<\/span> | <span class=\"miles\" data-no-translation=\"\">14759 mil<\/span> | <span class=\"term-vaxellada\">Automatic<\/span> | <span class=\"term-drivmedel\">Diesel<\/span><\/p>\n<div class=\"data-type-object data-type-object-id-2648366\" interest-rate=\"8.95\" data-price=\"189900\" data-wp-id=\"2648366\" data-no-translation><span class=\"price-sek price-large price-total price-total-large\" data-price=\"189900\">189 900 kr<\/span><span class=\"price-sek price-large price-monthly price-monthly-large\">3 165 kr\/m\u00e5n<\/span><span class=\"price-sek price-small price-total price-total-small\"><span>Kontant<\/span> 189 900 kr<\/span><span class=\"price-sek price-small price-monthly price-monthly-small\"><span>eller<\/span> 3 165 kr\/m\u00e5n<\/span><\/div>\n\t\t<\/div>\n\t\t\t\t<\/div>\n\t\t\t\t<\/article>\n\t\t\t\t<article class=\"elementor-post elementor-grid-item post-2621842 objekt type-objekt status-publish format-standard hentry fordonstyp-suv drivmedel-hybrid vaxellada-automatisk bilmarke-mercedes-benz farg-vit bilhall-spantgatan-8 egenskap-awd egenskap-dragkrok egenskap-motorvarmare ort-lulea\" role=\"listitem\">\n\t\t\t\t<div class=\"elementor-post__text\">\n\t\t\t\t<div class=\"elementor-post__excerpt\">\n\t\t\t<p><a class=\"loop-main-link\" href=\"https:\/\/www.niemibil.se\/en\/object\/mercedes-benz-glc-350-e-4matic-7g-t-plus-drag-mok-p-sens-sv\/\"><img decoding=\"async\" alt=\"Mercedes-Benz GLC 350 e 4MATIC 7G-T Plus Drag\/MoK\/P-sens\/S&amp;V\" class=\"loop-main-image\" width=\"1024\" height=\"768\" src=\"https:\/\/www.niemibil.se\/wp-content\/uploads\/images\/ads\/2621842\/c6f78a24-e10a-4dec-b451-19d723285d9a\" loading=\"lazy\" data-no-translation><img loading=\"lazy\" decoding=\"async\" alt=\"Mercedes-Benz GLC 350 e 4MATIC 7G-T Plus Drag\/MoK\/P-sens\/S&amp;V bakifr\u00e5n\" class=\"loop-secondary-image\" width=\"1024\" height=\"768\" src=\"https:\/\/www.niemibil.se\/wp-content\/uploads\/images\/ads\/2621842\/98c6c9d9-4c1d-4f7f-8abe-a137db58c71c\"><span class=\"loop-read-more\"> Read more \u203a\u203a <\/span><\/a><svg data-no-translation style=\"margin-bottom: 6px;\" xmlns=\"http:\/\/www.w3.org\/2000\/svg\" width=\"12.427\" height=\"16.72\" viewbox=\"0 0 12.427 16.72\">\n  <path id=\"Path_5\" data-name=\"Path 5\" d=\"M75.322,129.667a6.22,6.22,0,0,0-7.438,6.1,5.834,5.834,0,0,0,.205,1.57,6.144,6.144,0,0,0,.288.855l.723,1.249,3.413,5.916a1.83,1.83,0,0,0,3.17,0l3.387-5.867.773-1.34a5.527,5.527,0,0,0,.263-.814,5.676,5.676,0,0,0,.2-1.261A6.255,6.255,0,0,0,75.322,129.667Zm-1.223,8.68a2.583,2.583,0,1,1,2.59-2.583A2.584,2.584,0,0,1,74.1,138.346Z\" transform=\"translate(-67.884 -129.55)\" fill=\"#3d91d9\"\/>\n<\/svg><span class=\"car-location\" data-no-translation>LULE\u00c5 &#8211; SPANTGATAN 8<\/span><a href=\"https:\/\/www.niemibil.se\/en\/object\/mercedes-benz-glc-350-e-4matic-7g-t-plus-drag-mok-p-sens-sv\/\"><\/p>\n<h3>Mercedes-Benz GLC 350 e 4MATIC 7G-T Plus Drag\/MoK\/P-sens\/S&amp;V<\/h3>\n<p><\/a><span class=\"yearmodel\" data-no-translation=\"\">2018<\/span> | <span class=\"miles\" data-no-translation=\"\">15885 mil<\/span> | <span class=\"term-vaxellada\">Automatic<\/span> | <span class=\"term-drivmedel\">Hybrid<\/span><\/p>\n<div class=\"data-type-object data-type-object-id-2621842\" interest-rate=\"8.95\" data-price=\"299900\" data-wp-id=\"2621842\" data-no-translation><span class=\"price-sek price-large price-total price-total-large\" data-price=\"299900\">299 900 kr<\/span><span class=\"price-sek price-large price-monthly price-monthly-large\">4 998 kr\/m\u00e5n<\/span><span class=\"price-sek price-small price-total price-total-small\"><span>Kontant<\/span> 299 900 kr<\/span><span class=\"price-sek price-small price-monthly price-monthly-small\"><span>eller<\/span> 4 998 kr\/m\u00e5n<\/span><\/div>\n\t\t<\/div>\n\t\t\t\t<\/div>\n\t\t\t\t<\/article>\n\t\t\t\t<article class=\"elementor-post elementor-grid-item post-2623732 objekt type-objekt status-publish format-standard hentry fordonstyp-sportkupe drivmedel-bensin vaxellada-automatisk bilmarke-audi farg-gra bilhall-spantgatan-8 egenskap-awd egenskap-dragkrok egenskap-motorvarmare ort-lulea\" role=\"listitem\">\n\t\t\t\t<div class=\"elementor-post__text\">\n\t\t\t\t<div class=\"elementor-post__excerpt\">\n\t\t\t<p><a class=\"loop-main-link\" href=\"https:\/\/www.niemibil.se\/en\/object\/audi-a5-coupe-2-0-tfsi-quattro-s-line-camera-pwarm-drag-mok\/\"><img decoding=\"async\" alt=\"Audi A5 Coup\u00e9 2.0 TFSI Quattro S Line Kamera\/Pv\u00e4rm\/Drag\" class=\"loop-main-image\" width=\"1024\" height=\"768\" src=\"https:\/\/www.niemibil.se\/wp-content\/uploads\/images\/ads\/2623732\/8d9e67a4-3730-4d83-8f3d-39c906a5be83\" loading=\"lazy\" data-no-translation><img loading=\"lazy\" decoding=\"async\" alt=\"Audi A5 Coup\u00e9 2.0 TFSI Quattro S Line Kamera\/Pv\u00e4rm\/Drag bakifr\u00e5n\" class=\"loop-secondary-image\" width=\"1024\" height=\"768\" src=\"https:\/\/www.niemibil.se\/wp-content\/uploads\/images\/ads\/2623732\/468cc716-2114-4d67-ac02-1880d748aa12\"><span class=\"loop-read-more\"> Read more \u203a\u203a <\/span><\/a><svg data-no-translation style=\"margin-bottom: 6px;\" xmlns=\"http:\/\/www.w3.org\/2000\/svg\" width=\"12.427\" height=\"16.72\" viewbox=\"0 0 12.427 16.72\">\n  <path id=\"Path_5\" data-name=\"Path 5\" d=\"M75.322,129.667a6.22,6.22,0,0,0-7.438,6.1,5.834,5.834,0,0,0,.205,1.57,6.144,6.144,0,0,0,.288.855l.723,1.249,3.413,5.916a1.83,1.83,0,0,0,3.17,0l3.387-5.867.773-1.34a5.527,5.527,0,0,0,.263-.814,5.676,5.676,0,0,0,.2-1.261A6.255,6.255,0,0,0,75.322,129.667Zm-1.223,8.68a2.583,2.583,0,1,1,2.59-2.583A2.584,2.584,0,0,1,74.1,138.346Z\" transform=\"translate(-67.884 -129.55)\" fill=\"#3d91d9\"\/>\n<\/svg><span class=\"car-location\" data-no-translation>LULE\u00c5 &#8211; SPANTGATAN 8<\/span><a href=\"https:\/\/www.niemibil.se\/en\/object\/audi-a5-coupe-2-0-tfsi-quattro-s-line-camera-pwarm-drag-mok\/\"><\/p>\n<h3>Audi A5 Coup\u00e9 2.0 TFSI Quattro S Line Camera\/Heater\/Drag<\/h3>\n<p><\/a><span class=\"yearmodel\" data-no-translation=\"\">2017<\/span> | <span class=\"miles\" data-no-translation=\"\">11535 mil<\/span> | <span class=\"term-vaxellada\">Automatic<\/span> | <span class=\"term-drivmedel\">Petrol<\/span><\/p>\n<div class=\"data-type-object data-type-object-id-2623732\" interest-rate=\"8.95\" data-price=\"249900\" data-wp-id=\"2623732\" data-no-translation><span class=\"price-sek price-large price-total price-total-large\" data-price=\"249900\">249 900 kr<\/span><span class=\"price-sek price-large price-monthly price-monthly-large\">4 165 kr\/m\u00e5n<\/span><span class=\"price-sek price-small price-total price-total-small\"><span>Kontant<\/span> 249 900 kr<\/span><span class=\"price-sek price-small price-monthly price-monthly-small\"><span>eller<\/span> 4 165 kr\/m\u00e5n<\/span><\/div>\n\t\t<\/div>\n\t\t\t\t<\/div>\n\t\t\t\t<\/article>\n\t\t\t\t<article class=\"elementor-post elementor-grid-item post-2629645 objekt type-objekt status-publish format-standard hentry fordonstyp-minibuss drivmedel-diesel vaxellada-automatisk bilmarke-volkswagen farg-vit bilhall-spantgatan-8 egenskap-dragkrok egenskap-motorvarmare ort-lulea\" role=\"listitem\">\n\t\t\t\t<div class=\"elementor-post__text\">\n\t\t\t\t<div class=\"elementor-post__excerpt\">\n\t\t\t<p><a class=\"loop-main-link\" href=\"https:\/\/www.niemibil.se\/en\/object\/volkswagen-transporter-combi-t30-2-0-tdi-9-seater-vat-tax\/\"><img decoding=\"async\" alt=\"Volkswagen Transporter Kombi T30 2.0 TDI 9-Sits\/MOMS\/Drag\" class=\"loop-main-image\" width=\"1024\" height=\"768\" src=\"https:\/\/www.niemibil.se\/wp-content\/uploads\/images\/ads\/2629645\/b02c813c-75bf-4897-ac0f-1c5682c6b290\" loading=\"lazy\" data-no-translation><img loading=\"lazy\" decoding=\"async\" alt=\"Volkswagen Transporter Kombi T30 2.0 TDI 9-Sits\/MOMS\/Drag bakifr\u00e5n\" class=\"loop-secondary-image\" width=\"1024\" height=\"768\" src=\"https:\/\/www.niemibil.se\/wp-content\/uploads\/images\/ads\/2629645\/44896b54-2018-48c9-9192-7aec7a9b9739\"><span class=\"loop-read-more\"> Read more \u203a\u203a <\/span><\/a><svg data-no-translation style=\"margin-bottom: 6px;\" xmlns=\"http:\/\/www.w3.org\/2000\/svg\" width=\"12.427\" height=\"16.72\" viewbox=\"0 0 12.427 16.72\">\n  <path id=\"Path_5\" data-name=\"Path 5\" d=\"M75.322,129.667a6.22,6.22,0,0,0-7.438,6.1,5.834,5.834,0,0,0,.205,1.57,6.144,6.144,0,0,0,.288.855l.723,1.249,3.413,5.916a1.83,1.83,0,0,0,3.17,0l3.387-5.867.773-1.34a5.527,5.527,0,0,0,.263-.814,5.676,5.676,0,0,0,.2-1.261A6.255,6.255,0,0,0,75.322,129.667Zm-1.223,8.68a2.583,2.583,0,1,1,2.59-2.583A2.584,2.584,0,0,1,74.1,138.346Z\" transform=\"translate(-67.884 -129.55)\" fill=\"#3d91d9\"\/>\n<\/svg><span class=\"car-location\" data-no-translation>LULE\u00c5 &#8211; SPANTGATAN 8<\/span><a href=\"https:\/\/www.niemibil.se\/en\/object\/volkswagen-transporter-combi-t30-2-0-tdi-9-seater-vat-tax\/\"><\/p>\n<h3>Volkswagen Transporter Kombi T30 2.0 TDI 9-Seater\/VAT\/Drag<\/h3>\n<p><\/a><span class=\"yearmodel\" data-no-translation=\"\">2023<\/span> | <span class=\"miles\" data-no-translation=\"\">6200 mil<\/span> | <span class=\"term-vaxellada\">Automatic<\/span> | <span class=\"term-drivmedel\">Diesel<\/span><\/p>\n<div class=\"data-type-object data-type-object-id-2629645\" interest-rate=\"8.95\" data-price=\"439900\" data-wp-id=\"2629645\" data-no-translation><span class=\"price-sek price-large price-total price-total-large\" data-price=\"439900\">439 900 kr<\/span><span class=\"price-sek price-large price-monthly price-monthly-large\">7 332 kr\/m\u00e5n<\/span><span class=\"price-sek price-small price-total price-total-small\"><span>Kontant<\/span> 439 900 kr<\/span><span class=\"price-sek price-small price-monthly price-monthly-small\"><span>eller<\/span> 7 332 kr\/m\u00e5n<\/span><\/div>\n\t\t<\/div>\n\t\t\t\t<\/div>\n\t\t\t\t<\/article>\n\t\t\t\t<article class=\"elementor-post elementor-grid-item post-2630434 objekt type-objekt status-publish format-standard hentry fordonstyp-halvkombi drivmedel-bensin vaxellada-manuell bilmarke-opel farg-gra bilhall-spantgatan-8 ort-lulea\" role=\"listitem\">\n\t\t\t\t<div class=\"elementor-post__text\">\n\t\t\t\t<div class=\"elementor-post__excerpt\">\n\t\t\t<p><a class=\"loop-main-link\" href=\"https:\/\/www.niemibil.se\/en\/object\/opel-corsa-5-doors-1-4-warmer-sleep-psens-steering-wheel-heating-led-ramp\/\"><img decoding=\"async\" alt=\"Opel Corsa 5-d\u00f6rrar 1.4 V\u00e4rmare\/SoV\/Psens\/Rattv\u00e4rme\" class=\"loop-main-image\" width=\"1024\" height=\"768\" src=\"https:\/\/www.niemibil.se\/wp-content\/uploads\/images\/ads\/2630434\/56ff623a-24cf-48a1-b570-c84a0a7d77c9\" loading=\"lazy\" data-no-translation><img loading=\"lazy\" decoding=\"async\" alt=\"Opel Corsa 5-d\u00f6rrar 1.4 V\u00e4rmare\/SoV\/Psens\/Rattv\u00e4rme bakifr\u00e5n\" class=\"loop-secondary-image\" width=\"1024\" height=\"768\" src=\"https:\/\/www.niemibil.se\/wp-content\/uploads\/images\/ads\/2630434\/049db2a9-5de6-48d3-9f38-f440090c9840\"><span class=\"loop-read-more\"> Read more \u203a\u203a <\/span><\/a><svg data-no-translation style=\"margin-bottom: 6px;\" xmlns=\"http:\/\/www.w3.org\/2000\/svg\" width=\"12.427\" height=\"16.72\" viewbox=\"0 0 12.427 16.72\">\n  <path id=\"Path_5\" data-name=\"Path 5\" d=\"M75.322,129.667a6.22,6.22,0,0,0-7.438,6.1,5.834,5.834,0,0,0,.205,1.57,6.144,6.144,0,0,0,.288.855l.723,1.249,3.413,5.916a1.83,1.83,0,0,0,3.17,0l3.387-5.867.773-1.34a5.527,5.527,0,0,0,.263-.814,5.676,5.676,0,0,0,.2-1.261A6.255,6.255,0,0,0,75.322,129.667Zm-1.223,8.68a2.583,2.583,0,1,1,2.59-2.583A2.584,2.584,0,0,1,74.1,138.346Z\" transform=\"translate(-67.884 -129.55)\" fill=\"#3d91d9\"\/>\n<\/svg><span class=\"car-location\" data-no-translation>LULE\u00c5 &#8211; SPANTGATAN 8<\/span><a href=\"https:\/\/www.niemibil.se\/en\/object\/opel-corsa-5-doors-1-4-warmer-sleep-psens-steering-wheel-heating-led-ramp\/\"><\/p>\n<h3>Opel Corsa 5-door 1.4 Heater\/SoV\/Psens\/Heated steering wheel<\/h3>\n<p><\/a><span class=\"yearmodel\" data-no-translation=\"\">2016<\/span> | <span class=\"miles\" data-no-translation=\"\">24750 mil<\/span> | <span class=\"term-vaxellada\">Manual<\/span> | <span class=\"term-drivmedel\">Petrol<\/span><\/p>\n<div class=\"data-type-object data-type-object-id-2630434\" interest-rate=\"8.95\" data-price=\"69900\" data-wp-id=\"2630434\" data-no-translation><span class=\"price-sek price-large price-total price-total-large\" data-price=\"69900\">69 900 kr<\/span><span class=\"price-sek price-large price-monthly price-monthly-large\">1 165 kr\/m\u00e5n<\/span><span class=\"price-sek price-small price-total price-total-small\"><span>Kontant<\/span> 69 900 kr<\/span><span class=\"price-sek price-small price-monthly price-monthly-small\"><span>eller<\/span> 1 165 kr\/m\u00e5n<\/span><\/div>\n\t\t<\/div>\n\t\t\t\t<\/div>\n\t\t\t\t<\/article>\n\t\t\t\t<article class=\"elementor-post elementor-grid-item post-2645498 objekt type-objekt status-publish format-standard hentry fordonstyp-kombi drivmedel-diesel vaxellada-automatisk bilmarke-mercedes-benz farg-brun bilhall-spantgatan-8 egenskap-awd egenskap-dragkrok ort-lulea\" role=\"listitem\">\n\t\t\t\t<div class=\"elementor-post__text\">\n\t\t\t\t<div class=\"elementor-post__excerpt\">\n\t\t\t<p><a class=\"loop-main-link\" href=\"https:\/\/www.niemibil.se\/en\/object\/mercedes-benz-cla-200-d-shooting-brake-camera-drag-sv-tire\/\"><img decoding=\"async\" alt=\"Mercedes-Benz CLA 200 d Shooting Brake Kamera\/Drag\/S&amp;V-d\u00e4ck\" class=\"loop-main-image\" width=\"1024\" height=\"768\" src=\"https:\/\/www.niemibil.se\/wp-content\/uploads\/images\/ads\/2645498\/90264217-bf60-4255-a21f-29829b4390a0\" loading=\"lazy\" data-no-translation><img loading=\"lazy\" decoding=\"async\" alt=\"Mercedes-Benz CLA 200 d Shooting Brake Kamera\/Drag\/S&amp;V-d\u00e4ck bakifr\u00e5n\" class=\"loop-secondary-image\" width=\"1024\" height=\"768\" src=\"https:\/\/www.niemibil.se\/wp-content\/uploads\/images\/ads\/2645498\/739df416-02e7-41fd-b305-146be6dac532\"><span class=\"loop-read-more\"> Read more \u203a\u203a <\/span><\/a><svg data-no-translation style=\"margin-bottom: 6px;\" xmlns=\"http:\/\/www.w3.org\/2000\/svg\" width=\"12.427\" height=\"16.72\" viewbox=\"0 0 12.427 16.72\">\n  <path id=\"Path_5\" data-name=\"Path 5\" d=\"M75.322,129.667a6.22,6.22,0,0,0-7.438,6.1,5.834,5.834,0,0,0,.205,1.57,6.144,6.144,0,0,0,.288.855l.723,1.249,3.413,5.916a1.83,1.83,0,0,0,3.17,0l3.387-5.867.773-1.34a5.527,5.527,0,0,0,.263-.814,5.676,5.676,0,0,0,.2-1.261A6.255,6.255,0,0,0,75.322,129.667Zm-1.223,8.68a2.583,2.583,0,1,1,2.59-2.583A2.584,2.584,0,0,1,74.1,138.346Z\" transform=\"translate(-67.884 -129.55)\" fill=\"#3d91d9\"\/>\n<\/svg><span class=\"car-location\" data-no-translation>LULE\u00c5 &#8211; SPANTGATAN 8<\/span><a href=\"https:\/\/www.niemibil.se\/en\/object\/mercedes-benz-cla-200-d-shooting-brake-camera-drag-sv-tire\/\"><\/p>\n<h3>Mercedes-Benz CLA 200 d Shooting Brake Camera\/Towing\/S&amp;V tires<\/h3>\n<p><\/a><span class=\"yearmodel\" data-no-translation=\"\">2018<\/span> | <span class=\"miles\" data-no-translation=\"\">9449 mil<\/span> | <span class=\"term-vaxellada\">Automatic<\/span> | <span class=\"term-drivmedel\">Diesel<\/span><\/p>\n<div class=\"data-type-object data-type-object-id-2645498\" interest-rate=\"8.95\" data-price=\"239900\" data-wp-id=\"2645498\" data-no-translation><span class=\"price-sek price-large price-total price-total-large\" data-price=\"239900\">239 900 kr<\/span><span class=\"price-sek price-large price-monthly price-monthly-large\">3 998 kr\/m\u00e5n<\/span><span class=\"price-sek price-small price-total price-total-small\"><span>Kontant<\/span> 239 900 kr<\/span><span class=\"price-sek price-small price-monthly price-monthly-small\"><span>eller<\/span> 3 998 kr\/m\u00e5n<\/span><\/div>\n\t\t<\/div>\n\t\t\t\t<\/div>\n\t\t\t\t<\/article>\n\t\t\t\t<article class=\"elementor-post elementor-grid-item post-2650140 objekt type-objekt status-publish format-standard hentry fordonstyp-suv drivmedel-hybrid vaxellada-automatisk bilmarke-mazda farg-vit bilhall-spantgatan-8 egenskap-awd ort-lulea\" role=\"listitem\">\n\t\t\t\t<div class=\"elementor-post__text\">\n\t\t\t\t<div class=\"elementor-post__excerpt\">\n\t\t\t<p><a class=\"loop-main-link\" href=\"https:\/\/www.niemibil.se\/en\/object\/mazda-cx-60-phev-awd-327hk-kamera-navi-rattvarm-moms-garanti\/\"><img decoding=\"async\" alt=\"Mazda CX-60 PHEV AWD KAMPANJ 2058KR\/M\u00c5N - 0,99% R\u00c4NTA - INK GARANTI\" class=\"loop-main-image\" width=\"1024\" height=\"768\" src=\"https:\/\/www.niemibil.se\/wp-content\/uploads\/images\/ads\/2650140\/ca37d953-1e2b-4b63-b5c7-275e81d67fd2\" loading=\"lazy\" data-no-translation><img loading=\"lazy\" decoding=\"async\" alt=\"Mazda CX-60 PHEV AWD KAMPANJ 2058KR\/M\u00c5N - 0,99% R\u00c4NTA - INK GARANTI bakifr\u00e5n\" class=\"loop-secondary-image\" width=\"1024\" height=\"768\" src=\"https:\/\/www.niemibil.se\/wp-content\/uploads\/images\/ads\/2650140\/9f172fa4-ff92-468f-bb9d-27ef588c37d3\"><span class=\"loop-read-more\"> Read more \u203a\u203a <\/span><\/a><svg data-no-translation style=\"margin-bottom: 6px;\" xmlns=\"http:\/\/www.w3.org\/2000\/svg\" width=\"12.427\" height=\"16.72\" viewbox=\"0 0 12.427 16.72\">\n  <path id=\"Path_5\" data-name=\"Path 5\" d=\"M75.322,129.667a6.22,6.22,0,0,0-7.438,6.1,5.834,5.834,0,0,0,.205,1.57,6.144,6.144,0,0,0,.288.855l.723,1.249,3.413,5.916a1.83,1.83,0,0,0,3.17,0l3.387-5.867.773-1.34a5.527,5.527,0,0,0,.263-.814,5.676,5.676,0,0,0,.2-1.261A6.255,6.255,0,0,0,75.322,129.667Zm-1.223,8.68a2.583,2.583,0,1,1,2.59-2.583A2.584,2.584,0,0,1,74.1,138.346Z\" transform=\"translate(-67.884 -129.55)\" fill=\"#3d91d9\"\/>\n<\/svg><span class=\"car-location\" data-no-translation>LULE\u00c5 &#8211; SPANTGATAN 8<\/span><a href=\"https:\/\/www.niemibil.se\/en\/object\/mazda-cx-60-phev-awd-327hk-kamera-navi-rattvarm-moms-garanti\/\"><\/p>\n<h3><em style=\"color: #D81132 !important; display: inline;\">Campaign! <\/em> Mazda CX-60 PHEV AWD KAMPANJ 2058KR\/M\u00c5N &#8211; 0,99% R\u00c4NTA &#8211; INK GARANTI<\/h3>\n<p><\/a><span class=\"yearmodel\" data-no-translation=\"\">2024<\/span> | <span class=\"miles\" data-no-translation=\"\">4350 mil<\/span> | <span class=\"term-vaxellada\">Automatic<\/span> | <span class=\"term-drivmedel\">Hybrid<\/span><\/p>\n<div class=\"data-type-object data-type-object-id-2650140\" interest-rate=\"8.95\" data-price=\"449900\" data-wp-id=\"2650140\" data-no-translation><span class=\"price-sek price-large price-total price-total-large\" data-price=\"449900\">449 900 kr<\/span><span class=\"price-sek price-large price-monthly price-monthly-large\">7 498 kr\/m\u00e5n<\/span><span class=\"price-sek price-small price-total price-total-small\"><span>Kontant<\/span> 449 900 kr<\/span><span class=\"price-sek price-small price-monthly price-monthly-small\"><span>eller<\/span> 7 498 kr\/m\u00e5n<\/span><\/div>\n\t\t<\/div>\n\t\t\t\t<\/div>\n\t\t\t\t<\/article>\n\t\t\t\t<article class=\"elementor-post elementor-grid-item post-2631667 objekt type-objekt status-publish format-standard hentry fordonstyp-halvkombi drivmedel-diesel vaxellada-manuell bilmarke-honda farg-rod bilhall-spantgatan-8 ort-lulea\" role=\"listitem\">\n\t\t\t\t<div class=\"elementor-post__text\">\n\t\t\t\t<div class=\"elementor-post__excerpt\">\n\t\t\t<p><a class=\"loop-main-link\" href=\"https:\/\/www.niemibil.se\/en\/object\/honda-civic-5-dorrar-1-6-i-dtec-mok-drag-kamera\/\"><img decoding=\"async\" alt=\"Honda Civic 5-d\u00f6rrar 1.6 MoK\/Drag\/Kamera\/L\u00e5g skatt\" class=\"loop-main-image\" width=\"1024\" height=\"768\" src=\"https:\/\/www.niemibil.se\/wp-content\/uploads\/images\/ads\/2631667\/cf9749c0-0fcf-6777-a842-00008055bdd5\" loading=\"lazy\" data-no-translation><img loading=\"lazy\" decoding=\"async\" alt=\"Honda Civic 5-d\u00f6rrar 1.6 MoK\/Drag\/Kamera\/L\u00e5g skatt bakifr\u00e5n\" class=\"loop-secondary-image\" width=\"1024\" height=\"768\" src=\"https:\/\/www.niemibil.se\/wp-content\/uploads\/images\/ads\/2631667\/a8ce2c18-9625-bd66-f831-000014ecbf77\"><span class=\"loop-read-more\"> Read more \u203a\u203a <\/span><\/a><svg data-no-translation style=\"margin-bottom: 6px;\" xmlns=\"http:\/\/www.w3.org\/2000\/svg\" width=\"12.427\" height=\"16.72\" viewbox=\"0 0 12.427 16.72\">\n  <path id=\"Path_5\" data-name=\"Path 5\" d=\"M75.322,129.667a6.22,6.22,0,0,0-7.438,6.1,5.834,5.834,0,0,0,.205,1.57,6.144,6.144,0,0,0,.288.855l.723,1.249,3.413,5.916a1.83,1.83,0,0,0,3.17,0l3.387-5.867.773-1.34a5.527,5.527,0,0,0,.263-.814,5.676,5.676,0,0,0,.2-1.261A6.255,6.255,0,0,0,75.322,129.667Zm-1.223,8.68a2.583,2.583,0,1,1,2.59-2.583A2.584,2.584,0,0,1,74.1,138.346Z\" transform=\"translate(-67.884 -129.55)\" fill=\"#3d91d9\"\/>\n<\/svg><span class=\"car-location\" data-no-translation>LULE\u00c5 &#8211; SPANTGATAN 8<\/span><a href=\"https:\/\/www.niemibil.se\/en\/object\/honda-civic-5-dorrar-1-6-i-dtec-mok-drag-kamera\/\"><\/p>\n<h3>Honda Civic 5-d\u00f6rrar 1.6 MoK\/Drag\/Kamera\/L\u00e5g skatt<\/h3>\n<p><\/a><span class=\"yearmodel\" data-no-translation=\"\">2018<\/span> | <span class=\"miles\" data-no-translation=\"\">20100 mil<\/span> | <span class=\"term-vaxellada\">Manual<\/span> | <span class=\"term-drivmedel\">Diesel<\/span><\/p>\n<div class=\"data-type-object data-type-object-id-2631667\" interest-rate=\"8.95\" data-price=\"139900\" data-wp-id=\"2631667\" data-no-translation><span class=\"price-sek price-large price-total price-total-large\" data-price=\"139900\">139 900 kr<\/span><span class=\"price-sek price-large price-monthly price-monthly-large\">2 332 kr\/m\u00e5n<\/span><span class=\"price-sek price-small price-total price-total-small\"><span>Kontant<\/span> 139 900 kr<\/span><span class=\"price-sek price-small price-monthly price-monthly-small\"><span>eller<\/span> 2 332 kr\/m\u00e5n<\/span><\/div>\n\t\t<\/div>\n\t\t\t\t<\/div>\n\t\t\t\t<\/article>\n\t\t\t\t<article class=\"elementor-post elementor-grid-item post-2632175 objekt type-objekt status-publish format-standard hentry fordonstyp-sedan drivmedel-diesel vaxellada-automatisk bilmarke-volvo farg-morkbla bilhall-spantgatan-8 egenskap-awd egenskap-dragkrok egenskap-motorvarmare ort-lulea\" role=\"listitem\">\n\t\t\t\t<div class=\"elementor-post__text\">\n\t\t\t\t<div class=\"elementor-post__excerpt\">\n\t\t\t<p><a class=\"loop-main-link\" href=\"https:\/\/www.niemibil.se\/en\/object\/volvo-s90-d5-awd-aut-inscription-pano-camera-skin-sov-voc\/\"><img decoding=\"async\" alt=\"Volvo S90 D5 AWD Aut Inscription Pano\/Kamera\/Skinn\/SoV\/VoC\" class=\"loop-main-image\" width=\"1024\" height=\"768\" src=\"https:\/\/www.niemibil.se\/wp-content\/uploads\/images\/ads\/2632175\/37b2c369-ae12-1c19-07f7-00000d55f53c\" loading=\"lazy\" data-no-translation><img loading=\"lazy\" decoding=\"async\" alt=\"Volvo S90 D5 AWD Aut Inscription Pano\/Kamera\/Skinn\/SoV\/VoC bakifr\u00e5n\" class=\"loop-secondary-image\" width=\"1024\" height=\"768\" src=\"https:\/\/www.niemibil.se\/wp-content\/uploads\/images\/ads\/2632175\/409b4010-c541-0ca7-3779-00007033edc5\"><span class=\"loop-read-more\"> Read more \u203a\u203a <\/span><\/a><svg data-no-translation style=\"margin-bottom: 6px;\" xmlns=\"http:\/\/www.w3.org\/2000\/svg\" width=\"12.427\" height=\"16.72\" viewbox=\"0 0 12.427 16.72\">\n  <path id=\"Path_5\" data-name=\"Path 5\" d=\"M75.322,129.667a6.22,6.22,0,0,0-7.438,6.1,5.834,5.834,0,0,0,.205,1.57,6.144,6.144,0,0,0,.288.855l.723,1.249,3.413,5.916a1.83,1.83,0,0,0,3.17,0l3.387-5.867.773-1.34a5.527,5.527,0,0,0,.263-.814,5.676,5.676,0,0,0,.2-1.261A6.255,6.255,0,0,0,75.322,129.667Zm-1.223,8.68a2.583,2.583,0,1,1,2.59-2.583A2.584,2.584,0,0,1,74.1,138.346Z\" transform=\"translate(-67.884 -129.55)\" fill=\"#3d91d9\"\/>\n<\/svg><span class=\"car-location\" data-no-translation>LULE\u00c5 &#8211; SPANTGATAN 8<\/span><a href=\"https:\/\/www.niemibil.se\/en\/object\/volvo-s90-d5-awd-aut-inscription-pano-camera-skin-sov-voc\/\"><\/p>\n<h3>Volvo S90 D5 AWD Aut Inscription Pano\/Camera\/Skin\/SoV\/VoC<\/h3>\n<p><\/a><span class=\"yearmodel\" data-no-translation=\"\">2017<\/span> | <span class=\"miles\" data-no-translation=\"\">12526 mil<\/span> | <span class=\"term-vaxellada\">Automatic<\/span> | <span class=\"term-drivmedel\">Diesel<\/span><\/p>\n<div class=\"data-type-object data-type-object-id-2632175\" interest-rate=\"8.95\" data-price=\"269900\" data-wp-id=\"2632175\" data-no-translation><span class=\"price-sek price-large price-total price-total-large\" data-price=\"269900\">269 900 kr<\/span><span class=\"price-sek price-large price-monthly price-monthly-large\">4 498 kr\/m\u00e5n<\/span><span class=\"price-sek price-small price-total price-total-small\"><span>Kontant<\/span> 269 900 kr<\/span><span class=\"price-sek price-small price-monthly price-monthly-small\"><span>eller<\/span> 4 498 kr\/m\u00e5n<\/span><\/div>\n\t\t<\/div>\n\t\t\t\t<\/div>\n\t\t\t\t<\/article>\n\t\t\t\t<article class=\"elementor-post elementor-grid-item post-2640715 objekt type-objekt status-publish format-standard hentry fordonstyp-suv drivmedel-diesel vaxellada-automatisk bilmarke-bmw farg-svart bilhall-spantgatan-8 egenskap-awd egenskap-dragkrok ort-lulea\" role=\"listitem\">\n\t\t\t\t<div class=\"elementor-post__text\">\n\t\t\t\t<div class=\"elementor-post__excerpt\">\n\t\t\t<p><a class=\"loop-main-link\" href=\"https:\/\/www.niemibil.se\/en\/object\/bmw-x7-m50d-steptronic-hk-6sits-massage-skinn-pano-drag-laser\/\"><img decoding=\"async\" alt=\"BMW X7 M50d Steptronic H&amp;K\/6sits\/Massage\/Skinn\/Pano\/Drag\/Laser\" class=\"loop-main-image\" width=\"1024\" height=\"768\" src=\"https:\/\/www.niemibil.se\/wp-content\/uploads\/images\/ads\/2640715\/a7e1fd23-8808-2c66-b4d1-0000de509c7e\" loading=\"lazy\" data-no-translation><img loading=\"lazy\" decoding=\"async\" alt=\"BMW X7 M50d Steptronic H&amp;K\/6sits\/Massage\/Skinn\/Pano\/Drag\/Laser bakifr\u00e5n\" class=\"loop-secondary-image\" width=\"1024\" height=\"768\" src=\"https:\/\/www.niemibil.se\/wp-content\/uploads\/images\/ads\/2640715\/544d8370-94a3-29e8-57ae-0000a3de7f16\"><span class=\"loop-read-more\"> Read more \u203a\u203a <\/span><\/a><svg data-no-translation style=\"margin-bottom: 6px;\" xmlns=\"http:\/\/www.w3.org\/2000\/svg\" width=\"12.427\" height=\"16.72\" viewbox=\"0 0 12.427 16.72\">\n  <path id=\"Path_5\" data-name=\"Path 5\" d=\"M75.322,129.667a6.22,6.22,0,0,0-7.438,6.1,5.834,5.834,0,0,0,.205,1.57,6.144,6.144,0,0,0,.288.855l.723,1.249,3.413,5.916a1.83,1.83,0,0,0,3.17,0l3.387-5.867.773-1.34a5.527,5.527,0,0,0,.263-.814,5.676,5.676,0,0,0,.2-1.261A6.255,6.255,0,0,0,75.322,129.667Zm-1.223,8.68a2.583,2.583,0,1,1,2.59-2.583A2.584,2.584,0,0,1,74.1,138.346Z\" transform=\"translate(-67.884 -129.55)\" fill=\"#3d91d9\"\/>\n<\/svg><span class=\"car-location\" data-no-translation>LULE\u00c5 &#8211; SPANTGATAN 8<\/span><a href=\"https:\/\/www.niemibil.se\/en\/object\/bmw-x7-m50d-steptronic-hk-6sits-massage-skinn-pano-drag-laser\/\"><\/p>\n<h3>BMW X7 M50d Steptronic H&amp;K\/6sits\/Massage\/Skinn\/Pano\/Drag\/Laser<\/h3>\n<p><\/a><span class=\"yearmodel\" data-no-translation=\"\">2020<\/span> | <span class=\"miles\" data-no-translation=\"\">9883 mil<\/span> | <span class=\"term-vaxellada\">Automatic<\/span> | <span class=\"term-drivmedel\">Diesel<\/span><\/p>\n<div class=\"data-type-object data-type-object-id-2640715\" interest-rate=\"8.95\" data-price=\"759900\" data-wp-id=\"2640715\" data-no-translation><span class=\"price-sek price-large price-total price-total-large\" data-price=\"759900\">759 900 kr<\/span><span class=\"price-sek price-large price-monthly price-monthly-large\">12 665 kr\/m\u00e5n<\/span><span class=\"price-sek price-small price-total price-total-small\"><span>Kontant<\/span> 759 900 kr<\/span><span class=\"price-sek price-small price-monthly price-monthly-small\"><span>eller<\/span> 12 665 kr\/m\u00e5n<\/span><\/div>\n\t\t<\/div>\n\t\t\t\t<\/div>\n\t\t\t\t<\/article>\n\t\t\t\t<article class=\"elementor-post elementor-grid-item post-2635994 objekt type-objekt status-publish format-standard hentry fordonstyp-halvkombi drivmedel-diesel vaxellada-automatisk bilmarke-audi farg-silver bilhall-spantgatan-8 egenskap-awd egenskap-motorvarmare ort-lulea\" role=\"listitem\">\n\t\t\t\t<div class=\"elementor-post__text\">\n\t\t\t\t<div class=\"elementor-post__excerpt\">\n\t\t\t<p><a class=\"loop-main-link\" href=\"https:\/\/www.niemibil.se\/en\/object\/audi-a5-sportback-2-0-tdi-quattro-aut-proline-psens-dvarm-ac-fhall\/\"><img decoding=\"async\" alt=\"Audi A5 Sportback 2.0 TDI Quattro Aut Proline Psens\/Dv\u00e4rm\/Fh\u00e5ll\" class=\"loop-main-image\" width=\"1024\" height=\"768\" src=\"https:\/\/www.niemibil.se\/wp-content\/uploads\/images\/ads\/2635994\/d345999a-81d7-4ff0-f3c0-000067e88ffb\" loading=\"lazy\" data-no-translation><img loading=\"lazy\" decoding=\"async\" alt=\"Audi A5 Sportback 2.0 TDI Quattro Aut Proline Psens\/Dv\u00e4rm\/Fh\u00e5ll bakifr\u00e5n\" class=\"loop-secondary-image\" width=\"1024\" height=\"768\" src=\"https:\/\/www.niemibil.se\/wp-content\/uploads\/images\/ads\/2635994\/4ef37ccb-7146-5a90-356c-00007644996a\"><span class=\"loop-read-more\"> Read more \u203a\u203a <\/span><\/a><svg data-no-translation style=\"margin-bottom: 6px;\" xmlns=\"http:\/\/www.w3.org\/2000\/svg\" width=\"12.427\" height=\"16.72\" viewbox=\"0 0 12.427 16.72\">\n  <path id=\"Path_5\" data-name=\"Path 5\" d=\"M75.322,129.667a6.22,6.22,0,0,0-7.438,6.1,5.834,5.834,0,0,0,.205,1.57,6.144,6.144,0,0,0,.288.855l.723,1.249,3.413,5.916a1.83,1.83,0,0,0,3.17,0l3.387-5.867.773-1.34a5.527,5.527,0,0,0,.263-.814,5.676,5.676,0,0,0,.2-1.261A6.255,6.255,0,0,0,75.322,129.667Zm-1.223,8.68a2.583,2.583,0,1,1,2.59-2.583A2.584,2.584,0,0,1,74.1,138.346Z\" transform=\"translate(-67.884 -129.55)\" fill=\"#3d91d9\"\/>\n<\/svg><span class=\"car-location\" data-no-translation>LULE\u00c5 &#8211; SPANTGATAN 8<\/span><a href=\"https:\/\/www.niemibil.se\/en\/object\/audi-a5-sportback-2-0-tdi-quattro-aut-proline-psens-dvarm-ac-fhall\/\"><\/p>\n<h3>Audi A5 Sportback 2.0 TDI Quattro Aut Proline Psens\/Dv\u00e4rm\/Fh\u00e5ll<\/h3>\n<p><\/a><span class=\"yearmodel\" data-no-translation=\"\">2016<\/span> | <span class=\"miles\" data-no-translation=\"\">18617 mil<\/span> | <span class=\"term-vaxellada\">Automatic<\/span> | <span class=\"term-drivmedel\">Diesel<\/span><\/p>\n<div class=\"data-type-object data-type-object-id-2635994\" interest-rate=\"8.95\" data-price=\"169900\" data-wp-id=\"2635994\" data-no-translation><span class=\"price-sek price-large price-total price-total-large\" data-price=\"169900\">169 900 kr<\/span><span class=\"price-sek price-large price-monthly price-monthly-large\">2 832 kr\/m\u00e5n<\/span><span class=\"price-sek price-small price-total price-total-small\"><span>Kontant<\/span> 169 900 kr<\/span><span class=\"price-sek price-small price-monthly price-monthly-small\"><span>eller<\/span> 2 832 kr\/m\u00e5n<\/span><\/div>\n\t\t<\/div>\n\t\t\t\t<\/div>\n\t\t\t\t<\/article>\n\t\t\t\t<article class=\"elementor-post elementor-grid-item post-2649804 objekt type-objekt status-publish format-standard hentry fordonstyp-suv drivmedel-bensin vaxellada-automatisk bilmarke-subaru farg-vit bilhall-spantgatan-8 egenskap-awd ort-lulea\" role=\"listitem\">\n\t\t\t\t<div class=\"elementor-post__text\">\n\t\t\t\t<div class=\"elementor-post__excerpt\">\n\t\t\t<p><a class=\"loop-main-link\" href=\"https:\/\/www.niemibil.se\/en\/object\/subaru-forester-2-0-4wd-aut-ledramp-mok-kamera-drag-sov-241hk\/\"><img decoding=\"async\" alt=\"Subaru Forester 2.0 4WD Aut Ledramp\/MoK\/Kamera\/Drag\/SoV\/241HK\" class=\"loop-main-image\" width=\"1024\" height=\"768\" src=\"https:\/\/www.niemibil.se\/wp-content\/uploads\/images\/ads\/2649804\/8156852c-2bfc-20f0-a058-000032835b7f\" loading=\"lazy\" data-no-translation><img loading=\"lazy\" decoding=\"async\" alt=\"Subaru Forester 2.0 4WD Aut Ledramp\/MoK\/Kamera\/Drag\/SoV\/241HK bakifr\u00e5n\" class=\"loop-secondary-image\" width=\"1024\" height=\"768\" src=\"https:\/\/www.niemibil.se\/wp-content\/uploads\/images\/ads\/2649804\/055cb4ff-e4de-62b6-4483-0000eedc782b\"><span class=\"loop-read-more\"> Read more \u203a\u203a <\/span><\/a><svg data-no-translation style=\"margin-bottom: 6px;\" xmlns=\"http:\/\/www.w3.org\/2000\/svg\" width=\"12.427\" height=\"16.72\" viewbox=\"0 0 12.427 16.72\">\n  <path id=\"Path_5\" data-name=\"Path 5\" d=\"M75.322,129.667a6.22,6.22,0,0,0-7.438,6.1,5.834,5.834,0,0,0,.205,1.57,6.144,6.144,0,0,0,.288.855l.723,1.249,3.413,5.916a1.83,1.83,0,0,0,3.17,0l3.387-5.867.773-1.34a5.527,5.527,0,0,0,.263-.814,5.676,5.676,0,0,0,.2-1.261A6.255,6.255,0,0,0,75.322,129.667Zm-1.223,8.68a2.583,2.583,0,1,1,2.59-2.583A2.584,2.584,0,0,1,74.1,138.346Z\" transform=\"translate(-67.884 -129.55)\" fill=\"#3d91d9\"\/>\n<\/svg><span class=\"car-location\" data-no-translation>LULE\u00c5 &#8211; SPANTGATAN 8<\/span><a href=\"https:\/\/www.niemibil.se\/en\/object\/subaru-forester-2-0-4wd-aut-ledramp-mok-kamera-drag-sov-241hk\/\"><\/p>\n<h3>Subaru Forester 2.0 4WD Aut Ledramp\/MoK\/Camera\/Drag\/SoV\/241HK<\/h3>\n<p><\/a><span class=\"yearmodel\" data-no-translation=\"\">2017<\/span> | <span class=\"miles\" data-no-translation=\"\">10629 mil<\/span> | <span class=\"term-vaxellada\">Automatic<\/span> | <span class=\"term-drivmedel\">Petrol<\/span><\/p>\n<div class=\"data-type-object data-type-object-id-2649804\" interest-rate=\"8.95\" data-price=\"239900\" data-wp-id=\"2649804\" data-no-translation><span class=\"price-sek price-large price-total price-total-large\" data-price=\"239900\">239 900 kr<\/span><span class=\"price-sek price-large price-monthly price-monthly-large\">3 998 kr\/m\u00e5n<\/span><span class=\"price-sek price-small price-total price-total-small\"><span>Kontant<\/span> 239 900 kr<\/span><span class=\"price-sek price-small price-monthly price-monthly-small\"><span>eller<\/span> 3 998 kr\/m\u00e5n<\/span><\/div>\n\t\t<\/div>\n\t\t\t\t<\/div>\n\t\t\t\t<\/article>\n\t\t\t\t<article class=\"elementor-post elementor-grid-item post-2639115 objekt type-objekt status-publish format-standard hentry fordonstyp-suv drivmedel-diesel vaxellada-automatisk bilmarke-volkswagen farg-ljusgra bilhall-spantgatan-8 egenskap-awd egenskap-dragkrok egenskap-motorvarmare ort-lulea\" role=\"listitem\">\n\t\t\t\t<div class=\"elementor-post__text\">\n\t\t\t\t<div class=\"elementor-post__excerpt\">\n\t\t\t<p><a class=\"loop-main-link\" href=\"https:\/\/www.niemibil.se\/en\/object\/volkswagen-touareg-3-0-v6-tdi-4motion-aut-dvarm-mok-skinn-pano-kamera-sov\/\"><img decoding=\"async\" alt=\"Volkswagen Touareg 3.0 V6 TDI 4Motion Aut Dv\u00e4rm\/MoK\/Skinn\/Pano\/Kamera\/SoV\" class=\"loop-main-image\" width=\"1024\" height=\"768\" src=\"https:\/\/www.niemibil.se\/wp-content\/uploads\/images\/ads\/2639115\/47aca8e9-7e17-fb95-6692-0000529b8c42\" loading=\"lazy\" data-no-translation><img loading=\"lazy\" decoding=\"async\" alt=\"Volkswagen Touareg 3.0 V6 TDI 4Motion Aut Dv\u00e4rm\/MoK\/Skinn\/Pano\/Kamera\/SoV bakifr\u00e5n\" class=\"loop-secondary-image\" width=\"1024\" height=\"768\" src=\"https:\/\/www.niemibil.se\/wp-content\/uploads\/images\/ads\/2639115\/42c1c427-c77f-482c-3ad1-0000110d1b3f\"><span class=\"loop-read-more\"> Read more \u203a\u203a <\/span><\/a><svg data-no-translation style=\"margin-bottom: 6px;\" xmlns=\"http:\/\/www.w3.org\/2000\/svg\" width=\"12.427\" height=\"16.72\" viewbox=\"0 0 12.427 16.72\">\n  <path id=\"Path_5\" data-name=\"Path 5\" d=\"M75.322,129.667a6.22,6.22,0,0,0-7.438,6.1,5.834,5.834,0,0,0,.205,1.57,6.144,6.144,0,0,0,.288.855l.723,1.249,3.413,5.916a1.83,1.83,0,0,0,3.17,0l3.387-5.867.773-1.34a5.527,5.527,0,0,0,.263-.814,5.676,5.676,0,0,0,.2-1.261A6.255,6.255,0,0,0,75.322,129.667Zm-1.223,8.68a2.583,2.583,0,1,1,2.59-2.583A2.584,2.584,0,0,1,74.1,138.346Z\" transform=\"translate(-67.884 -129.55)\" fill=\"#3d91d9\"\/>\n<\/svg><span class=\"car-location\" data-no-translation>LULE\u00c5 &#8211; SPANTGATAN 8<\/span><a href=\"https:\/\/www.niemibil.se\/en\/object\/volkswagen-touareg-3-0-v6-tdi-4motion-aut-dvarm-mok-skinn-pano-kamera-sov\/\"><\/p>\n<h3>Volkswagen Touareg 3.0 V6 TDI 4Motion Aut Dv\u00e4rm\/MoK\/Skinn\/Pano\/Camera\/SoV<\/h3>\n<p><\/a><span class=\"yearmodel\" data-no-translation=\"\">2014<\/span> | <span class=\"miles\" data-no-translation=\"\">22500 mil<\/span> | <span class=\"term-vaxellada\">Automatic<\/span> | <span class=\"term-drivmedel\">Diesel<\/span><\/p>\n<div class=\"data-type-object data-type-object-id-2639115\" interest-rate=\"8.95\" data-price=\"169900\" data-wp-id=\"2639115\" data-no-translation><span class=\"price-sek price-large price-total price-total-large\" data-price=\"169900\">169 900 kr<\/span><span class=\"price-sek price-large price-monthly price-monthly-large\">2 832 kr\/m\u00e5n<\/span><span class=\"price-sek price-small price-total price-total-small\"><span>Kontant<\/span> 169 900 kr<\/span><span class=\"price-sek price-small price-monthly price-monthly-small\"><span>eller<\/span> 2 832 kr\/m\u00e5n<\/span><\/div>\n\t\t<\/div>\n\t\t\t\t<\/div>\n\t\t\t\t<\/article>\n\t\t\t\t<article class=\"elementor-post elementor-grid-item post-2639220 objekt type-objekt status-publish format-standard hentry fordonstyp-suv drivmedel-el vaxellada-automatisk bilmarke-maxus farg-silver bilhall-lulea-banvagen-7b ort-lulea\" role=\"listitem\">\n\t\t\t\t<div class=\"elementor-post__text\">\n\t\t\t\t<div class=\"elementor-post__excerpt\">\n\t\t\t<p><a class=\"loop-main-link\" href=\"https:\/\/www.niemibil.se\/en\/object\/maxus-euniq-6-70-kwh-panorama-360-camera-skin-sleep-tire-warmer\/\"><img decoding=\"async\" alt=\"Maxus Euniq 6 70 kWh Panorama\/360-Kamera\/Skinn\/SoV-D\u00e4ck\/V\u00e4rmare\" class=\"loop-main-image\" width=\"1024\" height=\"768\" src=\"https:\/\/www.niemibil.se\/wp-content\/uploads\/images\/ads\/2639220\/f760174b-235d-486c-e616-0000d1e53461\" loading=\"lazy\" data-no-translation><img loading=\"lazy\" decoding=\"async\" alt=\"Maxus Euniq 6 70 kWh Panorama\/360-Kamera\/Skinn\/SoV-D\u00e4ck\/V\u00e4rmare bakifr\u00e5n\" class=\"loop-secondary-image\" width=\"1024\" height=\"768\" src=\"https:\/\/www.niemibil.se\/wp-content\/uploads\/images\/ads\/2639220\/b8445a11-3799-15b4-b1c9-00005577dbd9\"><span class=\"loop-read-more\"> Read more \u203a\u203a <\/span><\/a><svg data-no-translation style=\"margin-bottom: 6px;\" xmlns=\"http:\/\/www.w3.org\/2000\/svg\" width=\"12.427\" height=\"16.72\" viewbox=\"0 0 12.427 16.72\">\n  <path id=\"Path_5\" data-name=\"Path 5\" d=\"M75.322,129.667a6.22,6.22,0,0,0-7.438,6.1,5.834,5.834,0,0,0,.205,1.57,6.144,6.144,0,0,0,.288.855l.723,1.249,3.413,5.916a1.83,1.83,0,0,0,3.17,0l3.387-5.867.773-1.34a5.527,5.527,0,0,0,.263-.814,5.676,5.676,0,0,0,.2-1.261A6.255,6.255,0,0,0,75.322,129.667Zm-1.223,8.68a2.583,2.583,0,1,1,2.59-2.583A2.584,2.584,0,0,1,74.1,138.346Z\" transform=\"translate(-67.884 -129.55)\" fill=\"#3d91d9\"\/>\n<\/svg><span class=\"car-location\" data-no-translation>LULE\u00c5 &#8211; BANV\u00c4GEN 7B<\/span><a href=\"https:\/\/www.niemibil.se\/en\/object\/maxus-euniq-6-70-kwh-panorama-360-camera-skin-sleep-tire-warmer\/\"><\/p>\n<h3>Maxus Euniq 6 70 kWh Panorama\/360 Camera\/Leather\/SoV Tires\/Heater<\/h3>\n<p><\/a><span class=\"yearmodel\" data-no-translation=\"\">2022<\/span> | <span class=\"miles\" data-no-translation=\"\">3114 mil<\/span> | <span class=\"term-vaxellada\">Automatic<\/span> | <span class=\"term-drivmedel\">El<\/span><\/p>\n<div class=\"data-type-object data-type-object-id-2639220\" interest-rate=\"8.95\" data-price=\"229900\" data-wp-id=\"2639220\" data-no-translation><span class=\"price-sek price-large price-total price-total-large\" data-price=\"229900\">229 900 kr<\/span><span class=\"price-sek price-large price-monthly price-monthly-large\">3 832 kr\/m\u00e5n<\/span><span class=\"price-sek price-small price-total price-total-small\"><span>Kontant<\/span> 229 900 kr<\/span><span class=\"price-sek price-small price-monthly price-monthly-small\"><span>eller<\/span> 3 832 kr\/m\u00e5n<\/span><\/div>\n\t\t<\/div>\n\t\t\t\t<\/div>\n\t\t\t\t<\/article>\n\t\t\t\t<article class=\"elementor-post elementor-grid-item post-2631291 objekt type-objekt status-publish format-standard hentry fordonstyp-kombi drivmedel-bensin vaxellada-automatisk bilmarke-seat farg-bla bilhall-spantgatan-8 ort-lulea\" role=\"listitem\">\n\t\t\t\t<div class=\"elementor-post__text\">\n\t\t\t\t<div class=\"elementor-post__excerpt\">\n\t\t\t<p><a class=\"loop-main-link\" href=\"https:\/\/www.niemibil.se\/en\/object\/seat-leon-st-cupra-st-2-0-tsi-290hk-mok-sov-alcantara-psens\/\"><img decoding=\"async\" alt=\"Seat Leon ST Cupra ST 2.0 TSI 290hk Aut MoK\/SoV\/Alcantara\" class=\"loop-main-image\" width=\"1024\" height=\"768\" src=\"https:\/\/www.niemibil.se\/wp-content\/uploads\/images\/ads\/2631291\/9b20c14d-3b28-d049-0b74-00009a5ac9a8\" loading=\"lazy\" data-no-translation><img loading=\"lazy\" decoding=\"async\" alt=\"Seat Leon ST Cupra ST 2.0 TSI 290hk Aut MoK\/SoV\/Alcantara bakifr\u00e5n\" class=\"loop-secondary-image\" width=\"1024\" height=\"768\" src=\"https:\/\/www.niemibil.se\/wp-content\/uploads\/images\/ads\/2631291\/5693b2dc-b7c1-e43b-8bae-000057ffd14b\"><span class=\"loop-read-more\"> Read more \u203a\u203a <\/span><\/a><svg data-no-translation style=\"margin-bottom: 6px;\" xmlns=\"http:\/\/www.w3.org\/2000\/svg\" width=\"12.427\" height=\"16.72\" viewbox=\"0 0 12.427 16.72\">\n  <path id=\"Path_5\" data-name=\"Path 5\" d=\"M75.322,129.667a6.22,6.22,0,0,0-7.438,6.1,5.834,5.834,0,0,0,.205,1.57,6.144,6.144,0,0,0,.288.855l.723,1.249,3.413,5.916a1.83,1.83,0,0,0,3.17,0l3.387-5.867.773-1.34a5.527,5.527,0,0,0,.263-.814,5.676,5.676,0,0,0,.2-1.261A6.255,6.255,0,0,0,75.322,129.667Zm-1.223,8.68a2.583,2.583,0,1,1,2.59-2.583A2.584,2.584,0,0,1,74.1,138.346Z\" transform=\"translate(-67.884 -129.55)\" fill=\"#3d91d9\"\/>\n<\/svg><span class=\"car-location\" data-no-translation>LULE\u00c5 &#8211; SPANTGATAN 8<\/span><a href=\"https:\/\/www.niemibil.se\/en\/object\/seat-leon-st-cupra-st-2-0-tsi-290hk-mok-sov-alcantara-psens\/\"><\/p>\n<h3>Seat Leon ST Cupra ST 2.0 TSI 290hp Aut MoK\/SoV\/Alcantara<\/h3>\n<p><\/a><span class=\"yearmodel\" data-no-translation=\"\">2016<\/span> | <span class=\"miles\" data-no-translation=\"\">8908 mil<\/span> | <span class=\"term-vaxellada\">Automatic<\/span> | <span class=\"term-drivmedel\">Petrol<\/span><\/p>\n<div class=\"data-type-object data-type-object-id-2631291\" interest-rate=\"8.95\" data-price=\"199900\" data-wp-id=\"2631291\" data-no-translation><span class=\"price-sek price-large price-total price-total-large\" data-price=\"199900\">199 900 kr<\/span><span class=\"price-sek price-large price-monthly price-monthly-large\">3 332 kr\/m\u00e5n<\/span><span class=\"price-sek price-small price-total price-total-small\"><span>Kontant<\/span> 199 900 kr<\/span><span class=\"price-sek price-small price-monthly price-monthly-small\"><span>eller<\/span> 3 332 kr\/m\u00e5n<\/span><\/div>\n\t\t<\/div>\n\t\t\t\t<\/div>\n\t\t\t\t<\/article>\n\t\t\t\t<article class=\"elementor-post elementor-grid-item post-2639822 objekt type-objekt status-publish format-standard hentry fordonstyp-minibuss drivmedel-diesel vaxellada-automatisk bilmarke-volkswagen farg-vit bilhall-lulea-banvagen-7b egenskap-awd egenskap-dragkrok egenskap-motorvarmare ort-lulea\" role=\"listitem\">\n\t\t\t\t<div class=\"elementor-post__text\">\n\t\t\t\t<div class=\"elementor-post__excerpt\">\n\t\t\t<p><a class=\"loop-main-link\" href=\"https:\/\/www.niemibil.se\/en\/object\/volkswagen-sharan-7-seater-2-0-tdi-4motion-gt-kamera-p-varm-sov-dack-acc\/\"><img decoding=\"async\" alt=\"Volkswagen Sharan 7-sits 2.0 TDI 4Motion Kamera\/P-V\u00e4rm\/SoV-D\u00e4ck\/M-V\u00e4rm\" class=\"loop-main-image\" width=\"1024\" height=\"768\" src=\"https:\/\/www.niemibil.se\/wp-content\/uploads\/images\/ads\/2639822\/3813bc13-dc91-c7ea-a3b8-0000ac97cf38\" loading=\"lazy\" data-no-translation><img loading=\"lazy\" decoding=\"async\" alt=\"Volkswagen Sharan 7-sits 2.0 TDI 4Motion Kamera\/P-V\u00e4rm\/SoV-D\u00e4ck\/M-V\u00e4rm bakifr\u00e5n\" class=\"loop-secondary-image\" width=\"1024\" height=\"768\" src=\"https:\/\/www.niemibil.se\/wp-content\/uploads\/images\/ads\/2639822\/c3bc8ab5-ba7a-511a-3168-0000ef96c710\"><span class=\"loop-read-more\"> Read more \u203a\u203a <\/span><\/a><svg data-no-translation style=\"margin-bottom: 6px;\" xmlns=\"http:\/\/www.w3.org\/2000\/svg\" width=\"12.427\" height=\"16.72\" viewbox=\"0 0 12.427 16.72\">\n  <path id=\"Path_5\" data-name=\"Path 5\" d=\"M75.322,129.667a6.22,6.22,0,0,0-7.438,6.1,5.834,5.834,0,0,0,.205,1.57,6.144,6.144,0,0,0,.288.855l.723,1.249,3.413,5.916a1.83,1.83,0,0,0,3.17,0l3.387-5.867.773-1.34a5.527,5.527,0,0,0,.263-.814,5.676,5.676,0,0,0,.2-1.261A6.255,6.255,0,0,0,75.322,129.667Zm-1.223,8.68a2.583,2.583,0,1,1,2.59-2.583A2.584,2.584,0,0,1,74.1,138.346Z\" transform=\"translate(-67.884 -129.55)\" fill=\"#3d91d9\"\/>\n<\/svg><span class=\"car-location\" data-no-translation>LULE\u00c5 &#8211; BANV\u00c4GEN 7B<\/span><a href=\"https:\/\/www.niemibil.se\/en\/object\/volkswagen-sharan-7-seater-2-0-tdi-4motion-gt-kamera-p-varm-sov-dack-acc\/\"><\/p>\n<h3>Volkswagen Sharan 7-sits 2.0 TDI 4Motion Kamera\/P-V\u00e4rm\/SoV-D\u00e4ck\/M-V\u00e4rm<\/h3>\n<p><\/a><span class=\"yearmodel\" data-no-translation=\"\">2017<\/span> | <span class=\"miles\" data-no-translation=\"\">15902 mil<\/span> | <span class=\"term-vaxellada\">Automatic<\/span> | <span class=\"term-drivmedel\">Diesel<\/span><\/p>\n<div class=\"data-type-object data-type-object-id-2639822\" interest-rate=\"8.95\" data-price=\"219900\" data-wp-id=\"2639822\" data-no-translation><span class=\"price-sek price-large price-total price-total-large\" data-price=\"219900\">219 900 kr<\/span><span class=\"price-sek price-large price-monthly price-monthly-large\">3 665 kr\/m\u00e5n<\/span><span class=\"price-sek price-small price-total price-total-small\"><span>Kontant<\/span> 219 900 kr<\/span><span class=\"price-sek price-small price-monthly price-monthly-small\"><span>eller<\/span> 3 665 kr\/m\u00e5n<\/span><\/div>\n\t\t<\/div>\n\t\t\t\t<\/div>\n\t\t\t\t<\/article>\n\t\t\t\t<\/div>\n\t\t\t\t\t<span class=\"e-load-more-spinner\">\n\t\t\t\t<i aria-hidden=\"true\" class=\"fas fa-spinner\"><\/i>\t\t\t<\/span>\n\t\t\n\t\t\t\t<div class=\"e-load-more-anchor\" data-page=\"1\" data-max-page=\"10\" data-next-page=\"https:\/\/www.niemibil.se\/wp-json\/wp\/v2\/pages\/2050406\/page\/2\/\"><\/div>\n\t\t\t\t<div class=\"elementor-button-wrapper\">\n\t\t\t<a class=\"elementor-button elementor-size-sm\" role=\"button\">\n\t\t\t\t\t\t<span class=\"elementor-button-content-wrapper\">\n\t\t\t\t\t\t\t\t\t<span class=\"elementor-button-text\">Load more<\/span>\n\t\t\t\t\t<\/span>\n\t\t\t\t\t<\/a>\n\t\t<\/div>\n\t\t\t\t<div class=\"e-load-more-message\"><\/div>\n\t\t\t\t\t\t<\/div>\n\t\t\t\t<\/div>\n\t\t\t\t<div class=\"elementor-element elementor-element-caa73bf elementor-widget elementor-widget-spacer\" data-id=\"caa73bf\" data-element_type=\"widget\" data-e-type=\"widget\" data-widget_type=\"spacer.default\">\n\t\t\t\t\t\t\t<div class=\"elementor-spacer\">\n\t\t\t<div class=\"elementor-spacer-inner\"><\/div>\n\t\t<\/div>\n\t\t\t\t\t\t<\/div>\n\t\t\t\t\t<\/div>\n\t\t\t\t<\/div>\n\t\t<div class=\"elementor-element elementor-element-5ff7c19 e-flex e-con-boxed e-con e-parent\" data-id=\"5ff7c19\" data-element_type=\"container\" data-e-type=\"container\">\n\t\t\t\t\t<div class=\"e-con-inner\">\n\t\t<div class=\"elementor-element elementor-element-f64a5a2 e-flex e-con-boxed e-con e-child\" data-id=\"f64a5a2\" data-element_type=\"container\" data-e-type=\"container\">\n\t\t\t\t\t<div class=\"e-con-inner\">\n\t\t\t\t<div class=\"elementor-element elementor-element-bab3ad1 elementor-widget elementor-widget-heading\" data-id=\"bab3ad1\" data-element_type=\"widget\" data-e-type=\"widget\" data-widget_type=\"heading.default\">\n\t\t\t\t\t<h2 class=\"elementor-heading-title elementor-size-default\">Welcome to us in Lule\u00e5<\/h2>\t\t\t\t<\/div>\n\t\t\t\t<div class=\"elementor-element elementor-element-e66cb8d elementor-widget elementor-widget-text-editor\" data-id=\"e66cb8d\" data-element_type=\"widget\" data-e-type=\"widget\" data-widget_type=\"text-editor.default\">\n\t\t\t\t\t\t\t\t\t<p>We have the largest selection of used cars in all of Lule\u00e5. Feel free to visit us, you can find us at Banv\u00e4gen 7B and Spantgatan 8.<\/p><p>Our facilities are located right next to each other, so you can easily check out the entire range.<\/p><p>See our contact details in Lule\u00e5.<\/p>\t\t\t\t\t\t\t\t<\/div>\n\t\t\t\t<div class=\"elementor-element elementor-element-4cec0a7 elementor-align-center elementor-widget elementor-widget-button\" data-id=\"4cec0a7\" data-element_type=\"widget\" data-e-type=\"widget\" data-widget_type=\"button.default\">\n\t\t\t\t\t\t\t\t\t\t<a class=\"elementor-button elementor-button-link elementor-size-sm\" href=\"https:\/\/www.niemibil.se\/en\/facility\/spantgatan-8\/\">\n\t\t\t\t\t\t<span class=\"elementor-button-content-wrapper\">\n\t\t\t\t\t\t\t\t\t<span class=\"elementor-button-text\">Contact us in Lule\u00e5<\/span>\n\t\t\t\t\t<\/span>\n\t\t\t\t\t<\/a>\n\t\t\t\t\t\t\t\t<\/div>\n\t\t\t\t\t<\/div>\n\t\t\t\t<\/div>\n\t\t<div class=\"elementor-element elementor-element-5b23e7c e-con-full e-flex e-con e-child\" data-id=\"5b23e7c\" data-element_type=\"container\" data-e-type=\"container\">\n\t\t\t\t<div class=\"elementor-element elementor-element-7f584b8 elementor-widget elementor-widget-image\" data-id=\"7f584b8\" data-element_type=\"widget\" data-e-type=\"widget\" data-widget_type=\"image.default\">\n\t\t\t\t\t\t\t\t\t\t\t\t\t\t\t<img loading=\"lazy\" decoding=\"async\" width=\"1024\" height=\"743\" src=\"https:\/\/www.niemibil.se\/wp-content\/uploads\/2023\/03\/Niemi-Bil-Begagnat-Vy-over-Spantgatan-8_liten-scaled-1-1024x743.jpg\" class=\"attachment-large size-large wp-image-2030328\" alt=\"Used cars outside Niemi Bil Lule\u00e5\" srcset=\"https:\/\/www.niemibil.se\/wp-content\/uploads\/2023\/03\/Niemi-Bil-Begagnat-Vy-over-Spantgatan-8_liten-scaled-1-1024x743.jpg 1024w, https:\/\/www.niemibil.se\/wp-content\/uploads\/2023\/03\/Niemi-Bil-Begagnat-Vy-over-Spantgatan-8_liten-scaled-1-300x218.jpg 300w, https:\/\/www.niemibil.se\/wp-content\/uploads\/2023\/03\/Niemi-Bil-Begagnat-Vy-over-Spantgatan-8_liten-scaled-1-768x557.jpg 768w, https:\/\/www.niemibil.se\/wp-content\/uploads\/2023\/03\/Niemi-Bil-Begagnat-Vy-over-Spantgatan-8_liten-scaled-1-1536x1114.jpg 1536w, https:\/\/www.niemibil.se\/wp-content\/uploads\/2023\/03\/Niemi-Bil-Begagnat-Vy-over-Spantgatan-8_liten-scaled-1-18x12.jpg 18w, https:\/\/www.niemibil.se\/wp-content\/uploads\/2023\/03\/Niemi-Bil-Begagnat-Vy-over-Spantgatan-8_liten-scaled-1.jpg 1920w\" sizes=\"auto, (max-width: 1024px) 100vw, 1024px\" \/>\t\t\t\t\t\t\t\t\t\t\t\t\t\t\t<\/div>\n\t\t\t\t<\/div>\n\t\t\t\t\t<\/div>\n\t\t\t\t<\/div>\n\t\t<div class=\"elementor-element elementor-element-22b2a96 e-flex e-con-boxed e-con e-parent\" data-id=\"22b2a96\" data-element_type=\"container\" data-e-type=\"container\">\n\t\t\t\t\t<div class=\"e-con-inner\">\n\t\t<div class=\"elementor-element elementor-element-bc72548 e-con-full e-flex e-con e-child\" data-id=\"bc72548\" data-element_type=\"container\" data-e-type=\"container\">\n\t\t\t\t<div class=\"elementor-element elementor-element-bcf63a4 elementor-widget elementor-widget-heading\" data-id=\"bcf63a4\" data-element_type=\"widget\" data-e-type=\"widget\" data-widget_type=\"heading.default\">\n\t\t\t\t\t<h2 class=\"elementor-heading-title elementor-size-large\">Why choose Niemi Bil Lule\u00e5 for your next car purchase?<\/h2>\t\t\t\t<\/div>\n\t\t\t\t<div class=\"elementor-element elementor-element-162b762 elementor-widget elementor-widget-text-editor\" data-id=\"162b762\" data-element_type=\"widget\" data-e-type=\"widget\" data-widget_type=\"text-editor.default\">\n\t\t\t\t\t\t\t\t\t<p class=\"p1\">We go through the cars that are out for sale with us, wash, clean and check function and condition. Sometimes something needs to be replaced before sale - and then our workshop has already arranged it.<\/p><p class=\"p1\">That said \u2013 a used car is a used car. But we do our absolute best to offer you the safest deal possible. You often have better protection when you buy through us than if you buy a car privately.<\/p><p><span style=\"--tw-border-spacing-x: 0; --tw-border-spacing-y: 0; --tw-translate-x: 0; --tw-translate-y: 0; --tw-rotate: 0; --tw-skew-x: 0; --tw-skew-y: 0; --tw-scale-x: 1; --tw-scale-y: 1; --tw-scroll-snap-strictness: proximity; --tw-ring-offset-width: 0px; --tw-ring-offset-color: #fff; --tw-ring-color: rgb(59 130 246 \/ .5); --tw-ring-offset-shadow: 0 0 #0000; --tw-ring-shadow: 0 0 #0000; --tw-shadow: 0 0 #0000; --tw-shadow-colored: 0 0 #0000; text-align: center; color: #ff0000;\"><span style=\"--tw-border-spacing-x: 0; --tw-border-spacing-y: 0; --tw-translate-x: 0; --tw-translate-y: 0; --tw-rotate: 0; --tw-skew-x: 0; --tw-skew-y: 0; --tw-scale-x: 1; --tw-scale-y: 1; --tw-scroll-snap-strictness: proximity; --tw-ring-offset-width: 0px; --tw-ring-offset-color: #fff; --tw-ring-color: rgb(59 130 246 \/ .5); --tw-ring-offset-shadow: 0 0 #0000; --tw-ring-shadow: 0 0 #0000; --tw-shadow: 0 0 #0000; --tw-shadow-colored: 0 0 #0000; font-weight: bolder;\">\u2713<\/span><\/span><span style=\"text-align: center;\"> Road safety guarantee included<br \/><span style=\"--tw-border-spacing-x: 0; --tw-border-spacing-y: 0; --tw-translate-x: 0; --tw-translate-y: 0; --tw-rotate: 0; --tw-skew-x: 0; --tw-skew-y: 0; --tw-scale-x: 1; --tw-scale-y: 1; --tw-scroll-snap-strictness: proximity; --tw-ring-offset-width: 0px; --tw-ring-offset-color: #fff; --tw-ring-color: rgb(59 130 246 \/ .5); --tw-ring-offset-shadow: 0 0 #0000; --tw-ring-shadow: 0 0 #0000; --tw-shadow: 0 0 #0000; --tw-shadow-colored: 0 0 #0000; text-align: center; color: #ff0000;\"><span style=\"--tw-border-spacing-x: 0; --tw-border-spacing-y: 0; --tw-translate-x: 0; --tw-translate-y: 0; --tw-rotate: 0; --tw-skew-x: 0; --tw-skew-y: 0; --tw-scale-x: 1; --tw-scale-y: 1; --tw-scroll-snap-strictness: proximity; --tw-ring-offset-width: 0px; --tw-ring-offset-color: #fff; --tw-ring-color: rgb(59 130 246 \/ .5); --tw-ring-offset-shadow: 0 0 #0000; --tw-ring-shadow: 0 0 #0000; --tw-shadow: 0 0 #0000; --tw-shadow-colored: 0 0 #0000; font-weight: bolder;\">\u2713<\/span><\/span> Choose to: Up to 5 years warranty on used cars<br \/><\/span><span style=\"--tw-border-spacing-x: 0; --tw-border-spacing-y: 0; --tw-translate-x: 0; --tw-translate-y: 0; --tw-rotate: 0; --tw-skew-x: 0; --tw-skew-y: 0; --tw-scale-x: 1; --tw-scale-y: 1; --tw-scroll-snap-strictness: proximity; --tw-ring-offset-width: 0px; --tw-ring-offset-color: #fff; --tw-ring-color: rgb(59 130 246 \/ .5); --tw-ring-offset-shadow: 0 0 #0000; --tw-ring-shadow: 0 0 #0000; --tw-shadow: 0 0 #0000; --tw-shadow-colored: 0 0 #0000; text-align: center; color: #ff0000;\"><span style=\"--tw-border-spacing-x: 0; --tw-border-spacing-y: 0; --tw-translate-x: 0; --tw-translate-y: 0; --tw-rotate: 0; --tw-skew-x: 0; --tw-skew-y: 0; --tw-scale-x: 1; --tw-scale-y: 1; --tw-scroll-snap-strictness: proximity; --tw-ring-offset-width: 0px; --tw-ring-offset-color: #fff; --tw-ring-color: rgb(59 130 246 \/ .5); --tw-ring-offset-shadow: 0 0 #0000; --tw-ring-shadow: 0 0 #0000; --tw-shadow: 0 0 #0000; --tw-shadow-colored: 0 0 #0000; font-weight: bolder;\">\u2713<\/span><\/span><span style=\"text-align: center;\"> We are always just a call away.<br \/><\/span><span style=\"--tw-border-spacing-x: 0; --tw-border-spacing-y: 0; --tw-translate-x: 0; --tw-translate-y: 0; --tw-rotate: 0; --tw-skew-x: 0; --tw-skew-y: 0; --tw-scale-x: 1; --tw-scale-y: 1; --tw-scroll-snap-strictness: proximity; --tw-ring-offset-width: 0px; --tw-ring-offset-color: #fff; --tw-ring-color: rgb(59 130 246 \/ .5); --tw-ring-offset-shadow: 0 0 #0000; --tw-ring-shadow: 0 0 #0000; --tw-shadow: 0 0 #0000; --tw-shadow-colored: 0 0 #0000; text-align: center; color: #ff0000;\"><span style=\"--tw-border-spacing-x: 0; --tw-border-spacing-y: 0; --tw-translate-x: 0; --tw-translate-y: 0; --tw-rotate: 0; --tw-skew-x: 0; --tw-skew-y: 0; --tw-scale-x: 1; --tw-scale-y: 1; --tw-scroll-snap-strictness: proximity; --tw-ring-offset-width: 0px; --tw-ring-offset-color: #fff; --tw-ring-color: rgb(59 130 246 \/ .5); --tw-ring-offset-shadow: 0 0 #0000; --tw-ring-shadow: 0 0 #0000; --tw-shadow: 0 0 #0000; --tw-shadow-colored: 0 0 #0000; font-weight: bolder;\">\u2713<\/span><\/span><span style=\"text-align: center;\"> Chat with us every day<\/span><\/p>\t\t\t\t\t\t\t\t<\/div>\n\t\t\t\t<div class=\"elementor-element elementor-element-810b103 elementor-widget elementor-widget-heading\" data-id=\"810b103\" data-element_type=\"widget\" data-e-type=\"widget\" data-widget_type=\"heading.default\">\n\t\t\t\t\t<h2 class=\"elementor-heading-title elementor-size-large\">Striving for Lule\u00e5&#039;s best customer service<\/h2>\t\t\t\t<\/div>\n\t\t\t\t<div class=\"elementor-element elementor-element-7cfb7e6 elementor-widget elementor-widget-text-editor\" data-id=\"7cfb7e6\" data-element_type=\"widget\" data-e-type=\"widget\" data-widget_type=\"text-editor.default\">\n\t\t\t\t\t\t\t\t\t<p>We believe in hard work. We want to make our customers happy and we know that it takes one hundred percent commitment in every situation to keep that promise.<\/p><p>We believe in honesty. We are a transparent company that maintains an open dialogue with every person who comes to us \u2013 where we want to meet every customer as if they were our only one.<\/p><p>We show consideration. We care about our employees, customers and the Norrland region.<\/p><p>Together we are building Lule\u00e5 into a slightly better place to be.<\/p>\t\t\t\t\t\t\t\t<\/div>\n\t\t\t\t<div class=\"elementor-element elementor-element-9400c3e elementor-widget elementor-widget-heading\" data-id=\"9400c3e\" data-element_type=\"widget\" data-e-type=\"widget\" data-widget_type=\"heading.default\">\n\t\t\t\t\t<h2 class=\"elementor-heading-title elementor-size-large\">Many years of combined experience with used cars in Lule\u00e5<\/h2>\t\t\t\t<\/div>\n\t\t\t\t<div class=\"elementor-element elementor-element-31cc64e elementor-widget elementor-widget-text-editor\" data-id=\"31cc64e\" data-element_type=\"widget\" data-e-type=\"widget\" data-widget_type=\"text-editor.default\">\n\t\t\t\t\t\t\t\t\t<p>Roger Niemi started Niemi Bil in 2006 with a desire to do things differently, to do things better.<\/p><p>The motto &quot;We&#039;ll only do it if we can do it really well&quot; has stuck with us all these years, and we use all the experience we&#039;ve gathered every day to help you get right into your car ownership.<\/p><p>We buy and sell the most cars in Northern Sweden of all brands and price ranges. This has given us a good understanding of most car models, if you tell us about your needs we can certainly give you tips on the right car for you.<\/p>\t\t\t\t\t\t\t\t<\/div>\n\t\t\t\t<div class=\"elementor-element elementor-element-8c51b96 elementor-widget elementor-widget-heading\" data-id=\"8c51b96\" data-element_type=\"widget\" data-e-type=\"widget\" data-widget_type=\"heading.default\">\n\t\t\t\t\t<h2 class=\"elementor-heading-title elementor-size-large\">Customer Reviews: Hear what our Lule\u00e5 customers have to say about Niemi Bil<\/h2>\t\t\t\t<\/div>\n\t\t\t\t<div class=\"elementor-element elementor-element-79c5e28 elementor-widget elementor-widget-text-editor\" data-id=\"79c5e28\" data-element_type=\"widget\" data-e-type=\"widget\" data-widget_type=\"text-editor.default\">\n\t\t\t\t\t\t\t\t\t<p>We strive every day to have the most satisfied customers in the industry. Here are some of our latest reviews in Lule\u00e5:<\/p>\t\t\t\t\t\t\t\t<\/div>\n\t\t\t\t<div class=\"elementor-element elementor-element-2161fb1 elementor-widget elementor-widget-testimonial\" data-id=\"2161fb1\" data-element_type=\"widget\" data-e-type=\"widget\" data-widget_type=\"testimonial.default\">\n\t\t\t\t\t\t\t<div class=\"elementor-testimonial-wrapper\">\n\t\t\t\t\t\t\t<div class=\"elementor-testimonial-content\">&quot;The best cars, the best environment, the best employees - even at the workshop. Fantastically friendly service, no fuss whatsoever about details, workshop with Sweden&#039;s best customer service desk! Highly recommended!&quot;\n<\/div>\n\t\t\t\n\t\t\t\t\t\t<div class=\"elementor-testimonial-meta elementor-has-image elementor-testimonial-image-position-aside\">\n\t\t\t\t<div class=\"elementor-testimonial-meta-inner\">\n\t\t\t\t\t\t\t\t\t\t\t<div class=\"elementor-testimonial-image\">\n\t\t\t\t\t\t\t<img loading=\"lazy\" decoding=\"async\" width=\"1604\" height=\"802\" src=\"https:\/\/www.niemibil.se\/wp-content\/uploads\/2023\/05\/goog.webp\" class=\"attachment-full size-full wp-image-2052478\" alt=\"\" srcset=\"https:\/\/www.niemibil.se\/wp-content\/uploads\/2023\/05\/goog.webp 1604w, https:\/\/www.niemibil.se\/wp-content\/uploads\/2023\/05\/goog-300x150.webp 300w, https:\/\/www.niemibil.se\/wp-content\/uploads\/2023\/05\/goog-1024x512.webp 1024w, https:\/\/www.niemibil.se\/wp-content\/uploads\/2023\/05\/goog-768x384.webp 768w, https:\/\/www.niemibil.se\/wp-content\/uploads\/2023\/05\/goog-1536x768.webp 1536w, https:\/\/www.niemibil.se\/wp-content\/uploads\/2023\/05\/goog-18x9.webp 18w\" sizes=\"auto, (max-width: 1604px) 100vw, 1604px\" \/>\t\t\t\t\t\t<\/div>\n\t\t\t\t\t\n\t\t\t\t\t\t\t\t\t\t<div class=\"elementor-testimonial-details\">\n\t\t\t\t\t\t\t\t\t\t\t\t\t\t<div class=\"elementor-testimonial-name\">Gunnar Lundstrom, Lule\u00e5<\/div>\n\t\t\t\t\t\t\t\t\t\t\t\t\t\t\t\t\t\t\t\t\t\t<div class=\"elementor-testimonial-job\">\u2605\u2605\u2605\u2605\u2605 <\/div>\n\t\t\t\t\t\t\t\t\t\t\t\t\t<\/div>\n\t\t\t\t\t\t\t\t\t<\/div>\n\t\t\t<\/div>\n\t\t\t\t\t<\/div>\n\t\t\t\t\t\t<\/div>\n\t\t\t\t<div class=\"elementor-element elementor-element-cfece00 elementor-widget elementor-widget-testimonial\" data-id=\"cfece00\" data-element_type=\"widget\" data-e-type=\"widget\" data-widget_type=\"testimonial.default\">\n\t\t\t\t\t\t\t<div class=\"elementor-testimonial-wrapper\">\n\t\t\t\t\t\t\t<div class=\"elementor-testimonial-content\">&quot;I have once again chosen Niemi Bil for the family&#039;s car business and we are once again so satisfied with the service and competence that we are met with by &quot;our salesman Oskari. Thank you \/Marcus and family!&quot;\n<\/div>\n\t\t\t\n\t\t\t\t\t\t<div class=\"elementor-testimonial-meta elementor-has-image elementor-testimonial-image-position-aside\">\n\t\t\t\t<div class=\"elementor-testimonial-meta-inner\">\n\t\t\t\t\t\t\t\t\t\t\t<div class=\"elementor-testimonial-image\">\n\t\t\t\t\t\t\t<img loading=\"lazy\" decoding=\"async\" width=\"1604\" height=\"802\" src=\"https:\/\/www.niemibil.se\/wp-content\/uploads\/2023\/05\/goog.webp\" class=\"attachment-full size-full wp-image-2052478\" alt=\"\" srcset=\"https:\/\/www.niemibil.se\/wp-content\/uploads\/2023\/05\/goog.webp 1604w, https:\/\/www.niemibil.se\/wp-content\/uploads\/2023\/05\/goog-300x150.webp 300w, https:\/\/www.niemibil.se\/wp-content\/uploads\/2023\/05\/goog-1024x512.webp 1024w, https:\/\/www.niemibil.se\/wp-content\/uploads\/2023\/05\/goog-768x384.webp 768w, https:\/\/www.niemibil.se\/wp-content\/uploads\/2023\/05\/goog-1536x768.webp 1536w, https:\/\/www.niemibil.se\/wp-content\/uploads\/2023\/05\/goog-18x9.webp 18w\" sizes=\"auto, (max-width: 1604px) 100vw, 1604px\" \/>\t\t\t\t\t\t<\/div>\n\t\t\t\t\t\n\t\t\t\t\t\t\t\t\t\t<div class=\"elementor-testimonial-details\">\n\t\t\t\t\t\t\t\t\t\t\t\t\t\t<div class=\"elementor-testimonial-name\">Marcus Mendes, Lule\u00e5<\/div>\n\t\t\t\t\t\t\t\t\t\t\t\t\t\t\t\t\t\t\t\t\t\t<div class=\"elementor-testimonial-job\">\u2605\u2605\u2605\u2605\u2605<\/div>\n\t\t\t\t\t\t\t\t\t\t\t\t\t<\/div>\n\t\t\t\t\t\t\t\t\t<\/div>\n\t\t\t<\/div>\n\t\t\t\t\t<\/div>\n\t\t\t\t\t\t<\/div>\n\t\t\t\t<div class=\"elementor-element elementor-element-06dee47 elementor-widget elementor-widget-testimonial\" data-id=\"06dee47\" data-element_type=\"widget\" data-e-type=\"widget\" data-widget_type=\"testimonial.default\">\n\t\t\t\t\t\t\t<div class=\"elementor-testimonial-wrapper\">\n\t\t\t\t\t\t\t<div class=\"elementor-testimonial-content\">&quot;I received such great help from Maja, who is a responsive and very knowledgeable salesperson. Nice treatment that resulted in me becoming the owner of my little gem!&quot;\n<\/div>\n\t\t\t\n\t\t\t\t\t\t<div class=\"elementor-testimonial-meta elementor-has-image elementor-testimonial-image-position-aside\">\n\t\t\t\t<div class=\"elementor-testimonial-meta-inner\">\n\t\t\t\t\t\t\t\t\t\t\t<div class=\"elementor-testimonial-image\">\n\t\t\t\t\t\t\t<img loading=\"lazy\" decoding=\"async\" width=\"1604\" height=\"802\" src=\"https:\/\/www.niemibil.se\/wp-content\/uploads\/2023\/05\/goog.webp\" class=\"attachment-full size-full wp-image-2052478\" alt=\"\" srcset=\"https:\/\/www.niemibil.se\/wp-content\/uploads\/2023\/05\/goog.webp 1604w, https:\/\/www.niemibil.se\/wp-content\/uploads\/2023\/05\/goog-300x150.webp 300w, https:\/\/www.niemibil.se\/wp-content\/uploads\/2023\/05\/goog-1024x512.webp 1024w, https:\/\/www.niemibil.se\/wp-content\/uploads\/2023\/05\/goog-768x384.webp 768w, https:\/\/www.niemibil.se\/wp-content\/uploads\/2023\/05\/goog-1536x768.webp 1536w, https:\/\/www.niemibil.se\/wp-content\/uploads\/2023\/05\/goog-18x9.webp 18w\" sizes=\"auto, (max-width: 1604px) 100vw, 1604px\" \/>\t\t\t\t\t\t<\/div>\n\t\t\t\t\t\n\t\t\t\t\t\t\t\t\t\t<div class=\"elementor-testimonial-details\">\n\t\t\t\t\t\t\t\t\t\t\t\t\t\t<div class=\"elementor-testimonial-name\">Anna Karlsson, Lule\u00e5<\/div>\n\t\t\t\t\t\t\t\t\t\t\t\t\t\t\t\t\t\t\t\t\t\t<div class=\"elementor-testimonial-job\">\u2605\u2605\u2605\u2605\u2605<\/div>\n\t\t\t\t\t\t\t\t\t\t\t\t\t<\/div>\n\t\t\t\t\t\t\t\t\t<\/div>\n\t\t\t<\/div>\n\t\t\t\t\t<\/div>\n\t\t\t\t\t\t<\/div>\n\t\t\t\t<div class=\"elementor-element elementor-element-fe3b78e elementor-widget elementor-widget-text-editor\" data-id=\"fe3b78e\" data-element_type=\"widget\" data-e-type=\"widget\" data-widget_type=\"text-editor.default\">\n\t\t\t\t\t\t\t\t\t<h4>See all our reviews<\/h4><p><a href=\"https:\/\/goo.gl\/maps\/MmXppHgk78qzDPiu7?coh=178571&amp;entry=tt\" rel=\"nofollow noopener\" target=\"_blank\"><span style=\"text-decoration: underline;\">See our latest reviews at Banv\u00e4gen 7 B in Lule\u00e5<\/span><\/a><\/p><p><a href=\"https:\/\/goo.gl\/maps\/poDJThPcHFm9CVxj7?coh=178571&amp;entry=tt\" rel=\"nofollow noopener\" target=\"_blank\"><span style=\"text-decoration: underline;\">See our latest reviews at Spantgatan 8 in Lule\u00e5<\/span><\/a><\/p>\t\t\t\t\t\t\t\t<\/div>\n\t\t\t\t<div class=\"elementor-element elementor-element-d5e7bb3 elementor-widget elementor-widget-spacer\" data-id=\"d5e7bb3\" data-element_type=\"widget\" data-e-type=\"widget\" data-widget_type=\"spacer.default\">\n\t\t\t\t\t\t\t<div class=\"elementor-spacer\">\n\t\t\t<div class=\"elementor-spacer-inner\"><\/div>\n\t\t<\/div>\n\t\t\t\t\t\t<\/div>\n\t\t\t\t<div class=\"elementor-element elementor-element-6c842f0 elementor-widget elementor-widget-heading\" data-id=\"6c842f0\" data-element_type=\"widget\" data-e-type=\"widget\" data-widget_type=\"heading.default\">\n\t\t\t\t\t<h2 class=\"elementor-heading-title elementor-size-large\">Frequently asked questions about used cars from Niemi Bil in Lule\u00e5<\/h2>\t\t\t\t<\/div>\n\t\t\t\t<div class=\"elementor-element elementor-element-5348f66 elementor-widget elementor-widget-text-editor\" data-id=\"5348f66\" data-element_type=\"widget\" data-e-type=\"widget\" data-widget_type=\"text-editor.default\">\n\t\t\t\t\t\t\t\t\t<p>We help Lule\u00e5 residents with their car ownership every day. Here are some of the most common questions we often get.<\/p>\t\t\t\t\t\t\t\t<\/div>\n\t\t\t\t<div class=\"elementor-element elementor-element-79d07d5 elementor-widget elementor-widget-shortcode\" data-id=\"79d07d5\" data-element_type=\"widget\" data-e-type=\"widget\" data-widget_type=\"shortcode.default\">\n\t\t\t\t\t\t\t<div class=\"elementor-shortcode\"><div class=\"accordion accordion-flush mt-0\" id=\"vanliga-fragor\"><div class=\"accordion-item\"><h3 class=\"accordion-header\" id=\"flush-heading-0\"><button style=\"border-bottom: 1px solid #eee; outline: 0; box-shadow: unset;\" class=\"accordion-button collapsed px-2\" type=\"button\" data-bs-toggle=\"collapse\" data-bs-target=\"#flush-collapse-0\" aria-expanded=\"false\" aria-controls=\"flush-collapse-0\">What happens when I have contacted you?<\/button><\/h3><div id=\"flush-collapse-0\" class=\"accordion-collapse collapse\" aria-labelledby=\"flush-heading-0\" data-bs-parent=\"#vanliga-fragor\"><div class=\"accordion-body\"><p>We will contact you as soon as we can and tell you more about the car and answer all your questions. Then you have to think about whether you want to make a deal or not. You decide that yourself \ud83d\ude42<\/p>\n<\/div><\/div><\/div><div class=\"accordion-item\"><h3 class=\"accordion-header\" id=\"flush-heading-1\"><button style=\"border-bottom: 1px solid #eee; outline: 0; box-shadow: unset;\" class=\"accordion-button collapsed px-2\" type=\"button\" data-bs-toggle=\"collapse\" data-bs-target=\"#flush-collapse-1\" aria-expanded=\"false\" aria-controls=\"flush-collapse-1\">Do you have a warranty on used cars?<\/button><\/h3><div id=\"flush-collapse-1\" class=\"accordion-collapse collapse\" aria-labelledby=\"flush-heading-1\" data-bs-parent=\"#vanliga-fragor\"><div class=\"accordion-body\"><p class=\"p1\">Yes \u2013 we always offer our basic road safety guarantee when you buy your used car from us. It generally applies for at least 1 month after your purchase, but can also be for a longer period depending on the model year and mileage.<\/p>\n<p>In addition to it, you can add<strong> warranty for up to five years<\/strong> on our used cars. Many people change cars more often than that - which means that the warranty could apply throughout your car ownership.<\/p>\n<p>Many of our cars also have a few years left in their new car warranty - which comes with it even though the car is used and gives you as a new owner extra protection.<\/p>\n<p class=\"p1\">Feel free to ask us what applies to the car you are interested in and we will tell you more.<\/p>\n<p class=\"p2\"><strong><span style=\"text-decoration: underline;\"><span class=\"s1\"><a href=\"https:\/\/www.niemibil.se\/en\/guarantee-and-security\/\">Read more about our guarantees here!<\/a><\/span><\/span><\/strong><\/p>\n<\/div><\/div><\/div><div class=\"accordion-item\"><h3 class=\"accordion-header\" id=\"flush-heading-2\"><button style=\"border-bottom: 1px solid #eee; outline: 0; box-shadow: unset;\" class=\"accordion-button collapsed px-2\" type=\"button\" data-bs-toggle=\"collapse\" data-bs-target=\"#flush-collapse-2\" aria-expanded=\"false\" aria-controls=\"flush-collapse-2\">Can I test drive the car?<\/button><\/h3><div id=\"flush-collapse-2\" class=\"accordion-collapse collapse\" aria-labelledby=\"flush-heading-2\" data-bs-parent=\"#vanliga-fragor\"><div class=\"accordion-body\"><p class=\"p1\">Sure! Send us a message here and we&#039;ll be in touch. Or call us at <span style=\"text-decoration: underline;\"><strong><a href=\"tel:0920230088\">0920-23 00 88<\/a>.<\/strong><\/span><\/p>\n<p class=\"p1\">Of course, you can also just show up with us. You can find the address to the garage up\/down here. \ud83d\ude42<\/p>\n<\/div><\/div><\/div><div class=\"accordion-item\"><h3 class=\"accordion-header\" id=\"flush-heading-3\"><button style=\"border-bottom: 1px solid #eee; outline: 0; box-shadow: unset;\" class=\"accordion-button collapsed px-2\" type=\"button\" data-bs-toggle=\"collapse\" data-bs-target=\"#flush-collapse-3\" aria-expanded=\"false\" aria-controls=\"flush-collapse-3\">I live far away, can I still buy my car from you?<\/button><\/h3><div id=\"flush-collapse-3\" class=\"accordion-collapse collapse\" aria-labelledby=\"flush-heading-3\" data-bs-parent=\"#vanliga-fragor\"><div class=\"accordion-body\"><p class=\"p1\">We sell cars all over Sweden - so the answer is yes! We also always offer home delivery to your door. Do you want to make a trade-in? Then of course we will pick up your previous car. \ud83d\ude42<\/p>\n<p class=\"p2\"><strong><span style=\"text-decoration: underline;\"><span class=\"s2\"><a href=\"https:\/\/www.niemibil.se\/en\/home-delivery-throughout-sweden\/\">Read more about our home delivery here<\/a><\/span><span class=\"s3\"><span class=\"Apple-converted-space\">\u00a0<\/span><\/span><\/span><\/strong><\/p>\n<p><iframe loading=\"lazy\" title=\"Home delivery throughout Sweden\" width=\"563\" height=\"1000\" src=\"https:\/\/www.youtube.com\/embed\/l-QF4uC1I6A?feature=oembed\" frameborder=\"0\" allow=\"accelerometer; autoplay; clipboard-write; encrypted-media; gyroscope; picture-in-picture; web-share\" referrerpolicy=\"strict-origin-when-cross-origin\" allowfullscreen><\/iframe><\/p>\n<\/div><\/div><\/div><div class=\"accordion-item\"><h3 class=\"accordion-header\" id=\"flush-heading-4\"><button style=\"border-bottom: 1px solid #eee; outline: 0; box-shadow: unset;\" class=\"accordion-button collapsed px-2\" type=\"button\" data-bs-toggle=\"collapse\" data-bs-target=\"#flush-collapse-4\" aria-expanded=\"false\" aria-controls=\"flush-collapse-4\">Do you offer digital viewing?<\/button><\/h3><div id=\"flush-collapse-4\" class=\"accordion-collapse collapse\" aria-labelledby=\"flush-heading-4\" data-bs-parent=\"#vanliga-fragor\"><div class=\"accordion-body\"><p>We are happy to do a digital viewing and tell you more about the car - when it suits you. Contact us via the form and we will set up a time together.<\/p>\n<\/div><\/div><\/div><div class=\"accordion-item\"><h3 class=\"accordion-header\" id=\"flush-heading-5\"><button style=\"border-bottom: 1px solid #eee; outline: 0; box-shadow: unset;\" class=\"accordion-button collapsed px-2\" type=\"button\" data-bs-toggle=\"collapse\" data-bs-target=\"#flush-collapse-5\" aria-expanded=\"false\" aria-controls=\"flush-collapse-5\">How do I pay for my car? <\/button><\/h3><div id=\"flush-collapse-5\" class=\"accordion-collapse collapse\" aria-labelledby=\"flush-heading-5\" data-bs-parent=\"#vanliga-fragor\"><div class=\"accordion-body\"><p>You can pay for the car directly in connection with the deal, or choose to split the payment between 12 - 84 months. Try the calculator on this page and you will see your estimated monthly cost.<\/p>\n<p><strong>You can pay in the following ways:<\/strong><\/p>\n<ul>\n<li>Installment with cash deposit<\/li>\n<li>Installment without cash deposit<\/li>\n<li>Direct payment when purchasing via bank transfer or Swish<\/li>\n<\/ul>\n<p>&nbsp;<\/p>\n<\/div><\/div><\/div><div class=\"accordion-item\"><h3 class=\"accordion-header\" id=\"flush-heading-6\"><button style=\"border-bottom: 1px solid #eee; outline: 0; box-shadow: unset;\" class=\"accordion-button collapsed px-2\" type=\"button\" data-bs-toggle=\"collapse\" data-bs-target=\"#flush-collapse-6\" aria-expanded=\"false\" aria-controls=\"flush-collapse-6\">Can you help with financing?<\/button><\/h3><div id=\"flush-collapse-6\" class=\"accordion-collapse collapse\" aria-labelledby=\"flush-heading-6\" data-bs-parent=\"#vanliga-fragor\"><div class=\"accordion-body\"><p class=\"p1\">We are happy to help with financing according to your wishes. <strong><span style=\"text-decoration: underline;\"><a href=\"https:\/\/www.niemibil.se\/en\/car-financing\/\"><span class=\"s1\">Read more about it here<\/span><\/a>.<span class=\"Apple-converted-space\">\u00a0<\/span><\/span><\/strong><\/p>\n<\/div><\/div><\/div><div class=\"accordion-item\"><h3 class=\"accordion-header\" id=\"flush-heading-7\"><button style=\"border-bottom: 1px solid #eee; outline: 0; box-shadow: unset;\" class=\"accordion-button collapsed px-2\" type=\"button\" data-bs-toggle=\"collapse\" data-bs-target=\"#flush-collapse-7\" aria-expanded=\"false\" aria-controls=\"flush-collapse-7\">Are winter tires and other equipment included in the purchase?<\/button><\/h3><div id=\"flush-collapse-7\" class=\"accordion-collapse collapse\" aria-labelledby=\"flush-heading-7\" data-bs-parent=\"#vanliga-fragor\"><div class=\"accordion-body\"><p class=\"p1\">We have listed all the equipment that is included above! Are you curious about something else? Feel free to get in touch, and we&#039;ll see if we can solve it. \ud83d\ude42<\/p>\n<\/div><\/div><\/div><div class=\"accordion-item\"><h3 class=\"accordion-header\" id=\"flush-heading-8\"><button style=\"border-bottom: 1px solid #eee; outline: 0; box-shadow: unset;\" class=\"accordion-button collapsed px-2\" type=\"button\" data-bs-toggle=\"collapse\" data-bs-target=\"#flush-collapse-8\" aria-expanded=\"false\" aria-controls=\"flush-collapse-8\">What are the advantages of buying a used car from you?<\/button><\/h3><div id=\"flush-collapse-8\" class=\"accordion-collapse collapse\" aria-labelledby=\"flush-heading-8\" data-bs-parent=\"#vanliga-fragor\"><div class=\"accordion-body\"><p class=\"p1\">We go through the cars that are out for sale with us, wash, clean and check function and condition. Sometimes something needs to be replaced before sale - and then our workshop has already arranged it.<\/p>\n<p class=\"p1\">In addition, we offer a warranty on all our used cars. <strong><span style=\"text-decoration: underline;\"><a href=\"https:\/\/www.niemibil.se\/en\/guarantee-and-security\/\"><span class=\"s1\">Read more about it here<\/span><\/a>.<\/span><\/strong><\/p>\n<p class=\"p1\">Having said that \u2013 a used car is a used car. But we do our absolute best to offer you as safe a deal as possible. You also often have better protection when you shop through us than if you buy a car privately.<\/p>\n<\/div><\/div><\/div><div class=\"accordion-item\"><h3 class=\"accordion-header\" id=\"flush-heading-9\"><button style=\"border-bottom: 1px solid #eee; outline: 0; box-shadow: unset;\" class=\"accordion-button collapsed px-2\" type=\"button\" data-bs-toggle=\"collapse\" data-bs-target=\"#flush-collapse-9\" aria-expanded=\"false\" aria-controls=\"flush-collapse-9\">I am looking for a specific model. Can you let me know when you have it in stock?<\/button><\/h3><div id=\"flush-collapse-9\" class=\"accordion-collapse collapse\" aria-labelledby=\"flush-heading-9\" data-bs-parent=\"#vanliga-fragor\"><div class=\"accordion-body\"><p>If you are looking for a specific model or brand, you can easily monitor a search with us!<br \/>\n1. Enter our used cars.<br \/>\n2. Search for the model or car brand you are interested in.<br \/>\n3. Press the &quot;Monitor search&quot; button.<br \/>\n4. Fill in your email and confirm.<\/p>\n<p>Clear!<\/p>\n<p>As soon as we receive a car that matches your search, you will receive an email. Of course, you can unregister whenever you want.<\/p>\n<p>You can also get in touch with your wishes and we will recommend cars in stock that suit you.<br \/>\nCall us at <span style=\"text-decoration: underline;\"><strong><a href=\"tel:0920-230088.\">0920- 23 00 88<\/a><\/strong><\/span>.<\/p>\n<\/div><\/div><\/div><\/div><\/div>\n\t\t\t\t\t\t<\/div>\n\t\t\t\t<\/div>\n\t\t<div class=\"elementor-element elementor-element-fcb86ba e-con-full e-flex e-con e-child\" data-id=\"fcb86ba\" data-element_type=\"container\" data-e-type=\"container\">\n\t\t\t\t<div class=\"elementor-element elementor-element-6e7721b elementor-widget elementor-widget-google_maps\" data-id=\"6e7721b\" data-element_type=\"widget\" data-e-type=\"widget\" data-widget_type=\"google_maps.default\">\n\t\t\t\t\t\t\t<div class=\"elementor-custom-embed\">\n\t\t\t<iframe loading=\"lazy\"\n\t\t\t\t\tsrc=\"https:\/\/maps.google.com\/maps?q=Niemi%20bil%20begagnat&#038;t=m&#038;z=11&#038;output=embed&#038;iwloc=near\"\n\t\t\t\t\ttitle=\"Niemi used car\"\n\t\t\t\t\taria-label=\"Niemi used car\"\n\t\t\t><\/iframe>\n\t\t<\/div>\n\t\t\t\t\t\t<\/div>\n\t\t\t\t<\/div>\n\t\t\t\t\t<\/div>\n\t\t\t\t<\/div>\n\t\t<div class=\"elementor-element elementor-element-07811d6 e-flex e-con-boxed e-con e-parent\" data-id=\"07811d6\" data-element_type=\"container\" data-e-type=\"container\">\n\t\t\t\t\t<div class=\"e-con-inner\">\n\t\t\t\t<div class=\"elementor-element elementor-element-76e82be elementor-widget elementor-widget-spacer\" data-id=\"76e82be\" data-element_type=\"widget\" data-e-type=\"widget\" data-widget_type=\"spacer.default\">\n\t\t\t\t\t\t\t<div class=\"elementor-spacer\">\n\t\t\t<div class=\"elementor-spacer-inner\"><\/div>\n\t\t<\/div>\n\t\t\t\t\t\t<\/div>\n\t\t\t\t<div class=\"elementor-element elementor-element-e0c7b4d elementor-align-center elementor-widget elementor-widget-button\" data-id=\"e0c7b4d\" data-element_type=\"widget\" data-e-type=\"widget\" data-widget_type=\"button.default\">\n\t\t\t\t\t\t\t\t\t\t<a class=\"elementor-button elementor-button-link elementor-size-sm\" href=\"https:\/\/www.niemibil.se\/en\/used-cars\/\">\n\t\t\t\t\t\t<span class=\"elementor-button-content-wrapper\">\n\t\t\t\t\t\t\t\t\t<span class=\"elementor-button-text\">See all used cars in stock<\/span>\n\t\t\t\t\t<\/span>\n\t\t\t\t\t<\/a>\n\t\t\t\t\t\t\t\t<\/div>\n\t\t\t\t<div class=\"elementor-element elementor-element-22033c1 elementor-widget elementor-widget-spacer\" data-id=\"22033c1\" data-element_type=\"widget\" data-e-type=\"widget\" data-widget_type=\"spacer.default\">\n\t\t\t\t\t\t\t<div class=\"elementor-spacer\">\n\t\t\t<div class=\"elementor-spacer-inner\"><\/div>\n\t\t<\/div>\n\t\t\t\t\t\t<\/div>\n\t\t\t\t\t<\/div>\n\t\t\t\t<\/div>\n\t\t\t\t<\/div>","protected":false},"excerpt":{"rendered":"<p><a class=\"loop-main-link\" href=\"https:\/\/www.niemibil.se\/en\/object\/volkswagen-sharan-7-seater-2-0-tdi-4motion-gt-kamera-p-varm-sov-dack-acc\/\"><img decoding=\"async\" alt=\"Volkswagen Sharan 7-sits 2.0 TDI 4Motion Kamera\/P-V\u00e4rm\/SoV-D\u00e4ck\/M-V\u00e4rm\" class=\"loop-main-image\" width=\"1024\" height=\"768\" src=\"https:\/\/www.niemibil.se\/wp-content\/uploads\/images\/ads\/2639822\/3813bc13-dc91-c7ea-a3b8-0000ac97cf38\" loading=\"lazy\" data-no-translation><img loading=\"lazy\" decoding=\"async\" alt=\"Volkswagen Sharan 7-sits 2.0 TDI 4Motion Kamera\/P-V\u00e4rm\/SoV-D\u00e4ck\/M-V\u00e4rm bakifr\u00e5n\" class=\"loop-secondary-image\" width=\"1024\" height=\"768\" src=\"https:\/\/www.niemibil.se\/wp-content\/uploads\/images\/ads\/2639822\/c3bc8ab5-ba7a-511a-3168-0000ef96c710\"><span class=\"loop-read-more\"> Read more \u203a\u203a <\/span><\/a><svg data-no-translation style=\"margin-bottom: 6px;\" xmlns=\"http:\/\/www.w3.org\/2000\/svg\" width=\"12.427\" height=\"16.72\" viewbox=\"0 0 12.427 16.72\">\n  <path id=\"Path_5\" data-name=\"Path 5\" d=\"M75.322,129.667a6.22,6.22,0,0,0-7.438,6.1,5.834,5.834,0,0,0,.205,1.57,6.144,6.144,0,0,0,.288.855l.723,1.249,3.413,5.916a1.83,1.83,0,0,0,3.17,0l3.387-5.867.773-1.34a5.527,5.527,0,0,0,.263-.814,5.676,5.676,0,0,0,.2-1.261A6.255,6.255,0,0,0,75.322,129.667Zm-1.223,8.68a2.583,2.583,0,1,1,2.59-2.583A2.584,2.584,0,0,1,74.1,138.346Z\" transform=\"translate(-67.884 -129.55)\" fill=\"#3d91d9\"\/>\n<\/svg><span class=\"car-location\" data-no-translation>LULE\u00c5 &#8211; BANV\u00c4GEN 7B<\/span><a href=\"https:\/\/www.niemibil.se\/en\/object\/volkswagen-sharan-7-seater-2-0-tdi-4motion-gt-kamera-p-varm-sov-dack-acc\/\"><\/p>\n<h3>Volkswagen Sharan 7-sits 2.0 TDI 4Motion Kamera\/P-V\u00e4rm\/SoV-D\u00e4ck\/M-V\u00e4rm<\/h3>\n<p><\/a><span class=\"yearmodel\" data-no-translation=\"\">2017<\/span> | <span class=\"miles\" data-no-translation=\"\">15902 mil<\/span> | <span class=\"term-vaxellada\">Automatic<\/span> | <span class=\"term-drivmedel\">Diesel<\/span><\/p>\n<div class=\"data-type-object data-type-object-id-2639822\" interest-rate=\"8.95\" data-price=\"219900\" data-wp-id=\"2639822\" data-no-translation><span class=\"price-sek price-large price-total price-total-large\" data-price=\"219900\">219 900 kr<\/span><span class=\"price-sek price-large price-monthly price-monthly-large\">3 665 kr\/m\u00e5n<\/span><span class=\"price-sek price-small price-total price-total-small\"><span>Kontant<\/span> 219 900 kr<\/span><span class=\"price-sek price-small price-monthly price-monthly-small\"><span>eller<\/span> 3 665 kr\/m\u00e5n<\/span><\/div>","protected":false},"author":1,"featured_media":0,"parent":2146,"menu_order":0,"comment_status":"closed","ping_status":"closed","template":"","meta":{"_acf_changed":false,"footnotes":""},"class_list":["post-2050406","page","type-page","status-publish","hentry"],"acf":[],"_links":{"self":[{"href":"https:\/\/www.niemibil.se\/en\/wp-json\/wp\/v2\/pages\/2050406","targetHints":{"allow":["GET"]}}],"collection":[{"href":"https:\/\/www.niemibil.se\/en\/wp-json\/wp\/v2\/pages"}],"about":[{"href":"https:\/\/www.niemibil.se\/en\/wp-json\/wp\/v2\/types\/page"}],"author":[{"embeddable":true,"href":"https:\/\/www.niemibil.se\/en\/wp-json\/wp\/v2\/users\/1"}],"replies":[{"embeddable":true,"href":"https:\/\/www.niemibil.se\/en\/wp-json\/wp\/v2\/comments?post=2050406"}],"version-history":[{"count":20,"href":"https:\/\/www.niemibil.se\/en\/wp-json\/wp\/v2\/pages\/2050406\/revisions"}],"predecessor-version":[{"id":2180630,"href":"https:\/\/www.niemibil.se\/en\/wp-json\/wp\/v2\/pages\/2050406\/revisions\/2180630"}],"up":[{"embeddable":true,"href":"https:\/\/www.niemibil.se\/en\/wp-json\/wp\/v2\/pages\/2146"}],"wp:attachment":[{"href":"https:\/\/www.niemibil.se\/en\/wp-json\/wp\/v2\/media?parent=2050406"}],"curies":[{"name":"wp","href":"https:\/\/api.w.org\/{rel}","templated":true}]}}